{"id":929,"date":"2021-11-05T10:52:53","date_gmt":"2021-11-05T10:52:53","guid":{"rendered":"https:\/\/swieteniemcy.pl\/?page_id=929"},"modified":"2021-11-12T11:57:11","modified_gmt":"2021-11-12T11:57:11","slug":"929-2","status":"publish","type":"page","link":"https:\/\/varia.swieteniemcy.pl\/index.php\/929-2\/","title":{"rendered":"Errata"},"content":{"rendered":"<p>[et_pb_section fb_built=&#8221;1&#8243; _builder_version=&#8221;4.9.7&#8243; _module_preset=&#8221;default&#8221; use_background_color_gradient=&#8221;on&#8221; background_color_gradient_start=&#8221;rgba(255,255,255,0.85)&#8221; background_color_gradient_end=&#8221;rgba(0,0,0,0)&#8221; background_color_gradient_type=&#8221;radial&#8221; background_color_gradient_start_position=&#8221;70%&#8221; background_color_gradient_end_position=&#8221;110%&#8221; min_height=&#8221;417.6px&#8221; custom_margin=&#8221;||-4px|||&#8221; custom_padding=&#8221;38px||0px|1px||&#8221; global_colors_info=&#8221;{}&#8221;][et_pb_row column_structure=&#8221;1_4,1_2,1_4&#8243; _builder_version=&#8221;4.9.4&#8243; _module_preset=&#8221;default&#8221; global_colors_info=&#8221;{}&#8221;][et_pb_column type=&#8221;1_4&#8243; _builder_version=&#8221;4.9.4&#8243; _module_preset=&#8221;default&#8221; global_colors_info=&#8221;{}&#8221;][et_pb_image src=&#8221;https:\/\/varia.swieteniemcy.pl\/wp-content\/uploads\/2021\/05\/Swiete-Niemcy-Godlo-w-herbie-biale.png&#8221; title_text=&#8221;Swiete Niemcy &#8211; Godlo w herbie &#8211; biale&#8221; _builder_version=&#8221;4.9.5&#8243; _module_preset=&#8221;default&#8221; width=&#8221;69.7%&#8221; custom_margin=&#8221;||0px|||&#8221; custom_padding=&#8221;|0px||||&#8221; global_colors_info=&#8221;{}&#8221;][\/et_pb_image][\/et_pb_column][et_pb_column type=&#8221;1_2&#8243; _builder_version=&#8221;4.9.4&#8243; _module_preset=&#8221;default&#8221; global_colors_info=&#8221;{}&#8221;][et_pb_text _builder_version=&#8221;4.9.5&#8243; _module_preset=&#8221;default&#8221; min_height=&#8221;96px&#8221; custom_margin=&#8221;25px||25px||true|false&#8221; custom_padding=&#8221;||25px|||&#8221; global_colors_info=&#8221;{}&#8221;]<\/p>\n<h1 style=\"text-align: center;\"><strong>\u015awi\u0119te Niemcy<\/strong><\/h1>\n<p>[\/et_pb_text][\/et_pb_column][et_pb_column type=&#8221;1_4&#8243; _builder_version=&#8221;4.9.4&#8243; _module_preset=&#8221;default&#8221; global_colors_info=&#8221;{}&#8221;][et_pb_image src=&#8221;https:\/\/varia.swieteniemcy.pl\/wp-content\/uploads\/2021\/05\/Swiete-Niemcy-Godlo-w-herbie-biale.png&#8221; title_text=&#8221;Swiete Niemcy &#8211; Godlo w herbie &#8211; biale&#8221; _builder_version=&#8221;4.9.4&#8243; _module_preset=&#8221;default&#8221; width=&#8221;69.2%&#8221; global_colors_info=&#8221;{}&#8221;][\/et_pb_image][\/et_pb_column][\/et_pb_row][et_pb_row column_structure=&#8221;1_4,1_2,1_4&#8243; _builder_version=&#8221;4.9.4&#8243; _module_preset=&#8221;default&#8221; global_colors_info=&#8221;{}&#8221;][et_pb_column type=&#8221;1_4&#8243; _builder_version=&#8221;4.9.4&#8243; _module_preset=&#8221;default&#8221; global_colors_info=&#8221;{}&#8221;][\/et_pb_column][et_pb_column type=&#8221;1_2&#8243; _builder_version=&#8221;4.9.4&#8243; _module_preset=&#8221;default&#8221; global_colors_info=&#8221;{}&#8221;][et_pb_text _builder_version=&#8221;4.13.0&#8243; _module_preset=&#8221;default&#8221; use_background_color_gradient=&#8221;on&#8221; background_color_gradient_start=&#8221;#0ad882&#8243; background_color_gradient_end=&#8221;rgba(0,0,0,0)&#8221; background_color_gradient_type=&#8221;radial&#8221; background_color_gradient_start_position=&#8221;58%&#8221; background_color_gradient_end_position=&#8221;85%&#8221; custom_padding=&#8221;15px||10px||false|false&#8221; text_text_shadow_style=&#8221;preset1&#8243; text_text_shadow_color=&#8221;#efefef&#8221; global_colors_info=&#8221;{}&#8221;]<\/p>\n<h1 style=\"text-align: center;\"><strong>Errata<\/strong><\/h1>\n<p>[\/et_pb_text][\/et_pb_column][et_pb_column type=&#8221;1_4&#8243; _builder_version=&#8221;4.9.4&#8243; _module_preset=&#8221;default&#8221; global_colors_info=&#8221;{}&#8221;][\/et_pb_column][\/et_pb_row][et_pb_row _builder_version=&#8221;4.9.4&#8243; _module_preset=&#8221;default&#8221; min_height=&#8221;47.2px&#8221; custom_padding=&#8221;||1px|||&#8221; global_colors_info=&#8221;{}&#8221;][et_pb_column type=&#8221;4_4&#8243; _builder_version=&#8221;4.9.4&#8243; _module_preset=&#8221;default&#8221; global_colors_info=&#8221;{}&#8221;][et_pb_divider _builder_version=&#8221;4.9.4&#8243; _module_preset=&#8221;default&#8221; global_colors_info=&#8221;{}&#8221;][\/et_pb_divider][\/et_pb_column][\/et_pb_row][\/et_pb_section][et_pb_section fb_built=&#8221;1&#8243; admin_label=&#8221;Postacie lista&#8221; _builder_version=&#8221;4.9.4&#8243; _module_preset=&#8221;default&#8221; custom_padding=&#8221;11px|||||&#8221; global_colors_info=&#8221;{}&#8221;][et_pb_row column_structure=&#8221;1_5,3_5,1_5&#8243; _builder_version=&#8221;4.9.7&#8243; _module_preset=&#8221;default&#8221; use_background_color_gradient=&#8221;on&#8221; background_color_gradient_start=&#8221;rgba(255,255,255,0.75)&#8221; background_color_gradient_end=&#8221;rgba(0,0,0,0)&#8221; background_color_gradient_type=&#8221;radial&#8221; background_color_gradient_start_position=&#8221;75%&#8221; background_color_gradient_end_position=&#8221;125%&#8221; global_colors_info=&#8221;{}&#8221;][et_pb_column type=&#8221;1_5&#8243; _builder_version=&#8221;4.9.5&#8243; _module_preset=&#8221;default&#8221; global_colors_info=&#8221;{}&#8221;][\/et_pb_column][et_pb_column type=&#8221;3_5&#8243; _builder_version=&#8221;4.9.5&#8243; _module_preset=&#8221;default&#8221; global_colors_info=&#8221;{}&#8221;][et_pb_text _builder_version=&#8221;4.13.1&#8243; _module_preset=&#8221;default&#8221; text_line_height=&#8221;2.2em&#8221; header_line_height=&#8221;1.1em&#8221; hover_enabled=&#8221;0&#8243; global_colors_info=&#8221;{}&#8221; sticky_enabled=&#8221;0&#8243;]<\/p>\n<h4>Strona 48 wiersz 3:<\/h4>\n<h4>jest [<strong>zarumienia\u0142a<\/strong>] &gt;&gt; powinno by\u0107 &gt;&gt; [<strong>zarumieni\u0142a<\/strong>]<\/h4>\n<h4><\/h4>\n<p>&nbsp;<\/p>\n<h4>Strona 57 wiersz 2:<\/h4>\n<h4>jest [<strong>kilometr od jego.<\/strong>] &gt;&gt; powinno by\u0107 &gt;&gt; [<strong>kilometr od jego mieszkania<\/strong>.]<\/h4>\n<h4><\/h4>\n<p>&nbsp;<\/p>\n<h4>Strona 82 wiersz 8 od do\u0142u:<\/h4>\n<h4>jest [<strong>liny nikn\u0105ce ciemno\u015bciach<\/strong>] &gt;&gt; powinno by\u0107 &gt;&gt; [<strong>liny nikn\u0105ce w ciemno\u015bciach<\/strong>]<\/h4>\n<h4><\/h4>\n<p>&nbsp;<\/p>\n<h4>Strona 112 wiersz 8 od do\u0142u:<\/h4>\n<h4>jest [<strong>pi\u0119\u0107dziesi\u0105t pi\u0119\u0107<\/strong>] &gt;&gt; powinno by\u0107 &gt;&gt; [<strong>pie\u0107dziesi\u0119ciu pi\u0119ciu<\/strong>]<\/h4>\n<h4><\/h4>\n<p>&nbsp;<\/p>\n<h4>Strona 145 wiersz 5:<\/h4>\n<h4>jest [<strong>matkazgin\u0119\u0142a<\/strong>] &gt;&gt; powinno by\u0107 &gt;&gt; [<strong>matka zgin\u0119\u0142a<\/strong>]<\/h4>\n<h4><\/h4>\n<p>&nbsp;<\/p>\n<h4>Strona 153 wiersz 2:<\/h4>\n<h4>jest [<strong>k\u0142u\u0142y<\/strong>] &gt;&gt; powinno by\u0107 &gt;&gt; [<strong>ku\u0142y<\/strong>]<\/h4>\n<h4><\/h4>\n<p>&nbsp;<\/p>\n<h4>[&#8230;]<\/h4>\n<p>[\/et_pb_text][\/et_pb_column][et_pb_column type=&#8221;1_5&#8243; _builder_version=&#8221;4.9.5&#8243; _module_preset=&#8221;default&#8221; global_colors_info=&#8221;{}&#8221;][\/et_pb_column][\/et_pb_row][et_pb_row _builder_version=&#8221;4.13.0&#8243; _module_preset=&#8221;default&#8221; global_colors_info=&#8221;{}&#8221;][et_pb_column type=&#8221;4_4&#8243; _builder_version=&#8221;4.13.0&#8243; _module_preset=&#8221;default&#8221; global_colors_info=&#8221;{}&#8221;][et_pb_text _builder_version=&#8221;4.13.0&#8243; _module_preset=&#8221;default&#8221; use_background_color_gradient=&#8221;on&#8221; background_color_gradient_start=&#8221;#7cda24&#8243; background_color_gradient_end=&#8221;rgba(0,0,0,0)&#8221; background_color_gradient_type=&#8221;radial&#8221; background_color_gradient_start_position=&#8221;15%&#8221; background_color_gradient_end_position=&#8221;90%&#8221; custom_padding=&#8221;10px||||false|false&#8221; global_colors_info=&#8221;{}&#8221;]<\/p>\n<h4 style=\"text-align: center;\"><strong>Autorzy sk\u0142adaj\u0105 podzi\u0119kowania za dok\u0142adn\u0105 lektur\u0119, mi\u0119dzy innymi Tomaszowi So\u015bnierzowi.<\/strong><\/h4>\n<h4 style=\"text-align: center;\"><strong>Tak trzyma\u0107!<\/strong><\/h4>\n<p>[\/et_pb_text][\/et_pb_column][\/et_pb_row][\/et_pb_section]<\/p>\n","protected":false},"excerpt":{"rendered":"<p>\u015awi\u0119te NiemcyErrataStrona 48 wiersz 3: jest [zarumienia\u0142a] &gt;&gt; powinno by\u0107 &gt;&gt; [zarumieni\u0142a] &nbsp; Strona 57 wiersz 2: jest [kilometr od jego.] &gt;&gt; powinno by\u0107 &gt;&gt; [kilometr od jego mieszkania.] &nbsp; Strona 82 wiersz 8 od do\u0142u: jest [liny nikn\u0105ce ciemno\u015bciach] &gt;&gt; powinno by\u0107 &gt;&gt; [liny nikn\u0105ce w ciemno\u015bciach] &nbsp; Strona 112 wiersz 8 od do\u0142u: [&hellip;]<\/p>\n","protected":false},"author":2,"featured_media":0,"parent":0,"menu_order":0,"comment_status":"closed","ping_status":"closed","template":"","meta":{"_et_pb_use_builder":"on","_et_pb_old_content":"","_et_gb_content_width":"","footnotes":""},"class_list":["post-929","page","type-page","status-publish","hentry"],"yoast_head":"<!-- This site is optimized with the Yoast SEO plugin v27.4 - https:\/\/yoast.com\/product\/yoast-seo-wordpress\/ -->\n<title>Errata - \u015awi\u0119te Niemcy<\/title>\n<meta name=\"robots\" content=\"index, follow, max-snippet:-1, max-image-preview:large, max-video-preview:-1\" \/>\n<link rel=\"canonical\" href=\"https:\/\/varia.swieteniemcy.pl\/index.php\/929-2\/\" \/>\n<meta property=\"og:locale\" content=\"pl_PL\" \/>\n<meta property=\"og:type\" content=\"article\" \/>\n<meta property=\"og:title\" content=\"Errata - \u015awi\u0119te Niemcy\" \/>\n<meta property=\"og:description\" content=\"\u015awi\u0119te NiemcyErrataStrona 48 wiersz 3: jest [zarumienia\u0142a] &gt;&gt; powinno by\u0107 &gt;&gt; [zarumieni\u0142a] &nbsp; Strona 57 wiersz 2: jest [kilometr od jego.] &gt;&gt; powinno by\u0107 &gt;&gt; [kilometr od jego mieszkania.] &nbsp; Strona 82 wiersz 8 od do\u0142u: jest [liny nikn\u0105ce ciemno\u015bciach] &gt;&gt; powinno by\u0107 &gt;&gt; [liny nikn\u0105ce w ciemno\u015bciach] &nbsp; Strona 112 wiersz 8 od do\u0142u: [&hellip;]\" \/>\n<meta property=\"og:url\" content=\"https:\/\/varia.swieteniemcy.pl\/index.php\/929-2\/\" \/>\n<meta property=\"og:site_name\" content=\"\u015awi\u0119te Niemcy\" \/>\n<meta property=\"article:modified_time\" content=\"2021-11-12T11:57:11+00:00\" \/>\n<meta name=\"twitter:card\" content=\"summary_large_image\" \/>\n<meta name=\"twitter:label1\" content=\"Szacowany czas czytania\" \/>\n\t<meta name=\"twitter:data1\" content=\"4 minuty\" \/>\n<script type=\"application\/ld+json\" class=\"yoast-schema-graph\">{\"@context\":\"https:\\\/\\\/schema.org\",\"@graph\":[{\"@type\":\"WebPage\",\"@id\":\"https:\\\/\\\/varia.swieteniemcy.pl\\\/index.php\\\/929-2\\\/\",\"url\":\"https:\\\/\\\/varia.swieteniemcy.pl\\\/index.php\\\/929-2\\\/\",\"name\":\"Errata - \u015awi\u0119te Niemcy\",\"isPartOf\":{\"@id\":\"https:\\\/\\\/varia.swieteniemcy.pl\\\/#website\"},\"datePublished\":\"2021-11-05T10:52:53+00:00\",\"dateModified\":\"2021-11-12T11:57:11+00:00\",\"breadcrumb\":{\"@id\":\"https:\\\/\\\/varia.swieteniemcy.pl\\\/index.php\\\/929-2\\\/#breadcrumb\"},\"inLanguage\":\"pl-PL\",\"potentialAction\":[{\"@type\":\"ReadAction\",\"target\":[\"https:\\\/\\\/varia.swieteniemcy.pl\\\/index.php\\\/929-2\\\/\"]}]},{\"@type\":\"BreadcrumbList\",\"@id\":\"https:\\\/\\\/varia.swieteniemcy.pl\\\/index.php\\\/929-2\\\/#breadcrumb\",\"itemListElement\":[{\"@type\":\"ListItem\",\"position\":1,\"name\":\"Strona g\u0142\u00f3wna\",\"item\":\"https:\\\/\\\/varia.swieteniemcy.pl\\\/\"},{\"@type\":\"ListItem\",\"position\":2,\"name\":\"Errata\"}]},{\"@type\":\"WebSite\",\"@id\":\"https:\\\/\\\/varia.swieteniemcy.pl\\\/#website\",\"url\":\"https:\\\/\\\/varia.swieteniemcy.pl\\\/\",\"name\":\"\u015awi\u0119te Niemcy\",\"description\":\"\u015awi\u0119te Niemcy - powie\u015b\u0107 o IV Rzeszy, kt\u00f3rej terytoria zajmuj\u0105 tak\u017ce obszar dawnej Polski, obecnie zwanej Lechistanem\",\"potentialAction\":[{\"@type\":\"SearchAction\",\"target\":{\"@type\":\"EntryPoint\",\"urlTemplate\":\"https:\\\/\\\/varia.swieteniemcy.pl\\\/?s={search_term_string}\"},\"query-input\":{\"@type\":\"PropertyValueSpecification\",\"valueRequired\":true,\"valueName\":\"search_term_string\"}}],\"inLanguage\":\"pl-PL\"}]}<\/script>\n<!-- \/ Yoast SEO plugin. -->","yoast_head_json":{"title":"Errata - \u015awi\u0119te Niemcy","robots":{"index":"index","follow":"follow","max-snippet":"max-snippet:-1","max-image-preview":"max-image-preview:large","max-video-preview":"max-video-preview:-1"},"canonical":"https:\/\/varia.swieteniemcy.pl\/index.php\/929-2\/","og_locale":"pl_PL","og_type":"article","og_title":"Errata - \u015awi\u0119te Niemcy","og_description":"\u015awi\u0119te NiemcyErrataStrona 48 wiersz 3: jest [zarumienia\u0142a] &gt;&gt; powinno by\u0107 &gt;&gt; [zarumieni\u0142a] &nbsp; Strona 57 wiersz 2: jest [kilometr od jego.] &gt;&gt; powinno by\u0107 &gt;&gt; [kilometr od jego mieszkania.] &nbsp; Strona 82 wiersz 8 od do\u0142u: jest [liny nikn\u0105ce ciemno\u015bciach] &gt;&gt; powinno by\u0107 &gt;&gt; [liny nikn\u0105ce w ciemno\u015bciach] &nbsp; Strona 112 wiersz 8 od do\u0142u: [&hellip;]","og_url":"https:\/\/varia.swieteniemcy.pl\/index.php\/929-2\/","og_site_name":"\u015awi\u0119te Niemcy","article_modified_time":"2021-11-12T11:57:11+00:00","twitter_card":"summary_large_image","twitter_misc":{"Szacowany czas czytania":"4 minuty"},"schema":{"@context":"https:\/\/schema.org","@graph":[{"@type":"WebPage","@id":"https:\/\/varia.swieteniemcy.pl\/index.php\/929-2\/","url":"https:\/\/varia.swieteniemcy.pl\/index.php\/929-2\/","name":"Errata - \u015awi\u0119te Niemcy","isPartOf":{"@id":"https:\/\/varia.swieteniemcy.pl\/#website"},"datePublished":"2021-11-05T10:52:53+00:00","dateModified":"2021-11-12T11:57:11+00:00","breadcrumb":{"@id":"https:\/\/varia.swieteniemcy.pl\/index.php\/929-2\/#breadcrumb"},"inLanguage":"pl-PL","potentialAction":[{"@type":"ReadAction","target":["https:\/\/varia.swieteniemcy.pl\/index.php\/929-2\/"]}]},{"@type":"BreadcrumbList","@id":"https:\/\/varia.swieteniemcy.pl\/index.php\/929-2\/#breadcrumb","itemListElement":[{"@type":"ListItem","position":1,"name":"Strona g\u0142\u00f3wna","item":"https:\/\/varia.swieteniemcy.pl\/"},{"@type":"ListItem","position":2,"name":"Errata"}]},{"@type":"WebSite","@id":"https:\/\/varia.swieteniemcy.pl\/#website","url":"https:\/\/varia.swieteniemcy.pl\/","name":"\u015awi\u0119te Niemcy","description":"\u015awi\u0119te Niemcy - powie\u015b\u0107 o IV Rzeszy, kt\u00f3rej terytoria zajmuj\u0105 tak\u017ce obszar dawnej Polski, obecnie zwanej Lechistanem","potentialAction":[{"@type":"SearchAction","target":{"@type":"EntryPoint","urlTemplate":"https:\/\/varia.swieteniemcy.pl\/?s={search_term_string}"},"query-input":{"@type":"PropertyValueSpecification","valueRequired":true,"valueName":"search_term_string"}}],"inLanguage":"pl-PL"}]}},"_links":{"self":[{"href":"https:\/\/varia.swieteniemcy.pl\/index.php\/wp-json\/wp\/v2\/pages\/929","targetHints":{"allow":["GET"]}}],"collection":[{"href":"https:\/\/varia.swieteniemcy.pl\/index.php\/wp-json\/wp\/v2\/pages"}],"about":[{"href":"https:\/\/varia.swieteniemcy.pl\/index.php\/wp-json\/wp\/v2\/types\/page"}],"author":[{"embeddable":true,"href":"https:\/\/varia.swieteniemcy.pl\/index.php\/wp-json\/wp\/v2\/users\/2"}],"replies":[{"embeddable":true,"href":"https:\/\/varia.swieteniemcy.pl\/index.php\/wp-json\/wp\/v2\/comments?post=929"}],"version-history":[{"count":9,"href":"https:\/\/varia.swieteniemcy.pl\/index.php\/wp-json\/wp\/v2\/pages\/929\/revisions"}],"predecessor-version":[{"id":970,"href":"https:\/\/varia.swieteniemcy.pl\/index.php\/wp-json\/wp\/v2\/pages\/929\/revisions\/970"}],"wp:attachment":[{"href":"https:\/\/varia.swieteniemcy.pl\/index.php\/wp-json\/wp\/v2\/media?parent=929"}],"curies":[{"name":"wp","href":"https:\/\/api.w.org\/{rel}","templated":true}]}}