{"id":451,"date":"2021-06-11T07:57:46","date_gmt":"2021-06-11T07:57:46","guid":{"rendered":"https:\/\/swieteniemcy.pl\/?page_id=451"},"modified":"2021-11-12T17:46:32","modified_gmt":"2021-11-12T17:46:32","slug":"przypisy","status":"publish","type":"page","link":"https:\/\/varia.swieteniemcy.pl\/index.php\/przypisy\/","title":{"rendered":"Przypisy"},"content":{"rendered":"<p>[et_pb_section fb_built=&#8221;1&#8243; _builder_version=&#8221;4.9.7&#8243; _module_preset=&#8221;default&#8221; use_background_color_gradient=&#8221;on&#8221; background_color_gradient_start=&#8221;rgba(255,255,255,0.89)&#8221; background_color_gradient_end=&#8221;rgba(0,0,0,0)&#8221; background_color_gradient_type=&#8221;radial&#8221; background_color_gradient_start_position=&#8221;85%&#8221; min_height=&#8221;417.6px&#8221; custom_margin=&#8221;||-4px|||&#8221; custom_padding=&#8221;38px||0px|1px||&#8221; global_colors_info=&#8221;{}&#8221;][et_pb_row column_structure=&#8221;1_4,1_2,1_4&#8243; _builder_version=&#8221;4.9.4&#8243; _module_preset=&#8221;default&#8221; global_colors_info=&#8221;{}&#8221;][et_pb_column type=&#8221;1_4&#8243; _builder_version=&#8221;4.9.4&#8243; _module_preset=&#8221;default&#8221; global_colors_info=&#8221;{}&#8221;][et_pb_image src=&#8221;https:\/\/varia.swieteniemcy.pl\/wp-content\/uploads\/2021\/05\/Swiete-Niemcy-Godlo-w-herbie-biale.png&#8221; title_text=&#8221;Swiete Niemcy &#8211; Godlo w herbie &#8211; biale&#8221; _builder_version=&#8221;4.9.6&#8243; _module_preset=&#8221;default&#8221; width=&#8221;100%&#8221; custom_margin=&#8221;||0px|||&#8221; custom_padding=&#8221;|0px||||&#8221; global_colors_info=&#8221;{}&#8221;][\/et_pb_image][\/et_pb_column][et_pb_column type=&#8221;1_2&#8243; _builder_version=&#8221;4.9.4&#8243; _module_preset=&#8221;default&#8221; global_colors_info=&#8221;{}&#8221;][et_pb_text _builder_version=&#8221;4.9.5&#8243; _module_preset=&#8221;default&#8221; min_height=&#8221;42px&#8221; custom_margin=&#8221;25px||25px||true|false&#8221; custom_padding=&#8221;||17px|||&#8221; global_colors_info=&#8221;{}&#8221;]<\/p>\n<h1 style=\"text-align: center;\"><strong>\u015awi\u0119te Niemcy<\/strong><\/h1>\n<p>[\/et_pb_text][et_pb_search placeholder=&#8221;Znajd\u017a na stronach&#8221; _builder_version=&#8221;4.9.6&#8243; _module_preset=&#8221;default&#8221; global_colors_info=&#8221;{}&#8221;][\/et_pb_search][\/et_pb_column][et_pb_column type=&#8221;1_4&#8243; _builder_version=&#8221;4.9.4&#8243; _module_preset=&#8221;default&#8221; global_colors_info=&#8221;{}&#8221;][et_pb_image src=&#8221;https:\/\/varia.swieteniemcy.pl\/wp-content\/uploads\/2021\/05\/Swiete-Niemcy-Godlo-w-herbie-biale.png&#8221; title_text=&#8221;Swiete Niemcy &#8211; Godlo w herbie &#8211; biale&#8221; _builder_version=&#8221;4.9.6&#8243; _module_preset=&#8221;default&#8221; width=&#8221;100%&#8221; global_colors_info=&#8221;{}&#8221;][\/et_pb_image][\/et_pb_column][\/et_pb_row][et_pb_row column_structure=&#8221;1_4,1_2,1_4&#8243; _builder_version=&#8221;4.9.4&#8243; _module_preset=&#8221;default&#8221; global_colors_info=&#8221;{}&#8221;][et_pb_column type=&#8221;1_4&#8243; _builder_version=&#8221;4.9.4&#8243; _module_preset=&#8221;default&#8221; global_colors_info=&#8221;{}&#8221;][\/et_pb_column][et_pb_column type=&#8221;1_2&#8243; _builder_version=&#8221;4.9.4&#8243; _module_preset=&#8221;default&#8221; global_colors_info=&#8221;{}&#8221;][et_pb_text _builder_version=&#8221;4.9.6&#8243; _module_preset=&#8221;default&#8221; use_background_color_gradient=&#8221;on&#8221; background_color_gradient_start=&#8221;#0ad882&#8243; background_color_gradient_end=&#8221;rgba(0,0,0,0)&#8221; background_color_gradient_type=&#8221;radial&#8221; background_color_gradient_start_position=&#8221;58%&#8221; background_color_gradient_end_position=&#8221;85%&#8221; custom_padding=&#8221;10px||10px||true|false&#8221; text_text_shadow_style=&#8221;preset1&#8243; text_text_shadow_color=&#8221;#efefef&#8221; global_colors_info=&#8221;{}&#8221;]<\/p>\n<h1 style=\"text-align: center;\"><strong>Przypisy<\/strong><\/h1>\n<p>[\/et_pb_text][\/et_pb_column][et_pb_column type=&#8221;1_4&#8243; _builder_version=&#8221;4.9.4&#8243; _module_preset=&#8221;default&#8221; global_colors_info=&#8221;{}&#8221;][\/et_pb_column][\/et_pb_row][et_pb_row _builder_version=&#8221;4.9.4&#8243; _module_preset=&#8221;default&#8221; min_height=&#8221;47.2px&#8221; custom_padding=&#8221;||1px|||&#8221; global_colors_info=&#8221;{}&#8221;][et_pb_column type=&#8221;4_4&#8243; _builder_version=&#8221;4.9.4&#8243; _module_preset=&#8221;default&#8221; global_colors_info=&#8221;{}&#8221;][et_pb_divider _builder_version=&#8221;4.9.4&#8243; _module_preset=&#8221;default&#8221; global_colors_info=&#8221;{}&#8221;][\/et_pb_divider][\/et_pb_column][\/et_pb_row][\/et_pb_section][et_pb_section fb_built=&#8221;1&#8243; admin_label=&#8221;Postacie lista&#8221; _builder_version=&#8221;4.9.7&#8243; _module_preset=&#8221;default&#8221; background_color=&#8221;rgba(255,255,255,0.63)&#8221; custom_padding=&#8221;11px|||||&#8221; global_colors_info=&#8221;{}&#8221;][et_pb_row _builder_version=&#8221;4.9.6&#8243; _module_preset=&#8221;default&#8221; min_height=&#8221;2453.9px&#8221; custom_padding=&#8221;17px|||||&#8221; global_colors_info=&#8221;{}&#8221;][et_pb_column type=&#8221;4_4&#8243; admin_label=&#8221;Przypisy&#8221; _builder_version=&#8221;4.9.6&#8243; _module_preset=&#8221;default&#8221; global_colors_info=&#8221;{}&#8221;][et_pb_text _builder_version=&#8221;4.13.1&#8243; _module_preset=&#8221;default&#8221; text_line_height=&#8221;2.2em&#8221; header_line_height=&#8221;1.1em&#8221; header_3_line_height=&#8221;1.3em&#8221; custom_padding=&#8221;|||0px||&#8221; global_colors_info=&#8221;{}&#8221;]<\/p>\n<h3 style=\"text-align: justify;\"><span style=\"text-decoration: underline;\"><strong>1:<\/strong><\/span>\u00a0 Inaczej Polak. Termin \u201ePolak\u201d, mimo \u017ce nie by\u0142 nielegalny w \u015awi\u0119tych Niemczech w czasach\u00a0 Adama, nie wyst\u0119powa\u0142 w oficjalnych dokumentach. Podobne sytuacje zdarzaj\u0105 si\u0119 w dziejach \u015bwiata. Przyk\u0142adowo kwestia Kurd\u00f3w w Turcji. Przez d\u0142ugi czas oficjalnie nie by\u0142o ich w tym pa\u0144stwie, nawet w nazwie. Kurd turecki to nie Kurd, ale \u201eTurek Wschodni\u201d lub \u201eTurek G\u00f3rski\u201d.\u00a0 Samo okre\u015blenie jeszcze niedawno by\u0142o nielegalne, podobnie jak pos\u0142ugiwanie si\u0119\u00a0 j\u0119zykiem kurdyjskim.<\/h3>\n<h3>(str. 11)<\/h3>\n<h3><\/h3>\n<h3 style=\"text-align: justify;\"><span style=\"text-decoration: underline;\"><strong>2:<\/strong><\/span> Obywatel (<em>Staatsb\u00fcrger<\/em>), Rezydent (<em>Einwohner<\/em>), Zajmuj\u0105cy (<em>Besetzer<\/em>) \u2013 klasy mieszka\u0144c\u00f3w w\u00a0 \u015awi\u0119tych Niemczech. Obywatelami byli z regu\u0142y Niemcy, Rezydentami \u2013 Lechici (Polacy), Francuzi i inne narody podbite, natomiast Zajmuj\u0105cymi \u2013 \u017bydzi, Cyganie i wszelcy inni, kt\u00f3rzy nie byli elementem po\u017c\u0105danym. Klasy nie by\u0142y ca\u0142kiem zamkni\u0119te, mo\u017cna by\u0142o bowiem by\u0107 zdegradowanym \u2013 z regu\u0142y za czyny wyst\u0119pne, i o wiele rzadziej \u2013 awansowanym.<\/h3>\n<h3>(str. 12)<\/h3>\n<h3><\/h3>\n<h3 style=\"text-align: justify;\"><span style=\"text-decoration: underline;\"><strong>3:<\/strong><\/span> Plan Walkiria \u2013 plan wykorzystany do operacji Walkiria \u2013 najbardziej znanej pr\u00f3by zamachu na Hitlera i przej\u0119cia w\u0142adzy przez ludzi zwi\u0105zanych z pu\u0142kownikiem Clausem Stauffenbergiem\u00a0 w 1944 r.<\/h3>\n<h3 style=\"text-align: justify;\">(str. 13)<\/h3>\n<h3 style=\"text-align: justify;\"><\/h3>\n<h3 style=\"text-align: justify;\"><span style=\"text-decoration: underline;\"><strong>4:<\/strong><\/span> Lechistan \u2013 kraj \/land lechicki, <em>Lechland<\/em> (niem.) \u2013 jeden z land\u00f3w IV Rzeszy, obejmowa\u0142 tereny dawnej Polski do granicy IV Rzeszy na Wi\u015ble. Zarz\u0105dzany obecnie przez SiP (Solidarno\u015b\u0107 i Post\u0119p). Nazwa nadana przez IV Rzesz\u0119, aby stopniowo wyprze\u0107 nazwy zwi\u0105zane z Polsk\u0105 jako krajem niepodleg\u0142ym \u2013 odnosz\u0105ca si\u0119 do Polak\u00f3w jako narodu lechickiego.<\/h3>\n<h3 style=\"text-align: justify;\">(str. 14)<\/h3>\n<h3 style=\"text-align: justify;\"><\/h3>\n<h3 style=\"text-align: justify;\"><span style=\"text-decoration: underline;\"><strong>5:<\/strong><\/span> Odtrutka na benzodiazepiny \u2013 w tym \u015brodki usypiaj\u0105co-przeciwl\u0119kowe.<\/h3>\n<h3 style=\"text-align: justify;\">(str. 19)<\/h3>\n<h3 style=\"text-align: justify;\"><\/h3>\n<h3 style=\"text-align: justify;\"><strong><span style=\"text-decoration: underline;\">6:<\/span><\/strong> Urz\u0105dzenia do pomiaru saturacji (natlenowania) krwi, mierz\u0105 te\u017c t\u0119tno.<\/h3>\n<h3 style=\"text-align: justify;\">(str. 21)<\/h3>\n<h3 style=\"text-align: justify;\"><\/h3>\n<h3 style=\"text-align: justify;\"><span style=\"text-decoration: underline;\"><strong>7:<\/strong><\/span> <em>Achterbahn<\/em> (niem.) \u2013 kolejka g\u00f3rska (ang. <em>roller coaster<\/em>).<\/h3>\n<h3 style=\"text-align: justify;\">(str. 21)<\/h3>\n<h3 style=\"text-align: justify;\"><\/h3>\n<h3 style=\"text-align: justify;\"><span style=\"text-decoration: underline;\"><strong>8:<\/strong><\/span> <em>Litzmannstadt<\/em> \u2013 przed II wojn\u0105 \u015bwiatow\u0105 \u0141\u00f3d\u017a, miasto w centralnej Polsce.<\/h3>\n<h3 style=\"text-align: justify;\">(str. 24)<\/h3>\n<h3 style=\"text-align: justify;\"><\/h3>\n<h3 style=\"text-align: justify;\"><span style=\"text-decoration: underline;\"><strong>9:<\/strong><\/span> <em>Litzmannstadt Ostbahnhof<\/em> \u2013 znany wcze\u015bniej jako Dworzec Fabryczny w \u0141odzi.<\/h3>\n<h3 style=\"text-align: justify;\">(str. 24)<\/h3>\n<h3 style=\"text-align: justify;\"><\/h3>\n<h3 style=\"text-align: justify;\"><strong><span style=\"text-decoration: underline;\">10:<\/span><\/strong> <em>Das Weite Deutsche Netzwerk<\/em> <em>(WDN)<\/em> \u2013 Wielka (Rozleg\u0142a) Niemiecka Sie\u0107 \u2013 odpowiednik internetu w IV Rzeszy.<\/h3>\n<h3 style=\"text-align: justify;\">(str. 24)<\/h3>\n<h3 style=\"text-align: justify;\"><\/h3>\n<h3 style=\"text-align: justify;\"><span style=\"text-decoration: underline;\"><strong>11:<\/strong><\/span> <em>Alles klar<\/em> (niem.) \u2013 wszystko w porz\u0105dku; w \u015awi\u0119tych Niemczech nie u\u017cywano angielskiego; by\u0142 to odpowiednik <em>okey<\/em>.<\/h3>\n<h3 style=\"text-align: justify;\">(str. 25)<\/h3>\n<h3 style=\"text-align: justify;\"><\/h3>\n<h3 style=\"text-align: justify;\"><span style=\"text-decoration: underline;\"><strong>12:<\/strong><\/span> Od <em>der Anderer\/die Andere<\/em> (niem.) \u2013 inny, odmieniec, plus minus odpowiednik przedstawiciela spo\u0142eczno\u015bci LGBT. W \u015awi\u0119tych Niemczech nie by\u0142o miejsca na odmienno\u015b\u0107 \u2013 dominowa\u0142y dwie narracje: jedna dotycz\u0105ca chor\u00f3b wymagaj\u0105cych korekcji (endogenna), i druga odnosz\u0105ca si\u0119 do wp\u0142ywu obcych (najcz\u0119\u015bciej wrogich) si\u0142 \u2013 g\u0142\u00f3wnie USA (egzogenna).<\/h3>\n<h3 style=\"text-align: justify;\">(str. 26)<\/h3>\n<h3 style=\"text-align: justify;\"><\/h3>\n<h3 style=\"text-align: justify;\"><span style=\"text-decoration: underline;\"><strong>13:<\/strong><\/span> W \u015awi\u0119tych Niemczech wed\u0142ug oficjalnego stanowiska psychiatr\u00f3w homoseksualizm oraz inne odmienne orientacje seksualne uznawane by\u0142y za dewiacje seksualne (podobnie jak jeszcze do niedawna w naszej rzeczywisto\u015bci w wi\u0119kszo\u015bci klasyfikacji medycznych \u2013 przyk\u0142adowo w DSM \u2013 do 1987, a w ICD do 1990 r.).<\/h3>\n<h3 style=\"text-align: justify;\">(str. 26)<\/h3>\n<h3 style=\"text-align: justify;\"><\/h3>\n<h3 style=\"text-align: justify;\"><span style=\"text-decoration: underline;\"><strong>14:<\/strong><\/span> Skr\u00f3t od <em>alles klar<\/em>.<\/h3>\n<h3 style=\"text-align: justify;\">(str. 27)<\/h3>\n<h3 style=\"text-align: justify;\"><\/h3>\n<h3 style=\"text-align: justify;\"><span style=\"text-decoration: underline;\"><strong>15:<\/strong><\/span> Spos\u00f3b dozoru podobny do zastosowanego przez s\u0105d dla 36-letniego m\u0119\u017cczyzny, kt\u00f3ry\u00a0 zas\u0142yn\u0105\u0142 wyniesieniem m\u00f3wnicy Pelosi z Kapitolu podczas szturmu na Kapitol w USA 6 stycznia 2021 r. Po aresztowaniu i postawieniu trzech zarzut\u00f3w zosta\u0142 wypuszczony za kaucj\u0105 pod warunkiem noszenia lokalizatora GPS. Nie m\u00f3g\u0142 on podr\u00f3\u017cowa\u0107 poza najbli\u017csz\u0105 okolic\u0105 i poza wyjazdami na rozprawy.<\/h3>\n<h3 style=\"text-align: justify;\">(str. 27)<\/h3>\n<h3 style=\"text-align: justify;\"><\/h3>\n<h3 style=\"text-align: justify;\"><span style=\"text-decoration: underline;\"><strong>16:<\/strong><\/span> JAHD \u2013 <em>Jahr der \u00c4ra des Heiligen Deutschland(s)<\/em> (niem.) \u2013 Rok Ery \u015awi\u0119tych Niemiec. IV Rzesza wprowadzi\u0142a datowanie, pocz\u0105wszy od obj\u0119cia urz\u0119du przez I Kanclerza nowo powsta\u0142ych \u015awi\u0119tych Niemiec Clausa von Stauffenberga (1945 r.).<\/h3>\n<h3 style=\"text-align: justify;\">(str. 28)<\/h3>\n<h3 style=\"text-align: justify;\"><\/h3>\n<h3 style=\"text-align: justify;\"><span style=\"text-decoration: underline;\"><strong>17:<\/strong><\/span> Oseltamivir \u2013 jeden z lek\u00f3w przeciwwirusowych, skuteczny tylko w przypadku wirusa grypy; w okresie epidemicznym, przy bezpo\u015brednim nara\u017ceniu, mo\u017cna przyjmowa\u0107 go profilaktycznie.<\/h3>\n<h3 style=\"text-align: justify;\">(str. 30)<\/h3>\n<h3 style=\"text-align: justify;\"><\/h3>\n<h3 style=\"text-align: justify;\"><span style=\"text-decoration: underline;\"><strong>18:<\/strong><\/span> Stosunek do Josefa Mengele w \u015awi\u0119tych Niemczech zmienia\u0142 si\u0119 z up\u0142ywem lat. Cho\u0107 nie eksperymentowa\u0142 on na Niemcach, jego metody, a tak\u017ce normalizacja stosunk\u00f3w spo\u0142ecznych w IV Rzeszy w kolejnych latach spowodowa\u0142y, \u017ce z cenionego lekarza sta\u0142 si\u0119, jak w naszej rzeczywisto\u015bci \u2013 symbolem zbrodni i okrucie\u0144stwa.<\/h3>\n<h3 style=\"text-align: justify;\">(str. 31)<\/h3>\n<h3 style=\"text-align: justify;\"><\/h3>\n<h3 style=\"text-align: justify;\"><span style=\"text-decoration: underline;\"><strong>19:<\/strong><\/span> Bitwa na \u0141uku Kurskim \u2013 1943 r., przed zamachem pu\u0142kownika Stauffenberga (1944).<\/h3>\n<h3 style=\"text-align: justify;\">(str. 32)<\/h3>\n<h3 style=\"text-align: justify;\"><\/h3>\n<h3 style=\"text-align: justify;\"><span style=\"text-decoration: underline;\"><strong>20:<\/strong><\/span> Systemy elektronicznego wywiadu.<\/h3>\n<h3 style=\"text-align: justify;\">(str. 33)<\/h3>\n<h3 style=\"text-align: justify;\"><\/h3>\n<h3 style=\"text-align: justify;\"><span style=\"text-decoration: underline;\"><strong>21:<\/strong><\/span> Jak wi\u0119kszo\u015bci lekarzy. Tak samo wi\u0119kszo\u015b\u0107 prawnik\u00f3w ma sk\u0105p\u0105 wiedz\u0119 medyczn\u0105. Wynika to z profesjonalizacji rzeczywisto\u015bci i czasem daje interesuj\u0105ce efekty \u2013 przyk\u0142adowo to, co dla jednej grupy (informatycy) jest oczywisto\u015bci\u0105, dla innych (przyk\u0142adowo \u2013 historycy) jest naiwno\u015bci\u0105, niedorzeczno\u015bci\u0105 lub odwrotnie \u2013 wiedz\u0105 niemal\u017ce tajemn\u0105.<\/h3>\n<h3 style=\"text-align: justify;\">(str. 34)<\/h3>\n<h3 style=\"text-align: justify;\"><\/h3>\n<h3 style=\"text-align: justify;\"><span style=\"text-decoration: underline;\"><strong>22:<\/strong><\/span> Rewizja, proces rewizyjny, post\u0119powanie rewizyjne, pierwotnie mia\u0142o znamiona kasacji \u2013 to znaczy by\u0142o rozpatrywaniem sprawy g\u0142\u00f3wnie w post\u0119powaniu niejawnym, bez udzia\u0142u stron. Ponadto nie by\u0142o mo\u017cliwe powo\u0142ywanie nowych fakt\u00f3w i dowod\u00f3w.<\/h3>\n<h3 style=\"text-align: justify;\">(str. 34)<\/h3>\n<h3 style=\"text-align: justify;\"><\/h3>\n<h3 style=\"text-align: justify;\"><span style=\"text-decoration: underline;\"><strong>23:<\/strong><\/span> <em>Hauptpost<\/em> (niem.) \u2013 Poczta G\u0142\u00f3wna.<\/h3>\n<h3 style=\"text-align: justify;\">(str. 35)<\/h3>\n<h3 style=\"text-align: justify;\"><\/h3>\n<h3 style=\"text-align: justify;\"><span style=\"text-decoration: underline;\"><strong>24:<\/strong><\/span> Znana wcze\u015bniej jako ulica Cegielniana w \u0141odzi (Litzmannstadt).<\/h3>\n<h3 style=\"text-align: justify;\">(str. 35)<\/h3>\n<h3 style=\"text-align: justify;\"><\/h3>\n<h3 style=\"text-align: justify;\"><span style=\"text-decoration: underline;\"><strong>25:<\/strong><\/span> Znana wcze\u015bniej jako ulica Przejazd w \u0141odzi (Litzmannstadt).<\/h3>\n<h3 style=\"text-align: justify;\">(str. 35)<\/h3>\n<h3 style=\"text-align: justify;\"><\/h3>\n<h3 style=\"text-align: justify;\"><span style=\"text-decoration: underline;\"><strong>26:<\/strong><\/span> Symbolem Obywatela by\u0142o ko\u0142o, Rezydenta \u2013 kwadrat, a Zajmuj\u0105cego \u2013 tr\u00f3jk\u0105t, skierowany wierzcho\u0142kiem do g\u00f3ry. W \u015brodku figury znajdowa\u0142a si\u0119 pierwsza litera danego typu mieszka\u0144ca \u2013 S od <em>Staatsb\u00fcrger<\/em> (Obywatel), E \u2013 od <em>Einwohner<\/em> (Rezydent) i B od <em>Besetzer<\/em> (Zajmuj\u0105cy).<\/h3>\n<h3 style=\"text-align: justify;\">(str. 37)<\/h3>\n<h3 style=\"text-align: justify;\"><\/h3>\n<h3 style=\"text-align: justify;\"><span style=\"text-decoration: underline;\"><strong>27:<\/strong><\/span> Taki reaktywny spos\u00f3b pisania prawa oparty na konkretnej sytuacji jest znany i do\u015b\u0107 powszechnie stosowany. Przyk\u0142adem mo\u017ce by\u0107 uchwalenie w Polsce \u201eUstawy o post\u0119powaniu wobec os\u00f3b z zaburzeniami psychicznymi stwarzaj\u0105cych zagro\u017cenie \u017cycia, zdrowia lub wolno\u015bci seksualnej innych os\u00f3b\u201d zwanej \u201eLex Trynkiewicz\u201d lub \u201eustaw\u0105 o bestiach\u201d, a to z powodu przyczyny jej uchwalenia \u2013 ko\u0144ca wyroku Mariusza Trynkiewicza.<\/h3>\n<h3 style=\"text-align: justify;\">(str. 38)<\/h3>\n<h3 style=\"text-align: justify;\"><\/h3>\n<h3 style=\"text-align: justify;\"><span style=\"text-decoration: underline;\"><strong>28:<\/strong><\/span> <em>Luzide Tr\u00e4ume<\/em> (niem.) \u2013 \u015bwiadome \u015bnienie (ang. <em>lucid dreaming<\/em>).<\/h3>\n<h3 style=\"text-align: justify;\">(str. 41)<\/h3>\n<h3 style=\"text-align: justify;\"><\/h3>\n<h3 style=\"text-align: justify;\"><span style=\"text-decoration: underline;\"><strong>29:<\/strong><\/span> Utkowski, jak wi\u0119kszo\u015b\u0107 Lechit\u00f3w, u\u017cywa\u0142 zamiennie terminu kasacja na post\u0119powanie rewizyjne. Nie do ko\u0144ca prawid\u0142owo. W systemie prawnym IV Rzeszy post\u0119powaniem odwo\u0142awczym u Rezydent\u00f3w by\u0142o post\u0119powanie rewizyjne nie kasacyjne, jednak\u017ce wskutek podobie\u0144stw do kasacji w polskim prawie z okresu II Rzeczypospolitej termin\u00f3w tych u\u017cywano zamiennie \u2013 w j\u0119zyku polskim. W\u0142adze federalne nie za bardzo interesowa\u0142y si\u0119 dok\u0142adno\u015bci\u0105 przek\u0142adu z niemieckiego, pozostawiaj\u0105c swobod\u0119 terminologiczn\u0105.<\/h3>\n<h3 style=\"text-align: justify;\">(str. 43)<\/h3>\n<h3 style=\"text-align: justify;\"><\/h3>\n<h3 style=\"text-align: justify;\"><span style=\"text-decoration: underline;\"><strong>30:<\/strong><\/span> Zajmuj\u0105cy mogli zak\u0142ada\u0107 konta tylko na \u015bci\u015ble dedykowanych serwerach np: besetzer.org.ls czy besetzer.org.de.<\/h3>\n<h3 style=\"text-align: justify;\">(str. 44)<\/h3>\n<h3 style=\"text-align: justify;\"><\/h3>\n<h3 style=\"text-align: justify;\"><span style=\"text-decoration: underline;\"><strong>31:<\/strong><\/span> Ulice by\u0142y opustosza\u0142e, mimo braku formalnego stanu wyj\u0105tkowego, aczkolwiek zgodnie z obowi\u0105zuj\u0105c\u0105 ustaw\u0105 \u2013 \u201eLex Utkowski\u201d. Sytuacja przypomina\u0142a nieco sytuacj\u0119 ogranicze\u0144 w niekt\u00f3rych pa\u0144stwach Europy (w tym w Polsce) w dobie COVID-19.<\/h3>\n<h3 style=\"text-align: justify;\">(str. 45)<\/h3>\n<h3 style=\"text-align: justify;\"><\/h3>\n<h3 style=\"text-align: justify;\"><span style=\"text-decoration: underline;\"><strong>32:<\/strong><\/span> POChP \u2013 przewlek\u0142a obturacyjna choroba p\u0142uc \u2013 choroba przypominaj\u0105ca astm\u0119, mog\u0105ca dawa\u0107 duszno\u015b\u0107, szczeg\u00f3lnie w okresach zaostrze\u0144; do g\u0142\u00f3wnych jej przyczyn nale\u017cy palenie tytoniu. W leczeniu stosuje si\u0119 mi\u0119dzy innymi inhalatory u\u0142atwiaj\u0105ce oddychanie.<\/h3>\n<h3 style=\"text-align: justify;\">(str. 45)<\/h3>\n<h3 style=\"text-align: justify;\"><\/h3>\n<h3 style=\"text-align: justify;\"><span style=\"text-decoration: underline;\"><strong>33:<\/strong><\/span> <em>Rollenspiele<\/em> (niem.) \u2013 gry fabularne (RPG), rodzaj gier, w tym komputerowych.<\/h3>\n<h3 style=\"text-align: justify;\">(str. 47)<\/h3>\n<h3 style=\"text-align: justify;\"><\/h3>\n<h3 style=\"text-align: justify;\"><span style=\"text-decoration: underline;\"><strong>34:<\/strong><\/span> <em>Litzmannstadt Ghetto<\/em> (niem.) \u2013 \u017cydowskie getto w \u0141odzi, stworzone podczas II wojny \u015bwiatowej.<\/h3>\n<h3 style=\"text-align: justify;\">(str. 49)<\/h3>\n<h3 style=\"text-align: justify;\"><\/h3>\n<h3 style=\"text-align: justify;\"><span style=\"text-decoration: underline;\"><strong>35:<\/strong><\/span> Czytelniku, je\u015bli s\u0105dzisz, \u017ce jest to nieprawdopodobne lub naiwne \u2013 nie masz racji. Autor zna sporo ludzi, kt\u00f3rzy nie maj\u0105 pami\u0119ci do nazw i nazwisk, a bynajmniej nie s\u0105 poni\u017cej \u015bredniej intelektualnej. Wielu z nich doskonale zdaje sobie spraw\u0119 z tej s\u0142abo\u015bci, co nie zmienia faktu, \u017ce jest ona cz\u0119sto \u017ar\u00f3d\u0142em niezr\u0119cznych sytuacji. Je\u015bli jest to dla ciebie dziwne \u2013 mo\u017cesz sobie pogratulowa\u0107, naprawd\u0119 jeste\u015b szcz\u0119\u015bciarzem.<\/h3>\n<h3 style=\"text-align: justify;\">(str. 50)<\/h3>\n<h3 style=\"text-align: justify;\"><\/h3>\n<h3 style=\"text-align: justify;\"><span style=\"text-decoration: underline;\"><strong>36:<\/strong><\/span> Niemo\u017cno\u015b\u0107 wniesienia przez prawnika wniosku rewizyjnego, kt\u00f3ry musia\u0142 spe\u0142nia\u0107 wymogi pisma procesowego, by\u0142o jednym z \u201emi\u0119kkich\u201d sposob\u00f3w na r\u00f3\u017cnicowanie praw Obywateli i Rezydent\u00f3w<\/h3>\n<h3 style=\"text-align: justify;\">(str. 56)<\/h3>\n<h3 style=\"text-align: justify;\"><\/h3>\n<h3 style=\"text-align: justify;\"><span style=\"text-decoration: underline;\"><strong>37:<\/strong><\/span> W czasach Utkowskiego proces rewizyjny Rezydent\u00f3w nabra\u0142 znamion procesu odwo\u0142awczego drugiej instancji. Na przestrzeni lat wskutek wydarze\u0144 politycznych, a tak\u017ce powolnej emancypacji ni\u017cszych klas mieszka\u0144c\u00f3w, prawo ulega\u0142o zmianom. Obecnie mo\u017cna by\u0142o wnosi\u0107 nowe dowody i fakty, co prawda tylko przez obro\u0144c\u0119 z urz\u0119du. Nowe ustalenia mog\u0142a tak\u017ce prezentowa\u0107 strona oskar\u017cycielska, ze szczeg\u00f3lnym uwzgl\u0119dnieniem prokurator\u00f3w generalnych. Zjawiska powoduj\u0105ce najpierw r\u00f3\u017cnicowanie si\u0119, a potem upodabnianie zachodz\u0105 ca\u0142y czas, tak\u017ce w Polsce. Zainteresowanych odsy\u0142am do zag\u0142\u0119bienia si\u0119 w dzieje profesji prawniczych, zw\u0142aszcza w genez\u0119 radc\u00f3w prawnych oraz ich obecne uprawnienia i r\u00f3\u017cnice w zakresie kompetencji mi\u0119dzy nimi a adwokatami, zw\u0142aszcza od 2015 r.<\/h3>\n<h3 style=\"text-align: justify;\">(str. 56)<\/h3>\n<h3 style=\"text-align: justify;\"><\/h3>\n<h3 style=\"text-align: justify;\"><span style=\"text-decoration: underline;\"><strong>38:<\/strong><\/span> Dawniej \u0141\u00f3d\u017a-\u015ar\u00f3dmie\u015bcie.<\/h3>\n<h3 style=\"text-align: justify;\">(str. 56)<\/h3>\n<h3 style=\"text-align: justify;\"><\/h3>\n<h3 style=\"text-align: justify;\"><span style=\"text-decoration: underline;\"><strong>39:<\/strong><\/span> Znana wcze\u015bniej jako ulica Pomorska w \u0141odzi (Litzmannstadt).<\/h3>\n<h3 style=\"text-align: justify;\">(str. 57)<\/h3>\n<h3 style=\"text-align: justify;\"><\/h3>\n<h3 style=\"text-align: justify;\"><span style=\"text-decoration: underline;\"><strong>40:<\/strong><\/span> I kilka razy w historii ludzko\u015bci tak si\u0119 zdarzy\u0142o. Przyk\u0142adowo wyroki (w tym wyroki \u015bmierci) Trybuna\u0142u Ludowego \u2013 s\u0105du specjalnego III Rzeszy \u2012 zosta\u0142y uniewa\u017cnione (uznane za bezprawne) dopiero w 1998 r. \u2013 dawno po ich wykonaniu.<\/h3>\n<h3 style=\"text-align: justify;\">(str. 61)<\/h3>\n<h3 style=\"text-align: justify;\"><\/h3>\n<h3 style=\"text-align: justify;\"><span style=\"text-decoration: underline;\"><strong>41:<\/strong><\/span> Acenokumarol \u2013 lek z grupy antykoagulant\u00f3w, antagonista witaminy K, wykorzystywany tak\u017ce w naszej rzeczywisto\u015bci; jego mechanizm i dawkowanie mog\u0105 by\u0107, by\u0142y i s\u0105 przyczyn\u0105 podobnych do opisywanego b\u0142\u0119d\u00f3w. Obecnie wypierany przez tak zwane nowe antykoagulanty, w wi\u0119kszo\u015bci bezpieczniejsze w u\u017cyciu (stan na 2020 r.).<\/h3>\n<h3 style=\"text-align: justify;\">(str. 62)<\/h3>\n<h3 style=\"text-align: justify;\"><\/h3>\n<h3 style=\"text-align: justify;\"><span style=\"text-decoration: underline;\"><strong>42:<\/strong><\/span> Wska\u017anik ISV (<em>international standardisiertes Verh\u00e4ltnis<\/em>), znany te\u017c jako INR (<em>international normalized ratio<\/em>), stosowany jest do po\u015bredniego pomiaru dzia\u0142ania acenokumarolu.<\/h3>\n<h3 style=\"text-align: justify;\">(str. 64)<\/h3>\n<h3 style=\"text-align: justify;\"><\/h3>\n<h3 style=\"text-align: justify;\"><span style=\"text-decoration: underline;\"><strong>43:<\/strong><\/span> Cho\u0107 niekt\u00f3rym mo\u017ce wydawa\u0107 si\u0119 to dziwne i naiwne, to standardy prawne IV Rzeszy nie odbiega\u0142y od porz\u0105dk\u00f3w prawnych pa\u0144stw europejskich w naszej rzeczywisto\u015bci, w tym w Polsce. Obecnie praktycznie ka\u017cdy typ prawnika mo\u017ce sta\u0107 si\u0119 innym \u2013 przyk\u0142adowo s\u0119dzia \u2013 adwokatem. Nie trzeba zdawa\u0107 osobnego egzaminu aplikacyjnego, bowiem raz zdany jest uznawany za potwierdzenie kwalifikacji do wykonywania praktycznie wszystkich zawod\u00f3w prawniczych. Aby zmieni\u0107 specjalno\u015b\u0107, wystarczy zmieni\u0107 przynale\u017cno\u015b\u0107 do izb\/rad \u2012 przyk\u0142adowo zapisa\u0107 si\u0119 do izby adwokackiej. Nie mo\u017cna nale\u017ce\u0107 do dw\u00f3ch jednocze\u015bnie, a wi\u0119c nie mo\u017cna by\u0107 przyk\u0142adowo jednocze\u015bnie notariuszem i radc\u0105, trzeba wybra\u0107. Dana izba\/rada musi wyrazi\u0107 zgod\u0119, z tym \u017ce na s\u0119dziego jest si\u0119 powo\u0142ywanym przez pa\u0144stwo. Znani s\u0105 s\u0119dziowie, kt\u00f3rzy zrezygnowali z kariery s\u0119dziowskiej (lub zostali wydaleni?), i wykonuj\u0105 zaw\u00f3d notariusza czy adwokata. Podobnie zdarza si\u0119, \u017ce dawni prokuratorzy staj\u0105 si\u0119 adwokatami. Warunki dopuszczenia do danego typu zawodu prawniczego reguluj\u0105 odpowiednie ustawy. Przyk\u0142adowo podaj\u0119 fragment ze strony Naczelnej Rady Adwokackiej: \u201eUstawa przewiduje wpisanie na list\u0119 adwokat\u00f3w r\u00f3wnie\u017c os\u00f3b, kt\u00f3re nie uko\u0144czy\u0142y aplikacji adwokackiej i nie musia\u0142y z\u0142o\u017cy\u0107 egzaminu, ale spe\u0142niaj\u0105 poni\u017csze warunki: (\u2026) \u2012 kt\u00f3re zajmowa\u0142y stanowisko s\u0119dziego, prokuratora lub wykonywa\u0142y zaw\u00f3d radcy prawnego albo notariusza\u201d.<\/h3>\n<h3 style=\"text-align: justify;\">(str. 67\/68)<\/h3>\n<h3 style=\"text-align: justify;\"><\/h3>\n<h3 style=\"text-align: justify;\"><span style=\"text-decoration: underline;\"><strong>44:<\/strong><\/span> Podobnie jak w naszej rzeczywisto\u015bci Rosja i Japonia b\u0119d\u0105ce ca\u0142y czas formalnie w stanie wojny od czas\u00f3w II wojny \u015bwiatowej.<\/h3>\n<h3 style=\"text-align: justify;\">(str. 72)<\/h3>\n<h3 style=\"text-align: justify;\"><\/h3>\n<h3 style=\"text-align: justify;\"><span style=\"text-decoration: underline;\"><strong>45:<\/strong><\/span> Policja Ca\u0142ofederalna [<em>Bundesweite Polizei<\/em> (niem.), BWP] \u2013 w IV Rzeszy opr\u00f3cz zada\u0144 koordynacji, ochrony granic, \u015bcigania najci\u0119\u017cszych przest\u0119pstw wype\u0142nia\u0142a zadania zwi\u0105zane z kontrol\u0105 mieszka\u0144c\u00f3w.<\/h3>\n<h3 style=\"text-align: justify;\">(str. 73)<\/h3>\n<h3 style=\"text-align: justify;\"><\/h3>\n<h3 style=\"text-align: justify;\"><span style=\"text-decoration: underline;\"><strong>46:<\/strong><\/span> <em>Lifto<\/em> (esper.) \u2013 winda.<\/h3>\n<h3 style=\"text-align: justify;\">(str. 79)<\/h3>\n<h3 style=\"text-align: justify;\"><\/h3>\n<h3 style=\"text-align: justify;\"><span style=\"text-decoration: underline;\"><strong>47:<\/strong><\/span> <em>Necesejo<\/em> (esper.) \u2013 toaleta.<\/h3>\n<h3 style=\"text-align: justify;\">(str. 80)<\/h3>\n<h3 style=\"text-align: justify;\"><\/h3>\n<h3 style=\"text-align: justify;\"><span style=\"text-decoration: underline;\"><strong>48<\/strong><\/span>: Orgtel \u2013 rodzaj urz\u0105dzenia komunikacyjnego wszczepianego cz\u0142onkom organizacji (z regu\u0142y w okolice nadgarstka\/ r\u0119ki); umo\u017cliwia lokalizacj\u0119 (z ograniczeniami), rozmowy (tylko audio), a tak\u017ce np. rozpoznawanie sw\u00f3j\u2013obcy.<\/h3>\n<h3 style=\"text-align: justify;\">(str. 88)<\/h3>\n<h3 style=\"text-align: justify;\"><\/h3>\n<h3 style=\"text-align: justify;\"><span style=\"text-decoration: underline;\"><strong>49:<\/strong><\/span> <em>Bone<\/em> (esper.) \u2013 dobrze.<\/h3>\n<h3 style=\"text-align: justify;\">(str. 91)<\/h3>\n<h3 style=\"text-align: justify;\"><\/h3>\n<h3 style=\"text-align: justify;\"><span style=\"text-decoration: underline;\"><strong>50:<\/strong><\/span> <em>La \u0109efo<\/em> (esper.) \u2013 szef.<\/h3>\n<h3 style=\"text-align: justify;\">(str. 92)<\/h3>\n<h3 style=\"text-align: justify;\"><\/h3>\n<h3 style=\"text-align: justify;\"><span style=\"text-decoration: underline;\"><strong>51:<\/strong><\/span> W naszej rzeczywisto\u015bci nazywana ciemn\u0105 energi\u0105 i ciemn\u0105 materi\u0105.<br \/>Cytuj\u0119 szeroko dost\u0119pne \u017ar\u00f3d\u0142a:<br \/>\u201e<strong>Ciemna energia<\/strong> (ang. <em>dark energy<\/em>) \u2013 hipotetyczna forma energii, kt\u00f3ra wype\u0142nia ca\u0142\u0105 przestrze\u0144 i wywiera na ni\u0105 ujemne ci\u015bnienie, przyspieszaj\u0105c tempo rozszerzania si\u0119 Wszech\u015bwiata. Jest to jedno z poj\u0119\u0107 wprowadzonych w celu wyja\u015bnienia przyspieszania ekspansji kosmosu oraz problemu brakuj\u0105cej masy we Wszech\u015bwiecie.<br \/><strong>Ciemna materia<\/strong> (ang. <em>dark matter<\/em>) \u2013 hipotetyczna materia nieemituj\u0105ca i nieodbijaj\u0105ca promieniowania elektromagnetycznego. Jej istnienie zdradzaj\u0105 jedynie wywierane przez ni\u0105 efekty grawitacyjne\u201d.<br \/>Wed\u0142ug obecnych szacunk\u00f3w \u2013 ciemna materia i energia stanowi\u0105 wi\u0119kszo\u015b\u0107 bilansu masy-energii Wszech\u015bwiata, a oko\u0142o 5% to obserwowalna zwyk\u0142a materia (czyli mi\u0119dzy innymi wszystkie gwiazdy, planety). Ciemna materia (a tym bardziej energia) jest bardzo egzotyczna, bowiem nie jest ona z\u0142o\u017cona z cz\u0105stek wliczanych do modelu standardowego \u2013 kanonu fizyki cz\u0105stek elementarnych. W zwi\u0105zku z tym \u2013 z jednej strony znajduje si\u0119 ona praktycznie wsz\u0119dzie, z drugiej jej efekty s\u0105 nieznane lub tylko hipotetyczne. Pytanie: kto si\u0119 myli \u2013 fizycy kwantowi czy astrofizycy? A je\u015bli nie, to mo\u017ce ciemna energia\/ materia daj\u0105 jeszcze nieodkryte efekty temporalne?<\/h3>\n<h3 style=\"text-align: justify;\">(str. 96)<\/h3>\n<h3 style=\"text-align: justify;\"><\/h3>\n<h3 style=\"text-align: justify;\"><span style=\"text-decoration: underline;\"><strong>52:<\/strong><\/span> <em>Seksne\u016dtra necesejo<\/em> (esper.) \u2013 toaleta neutralna p\u0142ciowo; niepoprawna forma \u2013 toaleta koedukacyjna.<\/h3>\n<h3 style=\"text-align: justify;\">(str. 98)<\/h3>\n<h3 style=\"text-align: justify;\"><\/h3>\n<h3 style=\"text-align: justify;\"><span style=\"text-decoration: underline;\"><strong>53:<\/strong><\/span> <em>Temportofinejo<\/em> (esper.) \u2013 ko\u0144c\u00f3wki temportacji o konstrukcji jednoosobowego schronu (takiego jak na Brusie czy w Bazie Lunarnej).<\/h3>\n<h3 style=\"text-align: justify;\">(str. 99)<\/h3>\n<h3 style=\"text-align: justify;\"><\/h3>\n<h3 style=\"text-align: justify;\"><span style=\"text-decoration: underline;\"><strong>54:<\/strong><\/span> Tw\u00f3rczo\u015b\u0107 <em>science fiction<\/em> nie by\u0142a w \u015awi\u0119tych Niemczech zakazana, ale dzie\u0142a pochodz\u0105ce z wrogiego politycznego bloku \u2013 do niedawna tak. To pewna r\u00f3\u017cnica mi\u0119dzy IV Rzesz\u0105 a Chi\u0144sk\u0105 Republik\u0105 Ludow\u0105, w kt\u00f3rej po 2011 roku <em>political fiction<\/em> i tematyka podr\u00f3\u017cy w czasie by\u0142a zabroniona. Cytuj\u0105c \u017ar\u00f3d\u0142o internetowe: \u201eChi\u0144ska w\u0142adza podr\u00f3\u017cy w czasie nie lubi, gdy\u017c \u2014 jak uzasadnia w wydanym przez siebie dokumencie \u2014 maj\u0105 one \u00bbkreowa\u0107 mity, mie\u0107 potworne i dziwaczne fabu\u0142y, stosowa\u0107 absurdalne metody, a w dodatku promowa\u0107 feudalizm, zabobony, fatalizm i reinkarnacj\u0119\u00ab\u201d.<\/h3>\n<h3 style=\"text-align: justify;\">(str. 100\/101)<\/h3>\n<h3 style=\"text-align: justify;\"><\/h3>\n<h3 style=\"text-align: justify;\"><span style=\"text-decoration: underline;\"><strong>55:<\/strong><\/span> <em>Hindenburgplatz<\/em> (niem.) \u2013 plac Hindenburga, ob. plac D\u0105browskiego w \u0141odzi.<\/h3>\n<h3 style=\"text-align: justify;\">(str. 103)<\/h3>\n<h3 style=\"text-align: justify;\"><\/h3>\n<h3 style=\"text-align: justify;\"><span style=\"text-decoration: underline;\"><strong>56:<\/strong><\/span> <em>Teko komputilo<\/em> (esper.), inaczej <em>tekkomputilo<\/em>, dos\u0142. komputer teczka \u2013 komputer przeno\u015bny; funkcj\u0105, wygl\u0105dem, kszta\u0142tem, klapk\u0105 praktycznie to\u017csamy z laptopem (konwergencja funkcji).<\/h3>\n<h3 style=\"text-align: justify;\">(str. 104)<\/h3>\n<h3 style=\"text-align: justify;\"><\/h3>\n<h3 style=\"text-align: justify;\"><span style=\"text-decoration: underline;\"><strong>57:<\/strong><\/span> Spos\u00f3b tworzenia prawa poprzez \u201ewrzucanie\u201d pozornie niezwi\u0105zanych z dan\u0105 ustaw\u0105 paragraf\u00f3w jest r\u00f3wnie\u017c znany i obecnie do\u015b\u0107 szeroko stosowany, szczeg\u00f3lnie w Polsce. Mo\u017cna wtedy, pod p\u0142aszczykiem dzia\u0142a\u0144 chwalebnych, przyj\u0105\u0107 rozwi\u0105zania zmieniaj\u0105ce nawet ustrojowe zasady pa\u0144stwa \u2013 przynajmniej zdaniem krytyk\u00f3w.<\/h3>\n<h3 style=\"text-align: justify;\">(str. 111)<\/h3>\n<h3 style=\"text-align: justify;\"><\/h3>\n<h3 style=\"text-align: justify;\"><span style=\"text-decoration: underline;\"><strong>58:<\/strong><\/span> <em>Volksgerichtshof<\/em> (niem.) \u2013 Trybuna\u0142 Ludowy, zob. dowolne materia\u0142y historyczne o III Rzeszy, w tym zamieszczone w Wikipedii: https:\/\/pl.wikipedia.org\/wiki\/Volksgerichtshof.<\/h3>\n<h3 style=\"text-align: justify;\">(str. 112)<\/h3>\n<h3 style=\"text-align: justify;\"><\/h3>\n<h3 style=\"text-align: justify;\"><span style=\"text-decoration: underline;\"><strong>59:<\/strong><\/span> Referendum \u201e3 \u00d7 TAK\u201d i spos\u00f3b jego \u201ewygrania\u201d \u2013 zob. nasza rzeczywisto\u015b\u0107 \u2013 dowolne materia\u0142y historyczne dotycz\u0105ce referendum ludowego w Polsce w 1946 r. Np. https:\/\/pl.wikipedia.org\/wiki\/Referendum_w_Polsce_w_1946_roku.<\/h3>\n<h3 style=\"text-align: justify;\">(str. 113)<\/h3>\n<h3 style=\"text-align: justify;\"><\/h3>\n<h3 style=\"text-align: justify;\"><span style=\"text-decoration: underline;\"><strong>60:<\/strong><\/span> Partia Solidarno\u015bci i Post\u0119pu przez krytyk\u00f3w nieoficjalnie nazywana Parti\u0105 S\u0142owa i Przemocy.<\/h3>\n<h3 style=\"text-align: justify;\">(str. 113)<\/h3>\n<h3 style=\"text-align: justify;\"><\/h3>\n<h3 style=\"text-align: justify;\"><span style=\"text-decoration: underline;\"><strong>61:<\/strong><\/span> <em>Hexaland<\/em> \u2013 terytorium IV Rzeszy obejmuj\u0105ce podbite wcze\u015bniej tereny Francji. Nazwa wywodzi si\u0119 od u\u017cywanej przez Francuz\u00f3w nieoficjalnej nazwy cz\u0119\u015bci metropolitarnej pa\u0144stwa \u2013 <em>l\u2019Hexagone<\/em> (sze\u015bciok\u0105t).<\/h3>\n<h3 style=\"text-align: justify;\">(str. 113)<\/h3>\n<h3 style=\"text-align: justify;\"><\/h3>\n<h3 style=\"text-align: justify;\"><span style=\"text-decoration: underline;\"><em><strong>62:<\/strong><\/em><\/span> Podobnie jak w naszej rzeczywisto\u015bci referendum niepodleg\u0142o\u015bciowe w Katalonii w 2017 r.<\/h3>\n<h3 style=\"text-align: justify;\">(str. 114)<\/h3>\n<h3 style=\"text-align: justify;\"><\/h3>\n<h3 style=\"text-align: justify;\"><span style=\"text-decoration: underline;\"><strong>63:<\/strong><\/span> Je\u015bliby kto\u015b my\u015bla\u0142, \u017ce jest to wizja autora z bogat\u0105 wyobra\u017ani\u0105, ten b\u0119dzie zawiedziony. Zainteresowanych odsy\u0142am do opis\u00f3w wydarzenia znanego jako organizacja wybor\u00f3w korespondencyjnych w Polsce w maju 2020 r. Przyk\u0142adowo: https:\/\/pl.wikipedia.org\/wiki\/Wybory_prezydenckie_w_Polsce_w_2020_roku_(pierwsze).<\/h3>\n<h3 style=\"text-align: justify;\">(str. 114)<\/h3>\n<h3 style=\"text-align: justify;\"><\/h3>\n<h3 style=\"text-align: justify;\"><span style=\"text-decoration: underline;\"><strong>64:<\/strong><\/span> Podobne nieco do Pa\u0144stwowej Komisji Bezpiecze\u0144stwa, zob. materia\u0142y historyczne o referendum ludowym w 1946 r. w Polsce.<\/h3>\n<h3 style=\"text-align: justify;\">(str. 115)<\/h3>\n<h3 style=\"text-align: justify;\"><\/h3>\n<h3 style=\"text-align: justify;\"><span style=\"text-decoration: underline;\"><strong>65:<\/strong><\/span> <em>Deutsche Einheit<\/em> (niem.) \u2013 Jedno\u015b\u0107 Niemiec, partia rz\u0105dz\u0105ca w IV Rzeszy w czasach Utkowskiego, w Lechistanie rz\u0105dz\u0105ca partia to SiP (Solidarno\u015b\u0107 i Post\u0119p).<\/h3>\n<h3 style=\"text-align: justify;\">(str. 115)<\/h3>\n<h3 style=\"text-align: justify;\"><\/h3>\n<h3 style=\"text-align: justify;\"><span style=\"text-decoration: underline;\"><strong>66:<\/strong><\/span> W nawi\u0105zaniu \u2013 Charlie Chaplin czy Denis Rodman przyznali si\u0119 do 2000 \u201eromans\u00f3w\u201d.<\/h3>\n<h3 style=\"text-align: justify;\">(str. 121)<\/h3>\n<h3 style=\"text-align: justify;\"><\/h3>\n<h3 style=\"text-align: justify;\"><span style=\"text-decoration: underline;\"><strong>67:<\/strong><\/span> <em>Breslau<\/em> (niem.) \u2013 Wroc\u0142aw.<\/h3>\n<h3 style=\"text-align: justify;\">(str. 121)<\/h3>\n<h3 style=\"text-align: justify;\"><\/h3>\n<h3 style=\"text-align: justify;\"><span style=\"text-decoration: underline;\"><strong>68:<\/strong><\/span> \u015awi\u0119te Niemcy, tak jak wiele pa\u0144stw w naszej rzeczywisto\u015bci, dopuszcza tak\u0105 mo\u017cliwo\u015b\u0107. Przyk\u0142adowo w Polsce znane s\u0105 przypadki prokurator\u00f3w wydalonych z pracy wykorzystuj\u0105cych ustawow\u0105 sposobno\u015b\u0107 do zmiany \u015bcie\u017cki kariery poprzez zgod\u0119 izb adwokackich lub radcowskich \u2013 odpowiednio na adwokack\u0105<br \/>lub radcowsk\u0105.<\/h3>\n<h3 style=\"text-align: justify;\">(str. 124)<\/h3>\n<h3 style=\"text-align: justify;\"><\/h3>\n<h3 style=\"text-align: justify;\"><span style=\"text-decoration: underline;\"><strong>69:<\/strong><\/span> Kwestia braku synergistycznej efektywno\u015bci s\u0142u\u017cb jest problemem og\u00f3lnie znanym, widocznym historycznie przyk\u0142adowo w USA i III Rzeszy, ale nie tylko.<\/h3>\n<h3 style=\"text-align: justify;\">(str. 125)<\/h3>\n<h3 style=\"text-align: justify;\"><\/h3>\n<h3 style=\"text-align: justify;\"><span style=\"text-decoration: underline;\"><strong>70:<\/strong><\/span> Nawet w naszej rzeczywisto\u015bci systemy rozpoznawania twarzy w pocz\u0105tkach XXI w. by\u0142y raczej ciekawostk\u0105 ni\u017c wykorzystywan\u0105 technologi\u0105. W \u015bwiecie \u201e\u015awi\u0119tych Niemiec\u201d rozw\u00f3j elektroniki i oprogramowania (w niekt\u00f3rych jej aspektach) by\u0142 mocno op\u00f3\u017aniony w stosunku do naszej historii, nawet w X-org. Post\u0119p technologiczny szed\u0142 innymi drogami, co zwi\u0105zane by\u0142o mi\u0119dzy innymi z podzia\u0142ami politycznymi i ograniczeniem przep\u0142ywu informacji (przyk\u0142adowo formalna wojna mi\u0119dzy blokiem zachodnioalianckim a pa\u0144stwami osi).<\/h3>\n<h3 style=\"text-align: justify;\">(str. 133)<\/h3>\n<h3 style=\"text-align: justify;\"><\/h3>\n<h3 style=\"text-align: justify;\"><span style=\"text-decoration: underline;\"><strong>71:<\/strong><\/span> Po\u0142o\u017cony w Litzmannstadt, obejmowa\u0142 tereny parku Helen\u00f3w w dzisiejszej \u0141odzi.<\/h3>\n<h3 style=\"text-align: justify;\">(str. 134)<\/h3>\n<h3 style=\"text-align: justify;\"><\/h3>\n<h3 style=\"text-align: justify;\"><span style=\"text-decoration: underline;\"><strong>72:<\/strong><\/span> Podzielone klasowo \u015awi\u0119te Niemcy nie by\u0142y pa\u0144stwem komunistycznym. Mieszka\u0144cy mogli prowadzi\u0107 w\u0142asne przedsi\u0119biorstwa. Oczywi\u015bcie cz\u0119\u015b\u0107 rodzaj\u00f3w dzia\u0142alno\u015bci by\u0142a zarezerwowana tylko dla Obywateli, ale nie wszystko nale\u017ca\u0142o do pa\u0144stwa. Je\u015bli cz\u0142owiek post\u0119powa\u0142 zgodnie z prawem i wytycznymi w\u0142adz, to m\u00f3g\u0142 mie\u0107 nawet sw\u00f3j punkt pocztowy, tak jak obecnie dzieje si\u0119 to w Polsce, gdzie wr\u0119cz zach\u0119ca si\u0119 obywateli do otwierania takich plac\u00f3wek.<\/h3>\n<h3 style=\"text-align: justify;\">(str. 141)<\/h3>\n<h3 style=\"text-align: justify;\"><\/h3>\n<h3 style=\"text-align: justify;\"><span style=\"text-decoration: underline;\"><strong>73:<\/strong><\/span> Badania pokazuj\u0105, \u017ce im bardziej autorytarny i scentralizowany system, tym wi\u0119cej si\u0119 dzieje pod sto\u0142em, kwitnie korupcja i inne formy ustalania \u201ew\u0142a\u015bciwych\u201d rozwi\u0105za\u0144; innymi s\u0142owy, im wznio\u015blejsze oficjalnie g\u0142oszone idea\u0142y, tym g\u0142\u0119bsza degrengolada, lub inaczej, im bardziej trawa zielona, tym wi\u0119cej robactwa w ziemi (w tym d\u017cd\u017cownic potrzebnych do u\u017cy\u017aniania gruntu), cho\u0107 s\u0105 wyj\u0105tki. Rosn\u0105ca pot\u0119ga Chin jest tu dobrym przyk\u0142adem.<\/h3>\n<h3 style=\"text-align: justify;\">(str. 143)<\/h3>\n<h3 style=\"text-align: justify;\"><\/h3>\n<h3 style=\"text-align: justify;\"><span style=\"text-decoration: underline;\"><strong>74:<\/strong><\/span> Dawniej Konstantyn\u00f3w \u2013 miasteczko nieopodal Litzmannstadt.<\/h3>\n<h3 style=\"text-align: justify;\">(str. 147)<\/h3>\n<h3 style=\"text-align: justify;\"><\/h3>\n<h3 style=\"text-align: justify;\"><span style=\"text-decoration: underline;\"><strong>75:<\/strong><\/span> <em>B\u00fcrgermeister<\/em> (niem.) \u2013 burmistrz.<\/h3>\n<h3 style=\"text-align: justify;\">(str. 149)<\/h3>\n<h3 style=\"text-align: justify;\"><\/h3>\n<h3 style=\"text-align: justify;\"><span style=\"text-decoration: underline;\"><strong>76:<\/strong><\/span> W \u015awi\u0119tych Niemczech, zw\u0142aszcza w Lechistanie, szczeg\u00f3lnie w okresach \u201eodwil\u017cy\u201d Rezydent m\u00f3g\u0142 by\u0107 zwierzchnikiem Obywatela. Przypomina to troch\u0119 sytuacj\u0119 z Indii, gdzie system kastowy nak\u0142ada si\u0119 na hierarchi\u0119 w miejscu pracy.<\/h3>\n<h3 style=\"text-align: justify;\">(str. 149)<\/h3>\n<h3 style=\"text-align: justify;\"><\/h3>\n<h3 style=\"text-align: justify;\"><span style=\"text-decoration: underline;\"><strong>77:<\/strong><\/span> Nie wszyscy maj\u0105 talent j\u0119zykowy. Autor zna ludzi, kt\u00f3rzy nie pos\u0142uguj\u0105 si\u0119 dobrze nawet swoim ojczystym j\u0119zykiem, nie wspominaj\u0105c o kolejnych. Mimo to pr\u00f3buj\u0105 co\u015b tworzy\u0107. Samo\u015bwiadomo\u015b\u0107 w\u0142asnych ogranicze\u0144 nie pomaga, gdy\u017c wbrew utartym i modnym sloganom o pokonywaniu barier i mo\u017cliwo\u015bciach rozwoju, psychologia udowadnia, \u017ce ludzie pod\u0105\u017caj\u0105 utartymi, wyuczonymi \u015bcie\u017ckami, ci\u0105gle pope\u0142niaj\u0105c te same (nie \u201epojedy\u0144cze\u201d) b\u0142\u0119dy.<\/h3>\n<h3 style=\"text-align: justify;\">(str. 153\/154)<\/h3>\n<h3 style=\"text-align: justify;\"><\/h3>\n<h3 style=\"text-align: justify;\"><span style=\"text-decoration: underline;\"><strong>78:<\/strong><\/span> Zatrudnianie personelu bez wykszta\u0142cenia prawniczego w kancelariach, tak jak zatrudnianie bez wykszta\u0142cenia medycznego w poradniach, to do\u015b\u0107 powszechna praktyka. Rejestratorka w przychodni nie musi by\u0107 medykiem. To, \u017ce nosi fartuch, nie oznacza automatycznie, \u017ce jest po medycynie. Z drugiej strony w wielu sytuacjach sprawdza si\u0119 lepiej, ni\u017c kto\u015b oficjalnie maj\u0105cy podstawy wiedzy medycznej.<\/h3>\n<h3 style=\"text-align: justify;\">(str. 158\/159)<\/h3>\n<h3><\/h3>\n<h3><strong><span style=\"text-decoration: underline;\">79:<\/span><\/strong>\u00a0<em>Gewin-gewin strategie <\/em>\u2013 strategia obop\u00f3lnych korzy\u015bci <em>(<\/em>ang. <em>win-win strategy).<\/em><\/h3>\n<h3>(str. 160)<\/h3>\n<h3><\/h3>\n<h3 style=\"text-align: justify;\"><span style=\"text-decoration: underline;\"><strong>80:<\/strong><\/span> <em>Stauffenberg Strasse<\/em> \u2013 wcze\u015bniej <em>Adolf Hitler Strasse<\/em> \u2013 przed II wojn\u0105 znana jako ulica Piotrkowska w \u0141odzi.<\/h3>\n<h3 style=\"text-align: justify;\">(str. 160)<\/h3>\n<h3 style=\"text-align: justify;\"><\/h3>\n<h3 style=\"text-align: justify;\"><span style=\"text-decoration: underline;\"><strong>81:<\/strong><\/span> Do pewnego stopnia przypomina\u0142o to sytuacj\u0119 w Parlamencie Europejskim lub\u2026 Mi\u0119dzynarodowej Akademii Nauk San Marino. Wi\u0119kszo\u015b\u0107, je\u015bli nie wszyscy cz\u0142onkowie X-org\/DEiP nie nale\u017celi do organizacji od urodzenia.<\/h3>\n<h3 style=\"text-align: justify;\">(str. 164)<\/h3>\n<h3 style=\"text-align: justify;\"><\/h3>\n<h3 style=\"text-align: justify;\"><span style=\"text-decoration: underline;\"><strong>82:<\/strong><\/span> <em>Luna Bazo<\/em> (esper.) \u2013 Baza Lunarna.<\/h3>\n<h3 style=\"text-align: justify;\">(str. 164)<\/h3>\n<h3 style=\"text-align: justify;\"><\/h3>\n<h3 style=\"text-align: justify;\"><span style=\"text-decoration: underline;\"><strong>83:<\/strong><\/span> <em>Resanigo teamo<\/em> (esper.) \u2013 Zesp\u00f3\u0142 Odzyskiwania.<\/h3>\n<h3 style=\"text-align: justify;\">(str. 165)<\/h3>\n<h3 style=\"text-align: justify;\"><\/h3>\n<h3 style=\"text-align: justify;\"><span style=\"text-decoration: underline;\"><strong>84:<\/strong><\/span> Biuro Integralno\u015bci (<em>Oficejo pri Integreco<\/em> \u2013 OpI) \u2013 biuro podleg\u0142e tylko Rektorowi Generalnemu i Wysokiej Radzie odpowiedzialne m.in za kontrol\u0119 wewn\u0119trzn\u0105. Agenci biura maj\u0105 oficjalnie zwyk\u0142e stopnie funkcyjne (asystent, adiunkt), klasyczne z dopiskiem polowy (dodatkowa kropka na dystynkcjach). Jako jedni z niewielu upowa\u017cnieni s\u0105 do noszenia broni wewn\u0105trz Bazy Lunarnej.<\/h3>\n<h3 style=\"text-align: justify;\">(str. 165)<\/h3>\n<h3 style=\"text-align: justify;\"><\/h3>\n<h3 style=\"text-align: justify;\"><span style=\"text-decoration: underline;\"><strong>85:<\/strong><\/span> Integry \u2013 potoczna nazwa pracownik\u00f3w Biura Integralno\u015bci.<\/h3>\n<h3 style=\"text-align: justify;\">(str. 165)<\/h3>\n<h3 style=\"text-align: justify;\"><\/h3>\n<h3 style=\"text-align: justify;\"><span style=\"text-decoration: underline;\"><strong>86:<\/strong><\/span> <em>Elektronika Reto X-org<\/em> (esper.) \u2013 Sie\u0107 Elektroniczna X-org.<\/h3>\n<h3 style=\"text-align: justify;\">(str. 166)<\/h3>\n<h3 style=\"text-align: justify;\"><\/h3>\n<h3 style=\"text-align: justify;\"><span style=\"text-decoration: underline;\"><strong>87:<\/strong><\/span> <em>Falsa nova\u0135o<\/em> (esper.) \u2013 fa\u0142szywa wiadomo\u015b\u0107 (ang. <em>fake news<\/em>).<\/h3>\n<h3 style=\"text-align: justify;\">(str. 167)<\/h3>\n<h3 style=\"text-align: justify;\"><\/h3>\n<h3 style=\"text-align: justify;\"><span style=\"text-decoration: underline;\"><strong>88:<\/strong><\/span> <em>Reto<\/em> (Msc. recie) \u2013 spolszczona nazwa sieci w esperanto.<\/h3>\n<h3 style=\"text-align: justify;\">(str. 167)<\/h3>\n<h3 style=\"text-align: justify;\"><\/h3>\n<h3 style=\"text-align: justify;\"><span style=\"text-decoration: underline;\"><strong>89:<\/strong><\/span> <em>Mut<\/em> (jidysz, niem.) \u2013 odwaga, \u015bmia\u0142o\u015b\u0107.<\/h3>\n<h3 style=\"text-align: justify;\">(str. 171)<\/h3>\n<h3 style=\"text-align: justify;\"><\/h3>\n<h3 style=\"text-align: justify;\"><span style=\"text-decoration: underline;\"><strong>90:<\/strong><\/span> <em>Mencz<\/em> (jidysz) \u2013 m\u0119\u017cczyzna, twardziel.<\/h3>\n<h3 style=\"text-align: justify;\">(str. 172)<\/h3>\n<h3 style=\"text-align: justify;\"><\/h3>\n<h3 style=\"text-align: justify;\"><span style=\"text-decoration: underline;\"><strong>91:<\/strong><\/span> Rozmowa odbywa\u0142a si\u0119 w j\u0119zyku polskim. Dla dziewczyny <em>bone<\/em> (w znaczeniu <em>OK<\/em>) brzmia\u0142o co najmniej dziwnie, poniewa\u017c nie mia\u0142a praktycznie \u017cadnego kontaktu z angielskim czy esperanto, szczeg\u00f3lnie jako Zajmuj\u0105ca. Niemieckie <em>alles klar<\/em> znacznie si\u0119 r\u00f3\u017cni. Ze wzgl\u0119du na bardzo ch\u0142odne stosunki z dawnym blokiem zachodnioalianckim angielski nie by\u0142 j\u0119zykiem u\u017cywanym na terenie kontynentalnej Europy. Esperanto za\u015b by\u0142o w og\u00f3le nieznane \u2013 IV Rzeszy niespecjalnie zale\u017ca\u0142o na rozpowszechnianiu osi\u0105gni\u0119\u0107 doktora Zamenhofa \u2013 \u017byda i Polaka.<\/h3>\n<h3 style=\"text-align: justify;\">(str. 181\/182)<\/h3>\n<h3 style=\"text-align: justify;\"><\/h3>\n<h3 style=\"text-align: justify;\"><span style=\"text-decoration: underline;\"><strong>92:<\/strong><\/span> <em>Ne tiom rapide<\/em> (esper.) \u2013 nie tak szybko.<\/h3>\n<h3 style=\"text-align: justify;\">(str 187)<\/h3>\n<h3 style=\"text-align: justify;\"><\/h3>\n<h3 style=\"text-align: justify;\"><span style=\"text-decoration: underline;\"><strong>93:<\/strong><\/span> Klasyfikacja oparze\u0144 \u2013 I\u00b0 \u2013 nask\u00f3rek, II\u00b0 \u2013 sk\u00f3ra w\u0142a\u015bciwa (tworzenie b\u0105bli), powierzchowne warstwy goj\u0105 si\u0119 z regu\u0142y bez powik\u0142a\u0144.<\/h3>\n<h3 style=\"text-align: justify;\">(str. 193)<\/h3>\n<h3 style=\"text-align: justify;\"><\/h3>\n<h3 style=\"text-align: justify;\"><span style=\"text-decoration: underline;\"><strong>94:<\/strong><\/span> <em>Alta Konsilio<\/em> (esper.) \u2013 Wysoka Rada.<\/h3>\n<h3 style=\"text-align: justify;\">(str. 194)<\/h3>\n<h3 style=\"text-align: justify;\"><\/h3>\n<h3 style=\"text-align: justify;\"><span style=\"text-decoration: underline;\"><strong>95:<\/strong><\/span> Tak jak wcze\u015bniej Hitlera, ale tak\u017ce Stalina w ZSRR, Kemala Atat\u00fcrka w Turcji, kr\u00f3lowej El\u017cbiety II w Wielkiej Brytanii czy J\u00f3zefa Pi\u0142sudskiego w II Rzeczypospolitej.<\/h3>\n<h3 style=\"text-align: justify;\">(str. 195)<\/h3>\n<h3 style=\"text-align: justify;\"><\/h3>\n<h3 style=\"text-align: justify;\"><span style=\"text-decoration: underline;\"><strong>96:<\/strong><\/span> <em>International Electronic Network<\/em> (IEN) \u2013 odpowiednik WDN w bloku zachodnioalianckim.<\/h3>\n<h3 style=\"text-align: justify;\">(str. 199)<\/h3>\n<h3 style=\"text-align: justify;\"><\/h3>\n<h3 style=\"text-align: justify;\"><span style=\"text-decoration: underline;\"><strong>97:<\/strong><\/span> <em>Fiki<\/em> (esper.) \u2013 jeba\u0107.<\/h3>\n<h3 style=\"text-align: justify;\">(str. 200)<\/h3>\n<h3 style=\"text-align: justify;\"><\/h3>\n<h3 style=\"text-align: justify;\"><span style=\"text-decoration: underline;\"><strong>98:<\/strong><\/span> <em>Fokusa punkto<\/em> (esper.) \u2013 punkt kluczowy (ang. <em>focal point<\/em>).<\/h3>\n<h3 style=\"text-align: justify;\">(str. 203)<\/h3>\n<h3 style=\"text-align: justify;\"><\/h3>\n<h3 style=\"text-align: justify;\"><span style=\"text-decoration: underline;\"><strong>99:<\/strong><\/span> Przedstawia si\u0119 ono tak: E = \u0394t \u00d7 c<sup>3<\/sup>; gdzie E \u2013 to ca\u0142kowita potrzebna energia, \u0394t \u2013 to r\u00f3\u017cnica czasu mi\u0119dzy punktem startu a punktem docelowym mierzona w sekundach, a c to pr\u0119dko\u015b\u0107 \u015bwiat\u0142a w pr\u00f3\u017cni.<\/h3>\n<h3 style=\"text-align: justify;\">(str. 208)<\/h3>\n<h3 style=\"text-align: justify;\"><\/h3>\n<h3 style=\"text-align: justify;\"><span style=\"text-decoration: underline;\"><strong>100:<\/strong><\/span> Dekan \u2013 szef dekanatu\/ departamentu w ramach organizacji. Struktury DEiP\/X-org podobne by\u0142y do struktur akademickich. Cz\u0142onkowie mieli zar\u00f3wno stopnie naukowe, jak i funkcyjne. Do stopni naukowych zalicza\u0142y si\u0119: magister, doktor nauk, docent\/doktor habilitowany, profesor, a do funkcyjnych: rekrut (br\u0105zowa belka), sta\u017cysta (dwie br\u0105zowe belki), m\u0142odszy asystent (srebrna belka), starszy asystent (dwie srebrne belki), adiunkt (trzy srebrne belki), profmastro (szef zak\u0142adu \u2013 z\u0142ota belka), dziekan (szef wydzia\u0142u \u2013 dwie z\u0142ote belki), dekan (szef departamentu\/ dekanatu, ewentualnie dyrektor biura \u2013 trzy z\u0142ote belki), rektor bazy (z\u0142ota litera X), rektor generalny (z\u0142ota litera X w z\u0142otym okr\u0119gu).<\/h3>\n<h3 style=\"text-align: justify;\">(str. 215)<\/h3>\n<h3 style=\"text-align: justify;\"><\/h3>\n<h3 style=\"text-align: justify;\"><span style=\"text-decoration: underline;\"><strong>101:<\/strong><\/span> <em>Agneau<\/em> (fr.) \u2013 baranek.<\/h3>\n<h3 style=\"text-align: justify;\">(str. 217)<\/h3>\n<h3 style=\"text-align: justify;\"><\/h3>\n<h3 style=\"text-align: justify;\"><span style=\"text-decoration: underline;\"><strong>103:<\/strong><\/span><strong> <\/strong>Takie podej\u015bcie zdarza si\u0119 r\u00f3wnie\u017c w instytucjach, kt\u00f3re powinny stosowa\u0107 zdecydowanie wi\u0119ksze \u015brodki bezpiecze\u0144stwa <span>\u2013<\/span> afera z mailami ministra Dworczyka zdaje si\u0119 to potwierdza\u0107 (dopisane w 2021 r. podczas redakcji tekstu).<em><\/em><\/h3>\n<h3 style=\"text-align: justify;\">(str. 223)\u00a0<\/h3>\n<h3 style=\"text-align: justify;\"><span style=\"text-decoration: underline;\"><strong>104:<\/strong><\/span> <em>Oficejo pri Ekstera Tempointerveno<\/em> (esper.) \u2013 kom\u00f3rka Dekanatu Nauk Temporalnych, w sk\u0142ad kt\u00f3rej wchodz\u0105 agenci operacyjni specjalizuj\u0105cy si\u0119 w ochronie, zabezpieczaniu, a tak\u017ce ewakuacji i zacieraniu \u015blad\u00f3w po misjach na zewn\u0105trz organizacji. Cz\u0142onkowie X-org\/DEiP, zw\u0142aszcza szefowie jednostek, mog\u0105 prosi\u0107 o wsparcie ju\u017c na etapie planowania w szczeg\u00f3lnie trudnych misjach. Biuro zajmuje si\u0119 te\u017c ochron\u0105 naukowc\u00f3w-agent\u00f3w terenowych. Agenci biura maj\u0105 oficjalnie zwyk\u0142e (klasyczne) stopnie funkcyjne (asystent, adiunkt) z dopiskiem polowy (oznaczonym dodatkow\u0105 kropk\u0105 na dystynkcjach). Cz\u0142onkowie Biura Chronointerwencji mog\u0105 by\u0107 wezwani na pomoc w przypadku problem\u00f3w w ramach procedur ratunkowych. Upowa\u017cnieni s\u0105 do noszenia broni na zewn\u0105trz Bazy Lunarnej.<\/h3>\n<h3 style=\"text-align: justify;\">(str. 224)<\/h3>\n<h3 style=\"text-align: justify;\"><\/h3>\n<h3 style=\"text-align: justify;\"><span style=\"text-decoration: underline;\"><strong>105:<\/strong><\/span> Procedura chronoamnezji \u2013 specjalna procedura przewidziana przede wszystkim dla rekrut\u00f3w, kt\u00f3rzy nie zdawszy egzamin\u00f3w, trac\u0105 tymczasowe cz\u0142onkostwo w organizacji. Dotyczy w mniejszym stopniu cz\u0142onk\u00f3w DEiP, kt\u00f3rzy utracili je przyk\u0142adowo na skutek swoich czyn\u00f3w. Polega na zmodyfikowanej dekontaminacji przez temportacj\u0119 i odes\u0142aniu takiej istoty jak najbli\u017cej czasowo i przestrzennie momentu rekrutacji (to znaczy znikni\u0119cia ze standardowej rzeczywisto\u015bci). Dekontaminacja polegaj\u0105ca na zastosowaniu odmiennej d\u0142ugo\u015bci fali \u015bwietlnej, przy czym osoba jej poddana ma oczy otwarte podczas tej procedury, powoduje zniekszta\u0142cenie engram\u00f3w pomi\u0119ci. Celem jest nie tyle usuni\u0119cie wspomnie\u0144 ile spowodowanie, \u017ce dana osoba ma poczucie \u015bnienia prze\u017cytych w obr\u0119bie DEiP zdarze\u0144. Oczywi\u015bcie rzadko, je\u015bli w og\u00f3le, chronoamnezj\u0119 stosuje si\u0119 wobec cz\u0142onk\u00f3w organizacji przechodz\u0105cych na emerytur\u0119. Najcz\u0119\u015bciej staj\u0105 si\u0119 oni nieaktywni, dochowuj\u0105c tajemnic X-org.<\/h3>\n<h3 style=\"text-align: justify;\">(str. 227\/228)<\/h3>\n<h3 style=\"text-align: justify;\"><\/h3>\n<h3 style=\"text-align: justify;\"><span style=\"text-decoration: underline;\"><strong>106:<\/strong><\/span> Lechlandplatz \u2013 plac Lechistanu, w naszej rzeczywisto\u015bci \u2013 plac Wolno\u015bci w \u0141odzi. \u201eD\u0119tka\u201d to oryginalny kana\u0142 burzowy w kszta\u0142cie owalu, 142-metrowy ceglany tunel, powsta\u0142y w 1926 r., jako jeden z pierwszych odcink\u00f3w miejskiej kanalizacji w \u0141odzi.<\/h3>\n<h3 style=\"text-align: justify;\">(str. 243)<\/h3>\n<h3 style=\"text-align: justify;\"><\/h3>\n<h3 style=\"text-align: justify;\"><span style=\"text-decoration: underline;\"><strong>105:<\/strong><\/span> Temportacja \u201e0\u201d \u2013 teleportacja czasowa maksymalnie kilka sekund do przodu \u201ew miejscu\u201d. Zu\u017cywa stosunkowo ma\u0142o energii, a pozwala unikn\u0105\u0107 paradoks\u00f3w czasowych.<\/h3>\n<h3 style=\"text-align: justify;\">(str. 244)<\/h3>\n<h3 style=\"text-align: justify;\"><\/h3>\n<h3 style=\"text-align: justify;\"><span style=\"text-decoration: underline;\"><strong>107:<\/strong><\/span> <em>Alldeutsche Polizei<\/em> (ADP) \u2013 Policja Wszechniemiecka. Wcze\u015bniejsza nazwa BWP, zmieniona za czas\u00f3w Utkowskiego. Operacja mia\u0142a na celu ocieplenie wizerunku instytucji oraz podkre\u015blenie federacyjno\u015bci IV Rzeszy. Co prawda struktury, ludzie, cele i organizacja pozosta\u0142y niezmienione, ale przynajmniej kto\u015b nieznaj\u0105cy historii \u015awi\u0119tych Niemiec nie kojarzy\u0142 z\u0142ej s\u0142awy ADP z BWP.<\/h3>\n<h3 style=\"text-align: justify;\">(str. 246)<\/h3>\n<h3 style=\"text-align: justify;\"><\/h3>\n<h3 style=\"text-align: justify;\"><span style=\"text-decoration: underline;\"><strong>108:<\/strong><\/span> <em>Schafgarbe<\/em> (niem.) \u2013 krwawnik.<\/h3>\n<h3 style=\"text-align: justify;\">(str. 246)<\/h3>\n<h3 style=\"text-align: justify;\"><\/h3>\n<h3 style=\"text-align: justify;\"><span style=\"text-decoration: underline;\"><strong>109:<\/strong><\/span> <em>Ger\u00e4ucherte Wurst<\/em> (niem.) \u2013 w\u0119dzona kie\u0142basa.<\/h3>\n<h3 style=\"text-align: justify;\">(str. 247)<\/h3>\n<h3 style=\"text-align: justify;\"><\/h3>\n<h3 style=\"text-align: justify;\"><span style=\"text-decoration: underline;\"><strong>110:<\/strong><\/span> Juschendorf z Utkowskim porozumiewa\u0142 si\u0119 po niemiecku, mi\u0119dzy innymi dlatego, \u017ce by\u0142 Niemcem, a dodatkowo w razie spor\u00f3w prawnych to w\u0142a\u015bnie sformu\u0142owania niemieckie by\u0142y rozstrzygaj\u0105ce. Niemniej jednak zna\u0142 polski, cho\u0107 s\u0142abiej ni\u017c Utkowski niemiecki. W \u015awi\u0119tych Niemczech Rezydenci, \u017ceby m\u00f3c przyjmowa\u0107 pacjent\u00f3w lub klient\u00f3w jako prawnicy, musieli zda\u0107 egzamin z j\u0119zyka, natomiast Obywatele pragn\u0105cy obs\u0142ugiwa\u0107 prawnie lub medycznie Rezydent\u00f3w czy Zajmuj\u0105cych nie musieli spe\u0142nia\u0107 takiego wymogu \u2013 nie byli zobowi\u0105zani do potwierdzania znajomo\u015bci danej mowy (polskiej, francuskiej, etc.). Niekt\u00f3rzy Obywatele jak Juschendorf uczyli si\u0119 jednak j\u0119zyka danej populacji. Abstrahuj\u0105c \u2013 wielu szpieg\u00f3w i agent\u00f3w zosta\u0142o zdemaskowanych wskutek niewystarczaj\u0105cej znajomo\u015bci obcego j\u0119zyka (przyk\u0142adowo agenci niemieccy wysy\u0142ani do Wielkiej Brytanii w czasach II wojny \u015bwiatowej).<\/h3>\n<h3 style=\"text-align: justify;\">(str. 247\/248)<\/h3>\n<h3 style=\"text-align: justify;\"><\/h3>\n<h3 style=\"text-align: justify;\"><span style=\"text-decoration: underline;\"><strong>111:<\/strong><\/span> Inaczej <em>tekkomputil<\/em>.<\/h3>\n<h3 style=\"text-align: justify;\">(str. 253)<\/h3>\n<h3 style=\"text-align: justify;\"><\/h3>\n<h3 style=\"text-align: justify;\"><span style=\"text-decoration: underline;\"><strong>112:<\/strong><\/span> Podobnie do nasobnych kamer funkcjonariuszy policji. W naszej rzeczywisto\u015bci pierwsze eksperymenty przeprowadzono w Plymouth w po\u0142udniowej Anglii w 2006 r. Obecnie podobne systemy wdra\u017cane s\u0105 w wielu krajach. Przyk\u0142adowo: w 2016 r. s\u0142u\u017cba wi\u0119zienna stanu Atlanta po raz pierwszy w historii Stan\u00f3w Zjednoczonych Ameryki wyposa\u017cy\u0142a w urz\u0105dzenia do rejestracji obrazu i d\u017awi\u0119ku stra\u017cnik\u00f3w w zak\u0142adach karnych.<\/h3>\n<h3 style=\"text-align: justify;\">(str. 254)<\/h3>\n<h3 style=\"text-align: justify;\"><\/h3>\n<h3 style=\"text-align: justify;\"><span style=\"text-decoration: underline;\"><strong>113:<\/strong><\/span> <em>Interrete<\/em> (esper.) \u2013 on-line.<\/h3>\n<h3 style=\"text-align: justify;\">(str. 256)<\/h3>\n<h3 style=\"text-align: justify;\"><\/h3>\n<h3 style=\"text-align: justify;\"><span style=\"text-decoration: underline;\"><strong>114:<\/strong><\/span> <em>Vermajstroj<\/em> (esper.) \u2013 Mistrzowie Prawdy.<\/h3>\n<h3 style=\"text-align: justify;\">(str. 257)<\/h3>\n<h3 style=\"text-align: justify;\"><\/h3>\n<h3 style=\"text-align: justify;\"><span style=\"text-decoration: underline;\"><strong>115:<\/strong><\/span> <em>Savmisio<\/em> (esper.) \u2013 misja ratunkowa.<\/h3>\n<h3 style=\"text-align: justify;\">(str. 267)<\/h3>\n<h3 style=\"text-align: justify;\"><\/h3>\n<h3 style=\"text-align: justify;\"><span style=\"text-decoration: underline;\"><strong>116:<\/strong><\/span> Jednak\u017ce zgoda musi by\u0107 wydana potem. Podobnie jak ubezw\u0142asnowolnienie i przyj\u0119cie do szpitala psychiatrycznego pacjenta w trybie nag\u0142ym mo\u017ce odby\u0107 si\u0119 bez jego zgody, jednak wymaga to p\u00f3\u017aniejszego zatwierdzenia przez s\u0105d rodzinny.<\/h3>\n<h3 style=\"text-align: justify;\">(str. 267)<\/h3>\n<h3 style=\"text-align: justify;\"><\/h3>\n<h3 style=\"text-align: justify;\"><span style=\"text-decoration: underline;\"><strong>117:<\/strong><\/span> Temiarka od <em>Tempa Mikroonda Armilo<\/em> \u2013 TMA \u2013 bro\u0144 czasowo-mikrofalowa, wykorzystuj\u0105ca magnetron przeno\u015bny w skojarzeniu z kondenserem chronotonowym; opr\u00f3cz baterii grafenowo-jonowych wykorzystuje chronopole wytwarzane przez Baz\u0119 Lunarn\u0105. Bro\u0144 energetyczna, regulowana w zale\u017cno\u015bci od ustawie\u0144 pola chronotonowego i fal mikrofalowych, wywo\u0142uje r\u00f3\u017cne efekty. Standardowe wyposa\u017cenie agent\u00f3w chronointerwencji. Nie zostawia \u015blad\u00f3w opr\u00f3cz chronotonowego promieniowania resztkowego. Jej przeno\u015bny uk\u0142ad chronotonowy by\u0142 inspiracj\u0105 do stworzenia temploka. Wersja pistoletowa to minitemiarka (miniTMA). Nazwa broni powsta\u0142a tak samo jak nazwa promieniowania laserowego. Laser to w rzeczywisto\u015bci akronim od: <em>Light Amplification by Stimulated Emission of Radiation<\/em>, co oznacza wzmocnienie \u015bwiat\u0142a poprzez wymuszon\u0105 emisj\u0119 promieniowania.<\/h3>\n<h3 style=\"text-align: justify;\">(str. 269)<\/h3>\n<h3 style=\"text-align: justify;\"><\/h3>\n<h3 style=\"text-align: justify;\"><span style=\"text-decoration: underline;\"><strong>118:<\/strong><\/span> Efekty dzia\u0142ania broni mikrofalowej (a wi\u0119c energetycznej \u2013 dzia\u0142aj\u0105cej z pr\u0119dko\u015bci\u0105 \u015bwiat\u0142a) by\u0142y testowane w naszej rzeczywisto\u015bci. Do podstawowych nale\u017cy wyst\u0119puj\u0105ce u pora\u017conego wra\u017cenie palenia \u017cywcem z odczuciem przymusu natychmiastowego opuszczenia danego terenu. S\u0105 to tak zwane systemy ADS (Active Denial System) oficjalnie nigdy nie u\u017cyte, ale b\u0119d\u0105ce w posiadaniu nawet polskiej Policji.<\/h3>\n<h3 style=\"text-align: justify;\">(str. 271)<\/h3>\n<h3 style=\"text-align: justify;\"><\/h3>\n<h3 style=\"text-align: justify;\"><span style=\"text-decoration: underline;\"><strong>119:<\/strong><\/span> <em>Fliegerhorst Litzmannstadt<\/em> (niem.) \u2013 lotnisko \u0141\u00f3d\u017a-Lublinek.<\/h3>\n<h3 style=\"text-align: justify;\">(str. 271)<\/h3>\n<h3 style=\"text-align: justify;\"><\/h3>\n<h3 style=\"text-align: justify;\"><span style=\"text-decoration: underline;\"><strong>120:<\/strong><\/span> <em>Flughafen Ok\u0119cie<\/em> (niem.) \u2013 Lotnisko Ok\u0119cie w Warszawie.<\/h3>\n<h3 style=\"text-align: justify;\">(str. 271)<\/h3>\n<h3 style=\"text-align: justify;\"><\/h3>\n<h3 style=\"text-align: justify;\"><span style=\"text-decoration: underline;\"><strong>121:<\/strong><\/span> <em>Warschau<\/em> (niem.) \u2013 Warszawa.<\/h3>\n<h3 style=\"text-align: justify;\">(str. 271)<\/h3>\n<h3 style=\"text-align: justify;\"><\/h3>\n<h3 style=\"text-align: justify;\"><span style=\"text-decoration: underline;\"><strong>122:<\/strong><\/span> <em>Stadtgel\u00e4ndewagen<\/em> (SGW) (niem.) \u2013 miejski SUV, typ samochodu.<\/h3>\n<h3 style=\"text-align: justify;\">(str. 273)<\/h3>\n<h3 style=\"text-align: justify;\"><\/h3>\n<h3 style=\"text-align: justify;\"><span style=\"text-decoration: underline;\"><strong>123:<\/strong><\/span> <em>Karlshof<\/em> (niem.) \u2013 okolica Retkini w \u0141odzi.<\/h3>\n<h3 style=\"text-align: justify;\">(str. 274)<\/h3>\n<h3 style=\"text-align: justify;\"><\/h3>\n<h3 style=\"text-align: justify;\"><span style=\"text-decoration: underline;\"><strong>124:<\/strong><\/span> <em>G\u00f6rnau<\/em> (niem.) \u2013 Zgierz, woj. \u0142\u00f3dzkie.<\/h3>\n<h3 style=\"text-align: justify;\">(str. 274)<\/h3>\n<h3 style=\"text-align: justify;\"><\/h3>\n<h3 style=\"text-align: justify;\"><span style=\"text-decoration: underline;\"><strong>125:<\/strong><\/span> <em>Erbombe<\/em> (niem.) \u2013 potoczna nazwa bomby atomowej w IV Rzeszy.<\/h3>\n<h3 style=\"text-align: justify;\">(str. 287)<\/h3>\n<h3 style=\"text-align: justify;\"><\/h3>\n<h3 style=\"text-align: justify;\"><span style=\"text-decoration: underline;\"><strong>126:<\/strong><\/span> <em>Hilfsbombe<\/em> (niem.) \u2013 inna, mniej rozpowszechniona, nazwa broni nuklearnej w \u015awi\u0119tych Niemczech.<\/h3>\n<h3 style=\"text-align: justify;\">(str. 288)<\/h3>\n<h3 style=\"text-align: justify;\"><\/h3>\n<h3 style=\"text-align: justify;\"><span style=\"text-decoration: underline;\"><strong>127:<\/strong><\/span> Ma\u0142a Peenem\u00fcnde \u2013 \u0141eba, tutaj: \u0141ebskie Centrum Kosmiczne.<\/h3>\n<h3 style=\"text-align: justify;\">(str. 291)<\/h3>\n<h3 style=\"text-align: justify;\"><\/h3>\n<h3 style=\"text-align: justify;\"><span style=\"text-decoration: underline;\"><strong>128:<\/strong><\/span> <em>Klessengrund<\/em> (niem.) \u2013 Kletno.<\/h3>\n<h3 style=\"text-align: justify;\">(str. 291)<\/h3>\n<h3 style=\"text-align: justify;\"><\/h3>\n<h3 style=\"text-align: justify;\"><span style=\"text-decoration: underline;\"><strong>129:<\/strong><\/span> Troch\u0119 jak Korei P\u00f3\u0142nocnej, zw\u0142aszcza uwzgl\u0119dniaj\u0105c jej oficjaln\u0105 nazw\u0119: \u201eKorea\u0144ska Republika Ludowo-Demokratyczna\u201d.<\/h3>\n<h3 style=\"text-align: justify;\">(str. 293)<\/h3>\n<h3 style=\"text-align: justify;\"><\/h3>\n<h3 style=\"text-align: justify;\"><span style=\"text-decoration: underline;\"><strong>130:<\/strong><\/span> Od <em>erl\u00f6sen<\/em> (niem.) \u2013 wybawi\u0107, zbawi\u0107, odkupi\u0107 grzechy.<\/h3>\n<h3 style=\"text-align: justify;\">(str. 294)<\/h3>\n<h3 style=\"text-align: justify;\"><\/h3>\n<h3 style=\"text-align: justify;\"><span style=\"text-decoration: underline;\"><strong>131:<\/strong><\/span> TNN \u2013 telewizyjna stacja informacyjna w USA.<\/h3>\n<h3 style=\"text-align: justify;\">(str. 297)<\/h3>\n<h3 style=\"text-align: justify;\"><\/h3>\n<h3 style=\"text-align: justify;\"><span style=\"text-decoration: underline;\"><strong>132:<\/strong><\/span> X-org u\u017cywa\u0142a podw\u00f3jnego systemu stopni \u2013 naukowych i funkcyjnych, kt\u00f3re cz\u0119sto si\u0119\u00a0 pokrywa\u0142y, ale nie zawsze. Stopnie naukowe to: profesor, docent, czyli doktor habilitowany,\u00a0 doktor nauk, magister; natomiast stopnie funkcyjne to: rekrut, sta\u017cysta, m\u0142odszy asystent,\u00a0 starszy asystent, adiunkt i profmastro \u2013 oraz ponadzak\u0142adowe \u2013 dziekan (wydzia\u0142u), dekan (departamentu\/ dekanatu), rektor (bazy), rektor generalny. Dodatek \u201epolowy\u201d przys\u0142ugiwa\u0142 cz\u0142onkom z du\u017cym do\u015bwiadczeniem w misjach terenowych oraz cz\u0142onkom Biura Chronointerwencji Zewn\u0119trznych. Dla przyk\u0142adu Boleslav Woloczensky by\u0142 profesorem w stopniu adiunkta w Zak\u0142adzie Historii Wsp\u00f3\u0142czesnej.<\/h3>\n<h3 style=\"text-align: justify;\">(str. 298)<\/h3>\n<h3 style=\"text-align: justify;\"><\/h3>\n<h3 style=\"text-align: justify;\"><span style=\"text-decoration: underline;\"><strong>133:<\/strong><\/span> W nawi\u0105zaniu: \u201eCzy zawsze to, co widzimy i s\u0142yszymy, jest tym, czym si\u0119 wydaje?\u201d \u2013 takim komentarzem brytyjska stacja telewizyjna Channel 4 opatrzy\u0142a nagranie, kt\u00f3re wyemitowa\u0142a na swojej antenie w Wigili\u0119 2020 r. W materiale prezentuj\u0105cym \u201ealternatywne \u017cyczenia\u201d od kr\u00f3lowej El\u017cbiety u\u017cyto technologii deep fake. \u0179r\u00f3d\u0142o: https:\/\/www.spidersweb.pl\/rozrywka\/2020\/12\/28\/deepfake-krolowa-elzbieta-oredzie-dezinformacja\/<\/h3>\n<h3 style=\"text-align: justify;\">(str. 302)<\/h3>\n<h3 style=\"text-align: justify;\"><\/h3>\n<h3 style=\"text-align: justify;\"><span style=\"text-decoration: underline;\"><strong>134:<\/strong><\/span> <em>Wolfsschanze<\/em> (niem.) \u2013 Wilczy Szaniec, jedna z kwater g\u0142\u00f3wnych Hitlera (ulubiona) w czasie II wojny \u015bwiatowej, po\u0142o\u017cona pomi\u0119dzy Goerlitz a Rastenburgiem (Gier\u0142o\u017c\u0105 i K\u0119trzynem) w Prusach Wschodnich. 20 lipca 1944 r. dosz\u0142o w niej do zamachu na Hitlera dokonanego przez p\u0142k. Clausa von Stauffenberga. Wilczy Szaniec by\u0142 cz\u0119sto przez sta\u0142ych bywalc\u00f3w nazywany Miastem Komar\u00f3w.<\/h3>\n<h3 style=\"text-align: justify;\">(str. 304)<\/h3>\n<h3 style=\"text-align: justify;\"><\/h3>\n<h3 style=\"text-align: justify;\"><span style=\"text-decoration: underline;\"><strong>135:<\/strong><\/span> Poniewa\u017c jednostk\u0105 energii chronotonowej by\u0142 zdziech (od nazwiska badacza Arkadego Zdziecha), tworzenie jednostek pokrewnych poprzez zastosowanie standardowych przedrostk\u00f3w dawa\u0142o odpowiednio: kilozdziechy, megazdziechy, gigazdziechy, ale tak\u017ce mikrozdziechy, nanozdziechy, pikozdziechy. W tym wypadku megazdziech to milion (10<sup>6<\/sup><strong><\/strong>) zdziech\u00f3w.<\/h3>\n<h3 style=\"text-align: justify;\">(str. 305)<\/h3>\n<h3 style=\"text-align: justify;\"><\/h3>\n<h3 style=\"text-align: justify;\"><span style=\"text-decoration: underline;\"><strong>136:<\/strong><\/span> <em>Angerburg<\/em> (niem.) \u2013 W\u0119gorzewo.<\/h3>\n<h3 style=\"text-align: justify;\">(str. 317)<\/h3>\n<h3 style=\"text-align: justify;\"><\/h3>\n<h3 style=\"text-align: justify;\"><span style=\"text-decoration: underline;\"><strong>137:<\/strong><\/span> Lech \u2013 nazwa waluty polskiej, zaproponowana w 1919 r. przez Polsk\u0105 Krajow\u0105 Kas\u0119 Po\u017cyczkow\u0105 \u2013 instytucj\u0119 emisyjn\u0105 Rzeczypospolitej Polskiej. Mia\u0142a zast\u0105pi\u0107 mark\u0119 polsk\u0105 \u2013 jednostk\u0119 monetarn\u0105 odziedziczon\u0105 po pa\u0144stwie niemieckim. Nazwa \u201elech\u201d mia\u0142a by\u0107 nadana dekretem Naczelnika Pa\u0144stwa J\u00f3zefa Pi\u0142sudskiego i jako nazwa przysz\u0142ej waluty polskiej znalaz\u0142a si\u0119 w projekcie ustawy, kt\u00f3r\u0105 \u00f3wczesny minister skarbu J\u00f3zef Englich przedstawi\u0142 Sejmowi. Sejm przyj\u0105\u0142 t\u0119 ustaw\u0119, zmieniaj\u0105c nazw\u0119 na z\u0142oty. \u0179r\u00f3d\u0142o: Wikipedia.<\/h3>\n<h3 style=\"text-align: justify;\">(str. 322)<\/h3>\n<h3 style=\"text-align: justify;\"><\/h3>\n<h3 style=\"text-align: justify;\"><span style=\"text-decoration: underline;\"><strong>138:<\/strong><\/span> <em>M\u00fcckenheim<\/em> (niem.) \u2013 Miasto Komar\u00f3w, nieoficjalna nazwa Wilczego Sza\u0144ca.<\/h3>\n<h3 style=\"text-align: justify;\">(str. 324)<\/h3>\n<h3 style=\"text-align: justify;\"><span style=\"text-decoration: underline;\"><strong><\/strong><\/span><\/h3>\n<h3 style=\"text-align: justify;\"><span style=\"text-decoration: underline;\"><strong>139: <\/strong><\/span>Przep\u0142yw informacji w X-org, jak wida\u0107, podobny by\u0142 do kultury dzielenia si\u0119 wiadomo\u015bciami w wielu wsp\u00f3\u0142czesnych instytucjach. Cz\u0119sto o dzia\u0142aniach jednego ministerstwa drugie dowiaduje si\u0119&#8230; z medi\u00f3w.<\/h3>\n<h3 style=\"text-align: justify;\">(str. 334)<\/h3>\n<p>&nbsp;<\/p>\n<h3 style=\"text-align: justify;\"><span style=\"text-decoration: underline;\"><strong>140:<\/strong><\/span> Pusty lub prawie pusty e-mail na dany adres.<\/h3>\n<h3 style=\"text-align: justify;\">(str. 338)<\/h3>\n<h3 style=\"text-align: justify;\"><\/h3>\n<h3 style=\"text-align: justify;\"><span style=\"text-decoration: underline;\"><strong>141:<\/strong><\/span> <em>Malaltan profilon<\/em> (esper.) \u2013 dzia\u0142anie po cichu, bez wzbudzania podejrze\u0144 (ang. <em>low profile<\/em>).<\/h3>\n<h3 style=\"text-align: justify;\">(str. 342)<\/h3>\n<h3 style=\"text-align: justify;\"><\/h3>\n<h3 style=\"text-align: justify;\"><span style=\"text-decoration: underline;\"><strong>142:<\/strong><\/span> Sozologia \u2013 dziedzina nauki zajmuj\u0105ca si\u0119 zagadnieniami ochrony przyrody.<\/h3>\n<h3 style=\"text-align: justify;\">(str. 344)<\/h3>\n<h3 style=\"text-align: justify;\"><\/h3>\n<h3 style=\"text-align: justify;\"><span style=\"text-decoration: underline;\"><strong>143:<\/strong><\/span> \u53d1\u9a9a (chi\u0144.) \u2013 lubie\u017cna, rozpustna; dos\u0142ownie: rozsiewaj\u0105ca kokieteri\u0119, lubie\u017cno\u015b\u0107, po\u017c\u0105dliwo\u015b\u0107.<\/h3>\n<h3 style=\"text-align: justify;\">(str. 347)<\/h3>\n<h3 style=\"text-align: justify;\"><\/h3>\n<h3 style=\"text-align: justify;\"><span style=\"text-decoration: underline;\"><strong>144:<\/strong><\/span> <em>Bonege<\/em> (esper.) \u2013 \u015bwietnie.<\/h3>\n<h3 style=\"text-align: justify;\">(str. 348)<\/h3>\n<h3 style=\"text-align: justify;\"><\/h3>\n<h3 style=\"text-align: justify;\"><span style=\"text-decoration: underline;\"><strong>145:<\/strong><\/span> <em>Ziemlich gut<\/em> (niem.) \u2013 ca\u0142kiem dobrze.<\/h3>\n<h3 style=\"text-align: justify;\">(str. 353)<\/h3>\n<h3 style=\"text-align: justify;\"><\/h3>\n<h3 style=\"text-align: justify;\"><span style=\"text-decoration: underline;\"><strong>146:<\/strong><\/span> <em>Elektropaneo<\/em> (esper.) \u2013 zaciemnienie, awaria systemu powoduj\u0105ca brak energii elektrycznej (ang. <em>blackout<\/em>).<\/h3>\n<h3 style=\"text-align: justify;\">(str. 354)<\/h3>\n<h3 style=\"text-align: justify;\"><\/h3>\n<h3 style=\"text-align: justify;\"><span style=\"text-decoration: underline;\"><strong>147:<\/strong><\/span> <em>Jaguarmovo<\/em> (esper.) \u2013 skok jaguara.<\/h3>\n<h3 style=\"text-align: justify;\">(str. 360)<\/h3>\n<h3 style=\"text-align: justify;\"><\/h3>\n<h3 style=\"text-align: justify;\"><span style=\"text-decoration: underline;\"><strong>148:<\/strong><\/span> Ambu, worek ambu \u2013 narz\u0119dzie mi\u0119dzy innymi do prowadzenia r\u0119cznie sztucznej wentylacji pacjenta.<\/h3>\n<h3 style=\"text-align: justify;\">(str. 364)<\/h3>\n<h3 style=\"text-align: justify;\"><\/h3>\n<h3 style=\"text-align: justify;\"><span style=\"text-decoration: underline;\"><strong>149:<\/strong><\/span> <em>Cito<\/em> (\u0142ac.) \u2013 w \u017cargonie medycznym oznacza szybko, na ju\u017c, na teraz, jak najszybciej.<\/h3>\n<h3 style=\"text-align: justify;\">(str. 364)<\/h3>\n<h3 style=\"text-align: justify;\"><\/h3>\n<h3 style=\"text-align: justify;\"><span style=\"text-decoration: underline;\"><strong>150:<\/strong><\/span> Tak zwyczajowo w DEiP okre\u015blano dawnych dziekan\u00f3w, dekan\u00f3w, rektor\u00f3w po zako\u0144czeniu piastowania danego stanowiska.<\/h3>\n<h3 style=\"text-align: justify;\">(str. 377)<\/h3>\n<h3 style=\"text-align: justify;\"><\/h3>\n<h3 style=\"text-align: justify;\"><span style=\"text-decoration: underline;\"><strong>151:<\/strong><\/span> Tygodnik <em>\u201eDer St\u00fcrmer\u201d<\/em> i dziennik <em>\u201eV\u00f6lkischer Beobachter\u201d<\/em> (pol. \u201eSzturmowiec\u201d i \u201eObserwator Ludowy\u201d) \u2013 gazety niemieckie wydawane do 1945 r. w III Rzeszy.<\/h3>\n<h3 style=\"text-align: justify;\">(str. 383)<\/h3>\n<h3 style=\"text-align: justify;\"><\/h3>\n<h3 style=\"text-align: justify;\"><span style=\"text-decoration: underline;\"><strong>152:<\/strong><\/span> <em>SS F\u00fchrerbegleitkommando (SS FBK), F\u00fchrerbegleitbataillon (FBB)<\/em> \u2013 Batalion Przyboczny\u00a0 Wodza oraz <em>SS Reichssicherheistdienst (RSD)<\/em> \u2013 S\u0142u\u017cba Ochrony Rzeszy (lub Pa\u0144stwa) \u2013 formacje odpowiadaj\u0105ce za ochron\u0119 F\u00fchrera w Wilczym Sza\u0144cu w 1944 r.; najliczniejsza by\u0142a FBK.<\/h3>\n<h3 style=\"text-align: justify;\">(str. 385)<\/h3>\n<h3 style=\"text-align: justify;\"><\/h3>\n<h3 style=\"text-align: justify;\"><span style=\"text-decoration: underline;\"><strong>153:<\/strong><\/span> Hans Zoss \u2013 fikcyjny porucznik Wehrmachtu, funkcyjny (pomocniczy) adiutant pu\u0142kownika Stauffenberga, w kt\u00f3rego si\u0119 wcieli\u0142 Adam Utkowski.<\/h3>\n<h3 style=\"text-align: justify;\">(str. 386)<\/h3>\n<h3 style=\"text-align: justify;\"><\/h3>\n<h3 style=\"text-align: justify;\"><span style=\"text-decoration: underline;\"><strong>154:<\/strong><\/span> OT \u2013 Ogranizacja Todt za\u0142o\u017cona przez in\u017cyniera Fritza Todta; nale\u017c\u0105ce do niej firmy\u00a0 zbudowa\u0142y wiele obiekt\u00f3w i fortyfikacji zaprojektowanych w III Rzeszy.<\/h3>\n<h3 style=\"text-align: justify;\">(str. 388)<\/h3>\n<h3 style=\"text-align: justify;\"><\/h3>\n<h3 style=\"text-align: justify;\"><span style=\"text-decoration: underline;\"><strong>155:<\/strong><\/span> <em>Fajromuro<\/em> (esper.), <em>firewall<\/em> (ang.) \u2013 zabezpieczenie programowe maj\u0105ce nie dopu\u015bci\u0107 do nieautoryzowanego dost\u0119pu.<\/h3>\n<h3 style=\"text-align: justify;\">(str. 395)<\/h3>\n<h3 style=\"text-align: justify;\"><\/h3>\n<h3 style=\"text-align: justify;\"><span style=\"text-decoration: underline;\"><strong>156:<\/strong><\/span> W Biurze Integralno\u015bci, jak wsz\u0119dzie w DEiP, pos\u0142ugiwano si\u0119 tym samym systemem stopni, co w zak\u0142adach stricte naukowych, dlatego Agneau zwraca si\u0119 do Spielmann per \u201easystentko\u201d.<\/h3>\n<h3 style=\"text-align: justify;\">(str. 400)<\/h3>\n<h3 style=\"text-align: justify;\"><\/h3>\n<h3 style=\"text-align: justify;\"><span style=\"text-decoration: underline;\"><strong>157:<\/strong><\/span> Ze wzgl\u0119du na odmienne \u015bcie\u017cki rozwoju technologicznego w tej rzeczywisto\u015bci nie by\u0142o powszechnego systemu SMS-\u00f3w, nawet w organizacji. Spraw\u0119 komplikowa\u0142 fakt, \u017ce rozw\u00f3j orgteli niejako utrudnia\u0142 rozw\u00f3j tej formy komunikacji.<\/h3>\n<h3 style=\"text-align: justify;\">(str. 406)<\/h3>\n<h3 style=\"text-align: justify;\"><\/h3>\n<h3 style=\"text-align: justify;\"><span style=\"text-decoration: underline;\"><strong>158:<\/strong><\/span> <em>Tempocentro<\/em> (esper.) \u2013 Centrum Czasu, inaczej <em>Tempokontrola Halo<\/em> (Sala Nadzoru Czasowego) \u2013 sala kontroli czasu, chronotarcz i wszystkiego, co jest zwi\u0105zane z interwencjami czasowymi. Nowo\u015b\u0107 pozostaj\u0105ca w fazie funkcjonalnego prototypu. Projekt Salvatore Esposita i rektora oraz kilku innych os\u00f3b.<\/h3>\n<h3 style=\"text-align: justify;\">(str. 413)<\/h3>\n<h3 style=\"text-align: justify;\"><\/h3>\n<h3 style=\"text-align: justify;\"><span style=\"text-decoration: underline;\"><strong>159:<\/strong><\/span> W \u015awi\u0119tych Niemczech od kilkudziesi\u0119ciu lat nie obowi\u0105zywa\u0142 formalny nakaz osobnych klas dla poszczeg\u00f3lnych typ\u00f3w mieszka\u0144c\u00f3w. Jednak\u017ce istnia\u0142o wiele nieformalnych sposob\u00f3w, by Zajmuj\u0105cy ko\u0144czyli z regu\u0142y tylko szko\u0142y podstawowe wzgl\u0119dnie bran\u017cowe lub zawodowe, Rezydenci zdobywali wykszta\u0142cenie \u015brednie, a Obywatele ko\u0144czyli studia. Oczywi\u015bcie zdarza\u0142y si\u0119 wyj\u0105tki. Kwestie przyjmowania do okre\u015blonych zawod\u00f3w i kierunk\u00f3w szk\u00f3\u0142 regulowane by\u0142y przyk\u0142adowo przez systemy punktowe, z klasycznymi punktami za pochodzenie.<\/h3>\n<h3 style=\"text-align: justify;\">(str. 429)<\/h3>\n<h3 style=\"text-align: justify;\"><\/h3>\n<h3 style=\"text-align: justify;\"><span style=\"text-decoration: underline;\"><strong>160:<\/strong><\/span> Bereza Kartuska, miejsce odosobnienia w Berezie Kartuskiej, gdzie zsy\u0142ano na mocy decyzji administracyjnej (czyli tak jak teraz w Polsce odbierane jest prawo jazdy za przekroczenie pr\u0119dko\u015bci) oponent\u00f3w politycznych \u00f3wczesnych w\u0142adz. Istnia\u0142o w latach 1934\u20131939. Niekt\u00f3rzy uznaj\u0105 je za ob\u00f3z koncentracyjny. Skala by\u0142a nieco inna \u2013 maksymalnie trzysta do trzech tysi\u0119cy przetrzymywanych os\u00f3b. W IV Rzeszy \u2013 jeden z element\u00f3w polityki historycznej maj\u0105cej uzasadni\u0107 panowanie nad Polakami, liczb\u0119 ofiar podawano w tysi\u0105cach.<\/h3>\n<h3 style=\"text-align: justify;\">(str. 433\/434)<\/h3>\n<h3 style=\"text-align: justify;\"><\/h3>\n<h3 style=\"text-align: justify;\"><span style=\"text-decoration: underline;\"><strong>161:<\/strong><\/span> J\u00fcrgen von Ente to dos\u0142ownie: J\u00fcrgen von Kaczka podobnie jak Helmut Kohl to Helmut Kapusta.<\/h3>\n<h3 style=\"text-align: justify;\">(str. 434)<\/h3>\n<h3 style=\"text-align: justify;\"><\/h3>\n<h3 style=\"text-align: justify;\"><span style=\"text-decoration: underline;\"><strong>162:<\/strong><\/span> Wi\u0119cej zob. Kaligula \u2013 Gaius Iulius Caesar Germanicus, jego ko\u0144 \u2013 Incitatus; zob. te\u017c prawo kanoniczne, przewiduje ono brak mo\u017cliwo\u015bci rozwod\u00f3w, tylko UNIEWA\u017bNIENIE ma\u0142\u017ce\u0144stwa, tzn. uznanie go za NIEBY\u0141E; zmiany zachowa\u0144 spowodowane guzami m\u00f3zgu \u2013 zob. materia\u0142y medyczne. Nawiasem m\u00f3wi\u0105c, cz\u0119\u015b\u0107 historyk\u00f3w uwa\u017ca, \u017ce charakter rz\u0105d\u00f3w cesarza wynika\u0142 po cz\u0119\u015bci z przej\u015bcia ci\u0119\u017ckiego zapalenia m\u00f3zgu i nast\u0119puj\u0105cej po niej charakteropatii. Co mo\u017ce w\u0142adca, je\u015bli rz\u0105dzi samodzielnie? Czy w chwili obecnej nie ma kraj\u00f3w, w kt\u00f3rych wyst\u0119puje praktyczne jedynow\u0142adztwo? Czy nie stanowi to zagro\u017cenia dla obywateli oraz pa\u0144stw o\u015bciennych? Patrz rozdzia\u0142 \u2013 Addendum \u2013 Federacja Europejska.<\/h3>\n<h3 style=\"text-align: justify;\">(str. 435)<\/h3>\n<h3 style=\"text-align: justify;\"><\/h3>\n<h3 style=\"text-align: justify;\"><span style=\"text-decoration: underline;\"><strong>163:<\/strong><\/span> <em>Krakau<\/em> (niem.) \u2013 Krak\u00f3w<\/h3>\n<h3 style=\"text-align: justify;\">(str. 435)<\/h3>\n<h3 style=\"text-align: justify;\"><\/h3>\n<h3 style=\"text-align: justify;\"><span style=\"text-decoration: underline;\"><strong>164:<\/strong><\/span> Oczywi\u015bcie Ignacy D\u0119bowski zwany \u201eKurskim\u201d jest postaci\u0105 fikcyjn\u0105. Wszelkie podobie\u0144stwa s\u0105 ca\u0142kowicie przypadkowe, ale zainteresowanych inspiracjami odsy\u0142am do wydarzenia, kt\u00f3re zasz\u0142o w Rzeczpospolitej Polskiej w roku pa\u0144skim 2020. Pan pe\u0142ni\u0105cy obowi\u0105zki prezesa telewizji publicznej, cz\u0142onek partii rz\u0105dz\u0105cej Prawo i Sprawiedliwo\u015b\u0107, oko\u0142o 50-letni m\u0119\u017cczyzna Jacek Kurski wzi\u0105\u0142 PONOWNIE \u015blub ko\u015bcielny z nast\u0119pn\u0105 swoj\u0105 wybrank\u0105. Wed\u0142ug wiary katolickiej i prawa kanonicznego NIE jest to mo\u017cliwe, czyli wzi\u0105\u0142 pierwszy, jedyny \u015blub\u2026 po raz drugi. \u00d3w pan jest ultrakatolikiem i jednym z naczelnych bojownik\u00f3w o \u201ewarto\u015bci rodzinne\u201d oparte na tradycji katolickiej. <strong>Ko\u015bci\u00f3\u0142 katolicki i jego prawo NIE przewiduje rozwod\u00f3w.<\/strong> Zwykli obywatele, kt\u00f3rzy wcze\u015bniej mieli \u015blub ko\u015bcielny, nawet po rozwodzie cywilnym teoretyczne pozostaj\u0105 w \u201enierozerwalnym zwi\u0105zku ma\u0142\u017ce\u0144skim do ko\u0144ca swoich dni oraz w \u017cyciu wiecznym\u201d z pierwsz\u0105 swoj\u0105 wybrank\u0105. Druga i nast\u0119pne partnerki s\u0105 wed\u0142ug prawa kanonicznego traktowane jak na\u0142o\u017cnice, a taki m\u0119\u017cczyzna \u017cyje w wiecznym grzechu, pot\u0119piony na wieki. Jedyn\u0105 mo\u017cliwo\u015bci\u0105, aby zmaza\u0107 t\u0105 ha\u0144b\u0119, jest wr\u00f3ci\u0107 do swojej pierwszej wybranki lub <strong>UNIEWA\u017bNI\u0106<\/strong> \u015blub ko\u015bcielny. Co znaczy uniewa\u017cnienie? To uznanie ma\u0142\u017ce\u0144stwa za <strong>NIEZAISTNIA\u0141E<\/strong> wskutek ludzkiego niedopatrzenia lub dzia\u0142ania w z\u0142ej wierze, ukrycia istotnych dysfunkcji jednego z partner\u00f3w, ale UWAGA: w momencie \u015blubu, NIE za\u015b po nim.<\/h3>\n<h3 style=\"text-align: justify;\">Dos\u0142ownie prawo kanoniczne stwierdza:<br \/>Kan. 1095.<br \/><strong>Niezdolni do zawarcia<\/strong> ma\u0142\u017ce\u0144stwa s\u0105 ci, kt\u00f3rzy:<br \/>1\u00b0 s\u0105 pozbawieni wystarczaj\u0105cego u\u017cywania rozumu;<br \/>2\u00b0 maj\u0105 powa\u017cny brak rozeznania oceniaj\u0105cego co do istotnych praw i obowi\u0105zk\u00f3w ma\u0142\u017ce\u0144skich wzajemnie przekazywanych i przyjmowanych;<br \/>3\u00b0 z przyczyn natury psychicznej <strong>nie s\u0105 zdolni podj\u0105\u0107<\/strong> istotnych obowi\u0105zk\u00f3w ma\u0142\u017ce\u0144skich.<br \/><strong>UWAGA: W momencie \u015blubu, A NIE P\u00d3\u0179NIEJ.<\/strong><\/h3>\n<h3 style=\"text-align: justify;\">Gwoli \u015bcis\u0142o\u015bci \u2013 punkt 3 mo\u017ce by\u0107 stwierdzony po \u015blubie. Do istotnych obowi\u0105zk\u00f3w nale\u017cy na przyk\u0142ad opieka i posiadanie dzieci, tak zwana \u201ekonsumpcja ma\u0142\u017ce\u0144stwa\u201d. Z chwil\u0105 posiadania dzieci niezwykle trudno udowodni\u0107, \u017ce nie zosta\u0142y podj\u0119te istotne obowi\u0105zki ma\u0142\u017ce\u0144skie. Panu Kurskiemu w AD 2020 jednak UDA\u0141O SI\u0118! <strong>Po 25 latach ma\u0142\u017ce\u0144stwa, b\u0142ogos\u0142awionego przez samego papie\u017ca, i posiadaniu tr\u00f3jki dzieci uda\u0142o mu si\u0119 dowie\u015b\u0107, \u017ce jego ma\u0142\u017ce\u0144stwo NIGDY NIE ZAISTNIA\u0141O!<\/strong> Zgodnie z wol\u0105 Chrystusa. Albowiem w religii katolickiej to kap\u0142ani, szczeg\u00f3lnie biskupi, s\u0105 jedynymi uznawanymi interpretatorami i wyrazicielami woli bo\u017cej. Tutaj niezwykle \u0142agodny metropolita krakowski arcybiskup J\u0119draszewski i jego przyboczni najpierw uniewa\u017cnili pierwsze ma\u0142\u017ce\u0144stwo, a potem, w 2020 r., pozwolili na ponowny \u015blub ko\u015bcielny. Pono\u0107 uniewa\u017cniono \u015blub z powodu niezdolno\u015bci psychicznej (czyli upo\u015bledzenia?) pana Kurskiego. W takim razie nasuwa si\u0119 pytanie, czy cz\u0142owiek niezdolny psychicznie do ma\u0142\u017ce\u0144stwa jest zdolny piastowa\u0107 jakiekolwiek stanowiska. Oczywi\u015bcie \u017ce nie, zatem prawdziwe powody s\u0105 inne.<\/h3>\n<h3 style=\"text-align: justify;\">Jednak to dobrze! Dlaczego?<\/h3>\n<h3 style=\"text-align: justify;\"><strong>PANOWIE, szczeg\u00f3lnie ci wierz\u0105cy! Nie musicie \u017cy\u0107 w grzechu! Nie musicie obawia\u0107 si\u0119 wiecznego pot\u0119pienia! Pan Kurski wyznaczy\u0142 nam kierunek!<\/strong><\/h3>\n<h3 style=\"text-align: justify;\">Je\u015bli po 20 latach ma\u0142\u017ce\u0144stwa znudzi si\u0119 wam partnerka, a macie ochot\u0119 poch\u0119do\u017cy\u0107 przyk\u0142adowo znajom\u0105 syna z jego studi\u00f3w, 20 lat od was m\u0142odsz\u0105, kt\u00f3ra zakocha\u0142a si\u0119 w was z powodu m\u0119sko\u015bci wyra\u017canej odniesionym sukcesem, pozycj\u0105 i wielko\u015bci\u0105 konta bankowego (Panowie, kto z nas by tego nie chcia\u0142? \u2013 szczeg\u00f3lnie ci w wieku 40+), nie musicie tego robi\u0107 skrycie, nie musicie mie\u0107 poczucia winy! Wystarczy uniewa\u017cni\u0107 \u015blub ko\u015bcielny! Okazuje si\u0119 \u017ce B\u00f3g i chrze\u015bcija\u0144ski Jezus Chrystus s\u0105 \u2013 dzia\u0142aj\u0105c poprzez swoje narz\u0119dzia \u2013 kap\u0142an\u00f3w i biskup\u00f3w \u2013 bardzo \u0142askawi wobec nas. Zw\u0142aszcza tych z wymienionymi przymiotami \u2013 pozycj\u0105, sukcesem i pe\u0142nym portfelem. Mo\u017ce to w\u0142a\u015bnie oni BARDZIEJ ni\u017c inni wyra\u017caj\u0105 wol\u0119 bo\u017c\u0105? Chrystus (przez biskup\u00f3w) mo\u017ce dokona\u0107 nawet niemo\u017cliwego. Nawet CUDU!<\/h3>\n<h3 style=\"text-align: justify;\"><strong>Panowie!<\/strong><\/h3>\n<h3 style=\"text-align: justify;\"><strong>B\u0105d\u017acie pe\u0142ni wiary!<\/strong> Da si\u0119 wsp\u00f3\u0142\u017cy\u0107 z wi\u0119cej ni\u017c jedn\u0105 \u017con\u0105 na legalu! NARESZCIE! (chyba \u017ce tr\u00f3jka dzieci pana Kurskiego z pierwszego ma\u0142\u017ce\u0144stwa jest z nieprawego \u0142o\u017ca albo zosta\u0142a\u2026 niepokalanie pocz\u0119ta). W ko\u0144cu przypadek pana Kurskiego pokazuje, \u017ce B\u00f3g Ojciec i Jezus Chrystus s\u0105? M\u0119\u017cczyznami. M\u0119\u017cczyznami przez du\u017ce \u201eM\u201d, m\u0119\u017cczyznami z prawdziwymi jajami. Oni nas rozumiej\u0105. Przecie\u017c metropolita krakowski, uniewa\u017cniaj\u0105c pierwsze ma\u0142\u017ce\u0144stwo z 25-letnim sta\u017cem i pozwalaj\u0105c na drugie, jest wyrazicielem woli Bo\u017cej. Tak, Chrystus nam wybaczy. Kto wie, mo\u017ce przez przypadek pana Kurskiego AD 2020 mo\u017cna p\u00f3j\u015b\u0107 dalej? Mo\u017ce B\u00f3g wybaczy(?), uzna(?), \u017ce mi\u0142o\u015b\u0107 mo\u017ce kwitn\u0105\u0107 mi\u0119dzy t\u0105 sam\u0105 p\u0142ci\u0105, a mo\u017ce nawet mi\u0119dzy gatunkami (cz\u0142owiek\u2013owca lub mo\u017ce znany ze staro\u017cytno\u015bci zwi\u0105zek cz\u0142owiek\u2013ko\u0144 i inne kombinacje). W ko\u0144cu wed\u0142ug nauki ko\u015bcio\u0142a chrze\u015bcija\u0144skiego przykazania mi\u0142o\u015bci s\u0105 najwa\u017cniejszymi przykazaniami dla cz\u0142owieka! Przypadek pana Kurskiego pokazuje r\u00f3wnie\u017c, \u017ce mo\u017cna pokona\u0107 niedasizm. Skoro tak, to mo\u017ce da si\u0119 uzna\u0107 inne gatunki za naszych bli\u017anich?<br \/>\u201eB\u0119dziesz mi\u0142owa\u0142 Pana Boga swego z ca\u0142ego serca swego, z ca\u0142ej duszy swojej i ze wszystkich si\u0142 swoich, a bli\u017aniego swego jak siebie samego\u201d (ka\u017cdego bli\u017aniego).<\/h3>\n<h3 style=\"text-align: justify;\"><strong>Panowie!<\/strong><\/h3>\n<h3 style=\"text-align: justify;\">Je\u015bli chu\u0107 ko\u0142o czterdziestki lub pi\u0119\u0107dziesi\u0105tki podpowiada wam, \u017ce macie zmieni\u0107 \u017con\u0119, to nie jeste\u015bcie skazani na pot\u0119pienie wieczne! Kierujcie si\u0119 natychmiast do archidiecezji krakowskiej celem uniewa\u017cnienia ma\u0142\u017ce\u0144stwa. Przecie\u017c posiadanie dzieci i po\u017cycie przez kilkadziesi\u0105t lat nie \u015bwiadczy o spe\u0142nionym ma\u0142\u017ce\u0144stwie!<\/h3>\n<h3 style=\"text-align: justify;\">Pami\u0119tajcie! W razie opor\u00f3w w\u0142adz ko\u015bcielnych pokazujcie casus pana Jacka Kurskiego AD 2020. We\u017acie namiary na jego adwokat\u00f3w, skorzystajcie z us\u0142ug ksi\u0119\u017cy, kt\u00f3rzy prowadzili tak pomy\u015blnie jego spraw\u0119. Skorzystajcie te\u017c z tego samego s\u0105du ko\u015bcielnego, co on, tego, kt\u00f3ry tak \u0142agodnie go potraktowa\u0142! Przecie\u017c B\u00f3g Ojciec i Jezus Chrystus to m\u0119\u017cczy\u017ani, oni nas rozumiej\u0105. Posiadanie jednej \u017cony do ko\u0144ca \u017cycia jest niemal\u017ce, mo\u017cna powiedzie\u0107, wytworem staro\u017cytnych feministek. Utrzymanie partnerki, kt\u00f3ra z punktu widzenia biologicznego u ssak\u00f3w ponosi wi\u0119ksze koszty opieki nad m\u0142odymi (nawet bior\u0105c pod uwag\u0119 tylko sam\u0105 ci\u0105\u017c\u0119), jest w interesie kobiet, a nie nas, m\u0119\u017cczyzn, byk\u00f3w rozp\u0142odowych. Opieka nad kobiet\u0105 do ko\u0144ca \u017cycia jest ANTYM\u0118SKA. Pan Kurski pokazuje nam dobry kierunek \u2013 KA\u017bDY MO\u017bE mie\u0107 drugi model, a nawet mo\u017ce trzeci i kolejny lepszy. Ka\u017cdy z nas mo\u017ce wymieni\u0107 kobiet\u0119 jak\u2026 stary smartfon.<\/h3>\n<h3 style=\"text-align: justify;\">Panowie! Pi\u0119tnowani katolicy wszystkich narodowo\u015bci, rozwodnicy skazani na pot\u0119pienie \u2013 jed\u017acie do Krakowa! (Krak\u00f3w \u2013 stolica Ma\u0142opolski, Polska, kraj w Europie Wschodniej). Jed\u017acie do metropolity krakowskiego. Je\u015bli nie \u2013 to u siebie, we w\u0142asnych diecezjach w swoich sprawach powo\u0142ajcie si\u0119 na casus pana Jacka Kurskiego! Uwierzcie. Koniec z niedasizmem! Mo\u017cecie by\u0107 zbawieni i cieszy\u0107 si\u0119 posiadaniem kolejnych na\u0142o\u017cnic (o przepraszam, \u017con)!<br \/>Pan Jacek Kurski jest sztandarowym przyk\u0142adem walki o wolno\u015b\u0107 m\u0119sk\u0105 w\u015br\u00f3d pokr\u0119tnych feministycznych idea\u0142\u00f3w nak\u0142adaj\u0105cych jarzmo opieki nad \u017con\u0105 (kobiet\u0105) do ko\u0144ca \u017cycia! Daje nam m\u0119\u017cczyznom (zw\u0142aszcza tym alfa) przyk\u0142ad i kierunek, jak post\u0119powa\u0107 mamy! Daje nam, m\u0119\u017cczyznom (za przyzwoleniem kap\u0142an\u00f3w b\u0119d\u0105cych przedstawicielami Boga, czyli za przyzwoleniem Chrystusa oczywi\u015bcie) wyb\u00f3r i wolno\u015b\u0107. Teraz wiemy, \u017ce mo\u017cna mie\u0107 wi\u0119cej kobiet ni\u017c jedn\u0105! <strong>Pan Kurski jest przodownikiem rewolucji seksualnej\u2026 katolickich m\u0119\u017cczyzn! Chwa\u0142a mu za to po wsze czasy!<\/strong><\/h3>\n<h3 style=\"text-align: justify;\">Chi\u0144czycy powiadaj\u0105, \u017ce prawo jest jak p\u0142ot \u2013 \u017cmija si\u0119 przeci\u015bnie, tygrys przeskoczy, ale przynajmniej byd\u0142o pozostaje na miejscu. Dzi\u0119ki obecnej w\u0142adzy dowiadujemy si\u0119, jak bardzo dziurawy jest ten plot, tak\u017ce w sprawach ideowych. Zreszt\u0105, PANOWIE, czy jeste\u015bcie byd\u0142em? B\u0105d\u017acie \u017cmijami i tygrysami \u2013 walczcie, przeciskajcie si\u0119, skaczcie! Cel jest wznios\u0142y! \u017bycie w chrze\u015bcija\u0144skiej rodzinie \u2013 wi\u0119cej ni\u017c jednej!<\/h3>\n<h3 style=\"text-align: justify;\"><strong>\u201e\u017byjcie i rozmna\u017cajcie si\u0119\u201d!<\/strong><\/h3>\n<h3 style=\"text-align: justify;\">Zainteresowanych odsy\u0142am do licznych \u017ar\u00f3de\u0142 na ten temat, np. https:\/\/pl.wikipedia.org\/wiki\/Jacek_Kurski.<\/h3>\n<h3 style=\"text-align: justify;\">(str. 437-440)<\/h3>\n<h3 style=\"text-align: justify;\"><\/h3>\n<h3 style=\"text-align: justify;\"><span style=\"text-decoration: underline;\"><strong>165:<\/strong><\/span> Adam w ferworze dyskusji nie doszacowa\u0142 liczebno\u015bci X-org, niemniej jednak mia\u0142 racj\u0119.<\/h3>\n<h3 style=\"text-align: justify;\">(str. 442)<\/h3>\n<h3 style=\"text-align: justify;\"><\/h3>\n<h3 style=\"text-align: justify;\"><span style=\"text-decoration: underline;\"><strong>166:<\/strong><\/span> Podobnie jak w polskim Trybunale Konstytucyjnym A.D. 2019; od momentu powo\u0142ania nowej, bardziej efektywnej pani prezes liczba rozstrzygni\u0119tych spraw zmniejszy\u0142a si\u0119 radykalnie: 2012: 142, 2013: 142, 2014: 125, 2015: 188, 2016: 105, 2017: 94, 2018: 72, 2019: 17. 17 kontra 140 \u2013 zapewne wynika to z lepszego przestrzegania konstytucji przez organa wykonawcze, co daje mniejsze w\u0105tpliwo\u015bci obywateli i s\u0119dzi\u00f3w w sprawach spornych z w\u0142adz\u0105 \u2013 przyk\u0142adowo przywileje kierowc\u00f3w, niepe\u0142nosprawnych, prawa w\u0142asno\u015bci obywateli i innych ma\u0142o wa\u017cnych aspekt\u00f3w. Poza tym po co kierowa\u0107 spraw\u0119 do rozpatrzenia, je\u015bli wyrok jest znany przed skierowaniem do trybuna\u0142u i og\u0142aszany przez szeregowego pos\u0142a?<\/h3>\n<h3 style=\"text-align: justify;\">(str 446)<\/h3>\n<h3 style=\"text-align: justify;\"><\/h3>\n<h3 style=\"text-align: justify;\"><span style=\"text-decoration: underline;\"><strong>167:<\/strong><\/span> <em>Hau ab Alter!<\/em> (niem.) \u2013 Spieprzaj, dziadu!<\/h3>\n<h3 style=\"text-align: justify;\">(str 448)<\/h3>\n<h3 style=\"text-align: justify;\"><\/h3>\n<h3 style=\"text-align: justify;\"><span style=\"text-decoration: underline;\"><strong>168:<\/strong><\/span> <em>Pommes<\/em> (niem.) \u2013 frytki (potocznie).<\/h3>\n<h3 style=\"text-align: justify;\">(str. 449)<\/h3>\n<h3 style=\"text-align: justify;\"><\/h3>\n<h3 style=\"text-align: justify;\"><span style=\"text-decoration: underline;\"><strong>169:<\/strong><\/span> <em>Pistazien<\/em> (niem.) \u2013 pistacje.<\/h3>\n<h3 style=\"text-align: justify;\">(str. 449)<\/h3>\n<h3 style=\"text-align: justify;\"><\/h3>\n<h3 style=\"text-align: justify;\"><span style=\"text-decoration: underline;\"><strong>170:<\/strong><\/span> Werner Vogel \u2013 posta\u0107 historyczna; przeszkodzi\u0142 pu\u0142kownikowi von Stauffenbergowi i von Haeftenowi w uzbrajaniu \u0142adunku.<\/h3>\n<h3 style=\"text-align: justify;\">(str. 458)<\/h3>\n<h3 style=\"text-align: justify;\"><\/h3>\n<h3 style=\"text-align: justify;\"><span style=\"text-decoration: underline;\"><strong>171:<\/strong><\/span> ESO \u2013 European Southern Observatory w Paranal, Chile \u2013 jedno z najbardziej zaawansowanych technologicznie obserwatori\u00f3w astronomicznych na Ziemi, funkcjonuje od ok. 2000 r.<\/h3>\n<h3 style=\"text-align: justify;\">(str. 478)<\/h3>\n<h3 style=\"text-align: justify;\"><\/h3>\n<h3 style=\"text-align: justify;\"><span style=\"text-decoration: underline;\"><strong>172:<\/strong><\/span> Aluminiowanie \u2013 nak\u0142adanie ultracienkiej pow\u0142oki aluminium w celu nadania lustrom odpowiednich cech, odbywa si\u0119 z regu\u0142y co ok. 18 miesi\u0119cy.<\/h3>\n<h3 style=\"text-align: justify;\">(str. 479)<\/h3>\n<h3 style=\"text-align: justify;\"><\/h3>\n<h3 style=\"text-align: justify;\"><span style=\"text-decoration: underline;\"><strong>173:<\/strong><\/span> VLT \/ VST \u2013 skr\u00f3ty nazw poszczeg\u00f3lnych instrument\u00f3w w obserwatorium w Paranal. VLT \u2013 Very Large Telescope, w szerszym znaczeniu ca\u0142e obserwatorium Paranal, w w\u0119\u017cszym \u2013 cztery najwi\u0119ksze teleskopy o \u015brednicy ok. o\u015bmiu metr\u00f3w ka\u017cdy, mog\u0105ce dzia\u0142a\u0107 jako jeden; VST \u2013 VLT Survey Telescope, s\u0142u\u017c\u0105cy do \u201eprzeszukiwania\u201d nieba.<\/h3>\n<h3 style=\"text-align: justify;\">(str. 479)<\/h3>\n<h3 style=\"text-align: justify;\"><\/h3>\n<h3 style=\"text-align: justify;\"><span style=\"text-decoration: underline;\"><strong>174:<\/strong><\/span> W oryginale: <em>Es lebe das heilige Deutschland!<\/em>. Liczne \u017ar\u00f3d\u0142a historyczne zdaj\u0105 si\u0119 to potwierdza\u0107.<\/h3>\n<h3 style=\"text-align: justify;\">(str. 482)<\/h3>\n<h3 style=\"text-align: justify;\"><\/h3>\n<h3 style=\"text-align: justify;\"><span style=\"text-decoration: underline;\"><strong>175:<\/strong><\/span> Klasy lek\u00f3w przeciwnadci\u015bnieniowych.<\/h3>\n<h3 style=\"text-align: justify;\">(str. 533)<\/h3>\n<h3 style=\"text-align: justify;\"><\/h3>\n<h3 style=\"text-align: justify;\"><span style=\"text-decoration: underline;\"><strong>176:<\/strong><\/span> Glikokortykosteroidy \u2013 leki steroidowe, popularnie zwane \u201esterydami\u201d, pochodne syntetyzowanych przez cz\u0142owieka hormon\u00f3w steroidowych, o znanym i silnym dzia\u0142aniu hamuj\u0105cym reakcje immunologiczne, np. prednizon, hydrokortyzon, deksametazon.<\/h3>\n<h3 style=\"text-align: justify;\">(str. 534)<\/h3>\n<h3 style=\"text-align: justify;\"><\/h3>\n<h3 style=\"text-align: justify;\"><span style=\"text-decoration: underline;\"><strong>177:<\/strong><\/span> Shao-Huan Lan i in., Tocilizumab for severe COVID-19: a systematic review and meta-analysis, Int J Antimicrob Agents. 2020 Sep; 56(3), <a href=\"https:\/\/www.ncbi\">https:\/\/www.ncbi<\/a>. nlm.nih.gov\/pmc\/articles\/PMC7377685\/ [dost\u0119p: 19.01.2021].<\/h3>\n<h3 style=\"text-align: justify;\">(str. 534)<\/h3>\n<h3 style=\"text-align: justify;\"><\/h3>\n<h3 style=\"text-align: justify;\"><span style=\"text-decoration: underline;\"><strong>178:<\/strong><\/span> <a href=\"https:\/\/www.nature.com\/articles\/s41594-020-00536-8\">https:\/\/www.nature.com\/articles\/s41594-020-00536-8<\/a><\/h3>\n<h3 style=\"text-align: justify;\">(str. 538)<\/h3>\n<h3 style=\"text-align: justify;\"><\/h3>\n<h3 style=\"text-align: justify;\"><span style=\"text-decoration: underline;\"><strong>179:<\/strong><\/span> \u0179r\u00f3d\u0142a szeroko dost\u0119pne w internecie, przyk\u0142adowo: <a href=\"https:\/\/naukawpolsce\">https:\/\/naukawpo<\/a>lsce.pap.pl\/aktualnosci\/news%2C83355%2Cobiecujaca-szczepionka-przeciwko-boreliozie.<br \/>html.<\/h3>\n<h3 style=\"text-align: justify;\">(str. 540)<\/h3>\n<h3 style=\"text-align: justify;\"><\/h3>\n<h3 style=\"text-align: justify;\"><span style=\"text-decoration: underline;\"><strong>180:<\/strong><\/span> Inaczej aspiryna (kwas acetylosalicylowy).<\/h3>\n<h3 style=\"text-align: justify;\">(str. 547)<\/h3>\n<h3 style=\"text-align: justify;\"><\/h3>\n<h3 style=\"text-align: justify;\"><span style=\"text-decoration: underline;\"><strong>181:<\/strong><\/span> https:\/\/portal.abczdrowie.pl\/nowy-wirus-z-azji-o-nazwie-nipah-who-potwierdza-ze-ma-potencjal-pandemiczny<\/h3>\n<h3 style=\"text-align: justify;\">(str. 550)<\/h3>\n<h3 style=\"text-align: justify;\"><\/h3>\n<h3 style=\"text-align: justify;\"><span style=\"text-decoration: underline;\"><strong>182:<\/strong><\/span> <a href=\"https:\/\/www.iarc.fr\/\">https:\/\/www.iarc.fr\/<\/a><\/h3>\n<h3 style=\"text-align: justify;\">(str 553)<\/h3>\n<p>[\/et_pb_text][\/et_pb_column][\/et_pb_row][\/et_pb_section]<\/p>\n","protected":false},"excerpt":{"rendered":"<p>\u015awi\u0119te NiemcyPrzypisy1:\u00a0 Inaczej Polak. Termin \u201ePolak\u201d, mimo \u017ce nie by\u0142 nielegalny w \u015awi\u0119tych Niemczech w czasach\u00a0 Adama, nie wyst\u0119powa\u0142 w oficjalnych dokumentach. Podobne sytuacje zdarzaj\u0105 si\u0119 w dziejach \u015bwiata. Przyk\u0142adowo kwestia Kurd\u00f3w w Turcji. Przez d\u0142ugi czas oficjalnie nie by\u0142o ich w tym pa\u0144stwie, nawet w nazwie. Kurd turecki to nie Kurd, ale \u201eTurek Wschodni\u201d [&hellip;]<\/p>\n","protected":false},"author":2,"featured_media":0,"parent":0,"menu_order":0,"comment_status":"closed","ping_status":"closed","template":"","meta":{"_et_pb_use_builder":"on","_et_pb_old_content":"","_et_gb_content_width":"","footnotes":""},"class_list":["post-451","page","type-page","status-publish","hentry"],"yoast_head":"<!-- This site is optimized with the Yoast SEO plugin v27.4 - https:\/\/yoast.com\/product\/yoast-seo-wordpress\/ -->\n<title>Przypisy - \u015awi\u0119te Niemcy<\/title>\n<meta name=\"robots\" content=\"index, follow, max-snippet:-1, max-image-preview:large, max-video-preview:-1\" \/>\n<link rel=\"canonical\" href=\"https:\/\/varia.swieteniemcy.pl\/index.php\/przypisy\/\" \/>\n<meta property=\"og:locale\" content=\"pl_PL\" \/>\n<meta property=\"og:type\" content=\"article\" \/>\n<meta property=\"og:title\" content=\"Przypisy - \u015awi\u0119te Niemcy\" \/>\n<meta property=\"og:description\" content=\"\u015awi\u0119te NiemcyPrzypisy1:\u00a0 Inaczej Polak. Termin \u201ePolak\u201d, mimo \u017ce nie by\u0142 nielegalny w \u015awi\u0119tych Niemczech w czasach\u00a0 Adama, nie wyst\u0119powa\u0142 w oficjalnych dokumentach. Podobne sytuacje zdarzaj\u0105 si\u0119 w dziejach \u015bwiata. Przyk\u0142adowo kwestia Kurd\u00f3w w Turcji. Przez d\u0142ugi czas oficjalnie nie by\u0142o ich w tym pa\u0144stwie, nawet w nazwie. Kurd turecki to nie Kurd, ale \u201eTurek Wschodni\u201d [&hellip;]\" \/>\n<meta property=\"og:url\" content=\"https:\/\/varia.swieteniemcy.pl\/index.php\/przypisy\/\" \/>\n<meta property=\"og:site_name\" content=\"\u015awi\u0119te Niemcy\" \/>\n<meta property=\"article:modified_time\" content=\"2021-11-12T17:46:32+00:00\" \/>\n<meta name=\"twitter:card\" content=\"summary_large_image\" \/>\n<script type=\"application\/ld+json\" class=\"yoast-schema-graph\">{\"@context\":\"https:\\\/\\\/schema.org\",\"@graph\":[{\"@type\":\"WebPage\",\"@id\":\"https:\\\/\\\/varia.swieteniemcy.pl\\\/index.php\\\/przypisy\\\/\",\"url\":\"https:\\\/\\\/varia.swieteniemcy.pl\\\/index.php\\\/przypisy\\\/\",\"name\":\"Przypisy - \u015awi\u0119te Niemcy\",\"isPartOf\":{\"@id\":\"https:\\\/\\\/varia.swieteniemcy.pl\\\/#website\"},\"datePublished\":\"2021-06-11T07:57:46+00:00\",\"dateModified\":\"2021-11-12T17:46:32+00:00\",\"breadcrumb\":{\"@id\":\"https:\\\/\\\/varia.swieteniemcy.pl\\\/index.php\\\/przypisy\\\/#breadcrumb\"},\"inLanguage\":\"pl-PL\",\"potentialAction\":[{\"@type\":\"ReadAction\",\"target\":[\"https:\\\/\\\/varia.swieteniemcy.pl\\\/index.php\\\/przypisy\\\/\"]}]},{\"@type\":\"BreadcrumbList\",\"@id\":\"https:\\\/\\\/varia.swieteniemcy.pl\\\/index.php\\\/przypisy\\\/#breadcrumb\",\"itemListElement\":[{\"@type\":\"ListItem\",\"position\":1,\"name\":\"Strona g\u0142\u00f3wna\",\"item\":\"https:\\\/\\\/varia.swieteniemcy.pl\\\/\"},{\"@type\":\"ListItem\",\"position\":2,\"name\":\"Przypisy\"}]},{\"@type\":\"WebSite\",\"@id\":\"https:\\\/\\\/varia.swieteniemcy.pl\\\/#website\",\"url\":\"https:\\\/\\\/varia.swieteniemcy.pl\\\/\",\"name\":\"\u015awi\u0119te Niemcy\",\"description\":\"\u015awi\u0119te Niemcy - powie\u015b\u0107 o IV Rzeszy, kt\u00f3rej terytoria zajmuj\u0105 tak\u017ce obszar dawnej Polski, obecnie zwanej Lechistanem\",\"potentialAction\":[{\"@type\":\"SearchAction\",\"target\":{\"@type\":\"EntryPoint\",\"urlTemplate\":\"https:\\\/\\\/varia.swieteniemcy.pl\\\/?s={search_term_string}\"},\"query-input\":{\"@type\":\"PropertyValueSpecification\",\"valueRequired\":true,\"valueName\":\"search_term_string\"}}],\"inLanguage\":\"pl-PL\"}]}<\/script>\n<!-- \/ Yoast SEO plugin. -->","yoast_head_json":{"title":"Przypisy - \u015awi\u0119te Niemcy","robots":{"index":"index","follow":"follow","max-snippet":"max-snippet:-1","max-image-preview":"max-image-preview:large","max-video-preview":"max-video-preview:-1"},"canonical":"https:\/\/varia.swieteniemcy.pl\/index.php\/przypisy\/","og_locale":"pl_PL","og_type":"article","og_title":"Przypisy - \u015awi\u0119te Niemcy","og_description":"\u015awi\u0119te NiemcyPrzypisy1:\u00a0 Inaczej Polak. Termin \u201ePolak\u201d, mimo \u017ce nie by\u0142 nielegalny w \u015awi\u0119tych Niemczech w czasach\u00a0 Adama, nie wyst\u0119powa\u0142 w oficjalnych dokumentach. Podobne sytuacje zdarzaj\u0105 si\u0119 w dziejach \u015bwiata. Przyk\u0142adowo kwestia Kurd\u00f3w w Turcji. Przez d\u0142ugi czas oficjalnie nie by\u0142o ich w tym pa\u0144stwie, nawet w nazwie. Kurd turecki to nie Kurd, ale \u201eTurek Wschodni\u201d [&hellip;]","og_url":"https:\/\/varia.swieteniemcy.pl\/index.php\/przypisy\/","og_site_name":"\u015awi\u0119te Niemcy","article_modified_time":"2021-11-12T17:46:32+00:00","twitter_card":"summary_large_image","schema":{"@context":"https:\/\/schema.org","@graph":[{"@type":"WebPage","@id":"https:\/\/varia.swieteniemcy.pl\/index.php\/przypisy\/","url":"https:\/\/varia.swieteniemcy.pl\/index.php\/przypisy\/","name":"Przypisy - \u015awi\u0119te Niemcy","isPartOf":{"@id":"https:\/\/varia.swieteniemcy.pl\/#website"},"datePublished":"2021-06-11T07:57:46+00:00","dateModified":"2021-11-12T17:46:32+00:00","breadcrumb":{"@id":"https:\/\/varia.swieteniemcy.pl\/index.php\/przypisy\/#breadcrumb"},"inLanguage":"pl-PL","potentialAction":[{"@type":"ReadAction","target":["https:\/\/varia.swieteniemcy.pl\/index.php\/przypisy\/"]}]},{"@type":"BreadcrumbList","@id":"https:\/\/varia.swieteniemcy.pl\/index.php\/przypisy\/#breadcrumb","itemListElement":[{"@type":"ListItem","position":1,"name":"Strona g\u0142\u00f3wna","item":"https:\/\/varia.swieteniemcy.pl\/"},{"@type":"ListItem","position":2,"name":"Przypisy"}]},{"@type":"WebSite","@id":"https:\/\/varia.swieteniemcy.pl\/#website","url":"https:\/\/varia.swieteniemcy.pl\/","name":"\u015awi\u0119te Niemcy","description":"\u015awi\u0119te Niemcy - powie\u015b\u0107 o IV Rzeszy, kt\u00f3rej terytoria zajmuj\u0105 tak\u017ce obszar dawnej Polski, obecnie zwanej Lechistanem","potentialAction":[{"@type":"SearchAction","target":{"@type":"EntryPoint","urlTemplate":"https:\/\/varia.swieteniemcy.pl\/?s={search_term_string}"},"query-input":{"@type":"PropertyValueSpecification","valueRequired":true,"valueName":"search_term_string"}}],"inLanguage":"pl-PL"}]}},"_links":{"self":[{"href":"https:\/\/varia.swieteniemcy.pl\/index.php\/wp-json\/wp\/v2\/pages\/451","targetHints":{"allow":["GET"]}}],"collection":[{"href":"https:\/\/varia.swieteniemcy.pl\/index.php\/wp-json\/wp\/v2\/pages"}],"about":[{"href":"https:\/\/varia.swieteniemcy.pl\/index.php\/wp-json\/wp\/v2\/types\/page"}],"author":[{"embeddable":true,"href":"https:\/\/varia.swieteniemcy.pl\/index.php\/wp-json\/wp\/v2\/users\/2"}],"replies":[{"embeddable":true,"href":"https:\/\/varia.swieteniemcy.pl\/index.php\/wp-json\/wp\/v2\/comments?post=451"}],"version-history":[{"count":32,"href":"https:\/\/varia.swieteniemcy.pl\/index.php\/wp-json\/wp\/v2\/pages\/451\/revisions"}],"predecessor-version":[{"id":976,"href":"https:\/\/varia.swieteniemcy.pl\/index.php\/wp-json\/wp\/v2\/pages\/451\/revisions\/976"}],"wp:attachment":[{"href":"https:\/\/varia.swieteniemcy.pl\/index.php\/wp-json\/wp\/v2\/media?parent=451"}],"curies":[{"name":"wp","href":"https:\/\/api.w.org\/{rel}","templated":true}]}}