{"id":304,"date":"2021-06-05T15:45:36","date_gmt":"2021-06-05T15:45:36","guid":{"rendered":"https:\/\/swieteniemcy.pl\/?page_id=304"},"modified":"2021-09-21T14:13:02","modified_gmt":"2021-09-21T14:13:02","slug":"autorzy","status":"publish","type":"page","link":"https:\/\/varia.swieteniemcy.pl\/index.php\/autorzy\/","title":{"rendered":"Autorzy"},"content":{"rendered":"<p>[et_pb_section fb_built=&#8221;1&#8243; _builder_version=&#8221;4.9.4&#8243; _module_preset=&#8221;default&#8221;][et_pb_row column_structure=&#8221;1_4,1_2,1_4&#8243; _builder_version=&#8221;4.9.7&#8243; _module_preset=&#8221;default&#8221; use_background_color_gradient=&#8221;on&#8221; background_color_gradient_start=&#8221;#ffffff&#8221; background_color_gradient_end=&#8221;rgba(0,0,0,0)&#8221; background_color_gradient_type=&#8221;radial&#8221; background_color_gradient_start_position=&#8221;90%&#8221;][et_pb_column type=&#8221;1_4&#8243; _builder_version=&#8221;4.9.4&#8243; _module_preset=&#8221;default&#8221;][et_pb_image src=&#8221;https:\/\/varia.swieteniemcy.pl\/wp-content\/uploads\/2021\/05\/Swiete-Niemcy-Godlo-w-herbie-biale.png&#8221; title_text=&#8221;Swiete Niemcy &#8211; Godlo w herbie &#8211; biale&#8221; align=&#8221;right&#8221; _builder_version=&#8221;4.9.7&#8243; _module_preset=&#8221;default&#8221; width=&#8221;69.7%&#8221; custom_margin=&#8221;||0px|||&#8221; custom_padding=&#8221;|0px||||&#8221;][\/et_pb_image][\/et_pb_column][et_pb_column type=&#8221;1_2&#8243; _builder_version=&#8221;4.9.4&#8243; _module_preset=&#8221;default&#8221;][et_pb_text _builder_version=&#8221;4.9.7&#8243; _module_preset=&#8221;default&#8221; custom_margin=&#8221;||-7px|||&#8221; custom_padding=&#8221;||25px|||&#8221;]<\/p>\n<h1 style=\"text-align: center;\">\u015awi\u0119te Niemcy<\/h1>\n<p>[\/et_pb_text][et_pb_text _builder_version=&#8221;4.9.7&#8243; _module_preset=&#8221;default&#8221;]<\/p>\n<h1 style=\"text-align: center;\"><strong>Autorzy<\/strong><\/h1>\n<p>[\/et_pb_text][\/et_pb_column][et_pb_column type=&#8221;1_4&#8243; _builder_version=&#8221;4.9.4&#8243; _module_preset=&#8221;default&#8221;][et_pb_image src=&#8221;https:\/\/varia.swieteniemcy.pl\/wp-content\/uploads\/2021\/05\/Swiete-Niemcy-Godlo-w-herbie-biale.png&#8221; title_text=&#8221;Swiete Niemcy &#8211; Godlo w herbie &#8211; biale&#8221; _builder_version=&#8221;4.9.4&#8243; _module_preset=&#8221;default&#8221; width=&#8221;69.2%&#8221;][\/et_pb_image][\/et_pb_column][\/et_pb_row][et_pb_row _builder_version=&#8221;4.9.4&#8243; _module_preset=&#8221;default&#8221;][et_pb_column type=&#8221;4_4&#8243; _builder_version=&#8221;4.9.4&#8243; _module_preset=&#8221;default&#8221;][et_pb_divider _builder_version=&#8221;4.9.4&#8243; _module_preset=&#8221;default&#8221;][\/et_pb_divider][\/et_pb_column][\/et_pb_row][\/et_pb_section][et_pb_section fb_built=&#8221;1&#8243; admin_label=&#8221;Postacie lista&#8221; _builder_version=&#8221;4.9.7&#8243; _module_preset=&#8221;default&#8221; use_background_color_gradient=&#8221;on&#8221; background_color_gradient_start=&#8221;rgba(255,255,255,0.9)&#8221; background_color_gradient_end=&#8221;rgba(0,0,0,0)&#8221; background_color_gradient_type=&#8221;radial&#8221; background_color_gradient_start_position=&#8221;75%&#8221; background_color_gradient_end_position=&#8221;90%&#8221;][et_pb_row column_structure=&#8221;2_5,3_5&#8243; admin_label=&#8221;Wiersz&#8221; _builder_version=&#8221;4.9.7&#8243; _module_preset=&#8221;default&#8221;][et_pb_column type=&#8221;2_5&#8243; _builder_version=&#8221;4.9.4&#8243; _module_preset=&#8221;default&#8221;][et_pb_image src=&#8221;https:\/\/varia.swieteniemcy.pl\/wp-content\/uploads\/2021\/07\/Witkowski-vA-in-prof-cut.jpg&#8221; title_text=&#8221;Witkowski vA in prof &#8211; cut&#8221; align=&#8221;center&#8221; _builder_version=&#8221;4.9.10&#8243; _module_preset=&#8221;default&#8221; width=&#8221;60.4%&#8221; module_alignment=&#8221;center&#8221; custom_margin=&#8221;|||0px|false|false&#8221; custom_padding=&#8221;|||25px|false|false&#8221; border_radii=&#8221;on|20px|20px|20px|20px&#8221; box_shadow_style=&#8221;preset2&#8243;][\/et_pb_image][\/et_pb_column][et_pb_column type=&#8221;3_5&#8243; _builder_version=&#8221;4.9.4&#8243; _module_preset=&#8221;default&#8221;][et_pb_text _builder_version=&#8221;4.9.7&#8243; _module_preset=&#8221;default&#8221;]<\/p>\n<p><strong><\/strong><strong>Konrad Witkowski<\/strong><\/p>\n<p>Zwyk\u0142y, szary cz\u0142owiek. Taki sam jak ka\u017cdy inny. Nie zauwa\u017cycie go na ulicy, imprezie czy u znajomych, bo najcz\u0119\u015bciej go tam nie b\u0119dzie. Jak du\u017ca cz\u0119\u015b\u0107 Polak\u00f3w pracuje po trzysta i wi\u0119cej godzin w miesi\u0105cu, aby zapewni\u0107 swojej rodzinie w miar\u0119 godziwy byt.<\/p>\n<p>Kontakt: konrad.witkowski@deip.pl<\/p>\n<p>[\/et_pb_text][\/et_pb_column][\/et_pb_row][et_pb_row _builder_version=&#8221;4.9.10&#8243; _module_preset=&#8221;default&#8221;][et_pb_column type=&#8221;4_4&#8243; _builder_version=&#8221;4.9.10&#8243; _module_preset=&#8221;default&#8221;][et_pb_divider divider_style=&#8221;double&#8221; divider_position=&#8221;center&#8221; divider_weight=&#8221;8px&#8221; _builder_version=&#8221;4.9.10&#8243; _module_preset=&#8221;default&#8221; module_alignment=&#8221;center&#8221; custom_margin=&#8221;|0px||0px|false|false&#8221; custom_padding=&#8221;|150px|6px|150px|false|true&#8221;][\/et_pb_divider][\/et_pb_column][\/et_pb_row][et_pb_row column_structure=&#8221;2_5,3_5&#8243; admin_label=&#8221;Wiersz&#8221; _builder_version=&#8221;4.9.7&#8243; _module_preset=&#8221;default&#8221;][et_pb_column type=&#8221;2_5&#8243; _builder_version=&#8221;4.9.4&#8243; _module_preset=&#8221;default&#8221;][et_pb_image src=&#8221;https:\/\/varia.swieteniemcy.pl\/wp-content\/uploads\/2021\/07\/Grazynski-vA-in-prof-cut.jpg&#8221; title_text=&#8221;Grazynski vA in prof &#8211; cut&#8221; _builder_version=&#8221;4.9.10&#8243; _module_preset=&#8221;default&#8221; width=&#8221;60%&#8221; module_alignment=&#8221;center&#8221; custom_margin=&#8221;|||1px||&#8221; custom_padding=&#8221;|||26px||&#8221; border_radii=&#8221;on|20px|20px|20px|20px&#8221; box_shadow_style=&#8221;preset2&#8243;][\/et_pb_image][\/et_pb_column][et_pb_column type=&#8221;3_5&#8243; _builder_version=&#8221;4.9.4&#8243; _module_preset=&#8221;default&#8221;][et_pb_text _builder_version=&#8221;4.9.7&#8243; _module_preset=&#8221;default&#8221;]<\/p>\n<p><strong>Janusz Gra\u017cy\u0144ski<\/strong><\/p>\n<p>Przeci\u0119tny obywatel, Polak w wieku \u015brednim, kt\u00f3ry widz\u0105c rozpad Europy, nie chce na staro\u015b\u0107 uczy\u0107 si\u0119 rosyjskiego. W ko\u0144cu wiadomo, kto wywo\u0142a\u0142 II wojn\u0119 \u015bwiatow\u0105 i musi ponie\u015b\u0107 konsekwencje.<\/p>\n<p>Jako obserwator nieb\u0119d\u0105cy cz\u0142onkiem establishmentu ma powa\u017cne obawy co do kierunku, w jakim zmierzamy. W jego mniemaniu obecne elity kieruj\u0105 Polsk\u0119 w obj\u0119cia Rosji \u2013 \u015bwiadomie lub co gorsza nie\u015bwiadomie. Dlatego pr\u00f3buje w spos\u00f3b obrazowy stara\u0107 si\u0119 unaoczni\u0107 zagro\u017cenia wynikaj\u0105ce z polityki izolacjonizmu opartego na zawo\u0142aniu o wstawanie z kolan w pa\u0144stwie, kt\u00f3re nie jest geograficznie samotn\u0105, niezdobyt\u0105 wysp\u0105.<\/p>\n<p>Kontakt: janusz.grazynski@deip.pl<\/p>\n<p>[\/et_pb_text][\/et_pb_column][\/et_pb_row][et_pb_row _builder_version=&#8221;4.9.10&#8243; _module_preset=&#8221;default&#8221;][et_pb_column type=&#8221;4_4&#8243; _builder_version=&#8221;4.9.10&#8243; _module_preset=&#8221;default&#8221;][et_pb_divider divider_style=&#8221;double&#8221; divider_position=&#8221;center&#8221; divider_weight=&#8221;8px&#8221; _builder_version=&#8221;4.9.10&#8243; _module_preset=&#8221;default&#8221; module_alignment=&#8221;center&#8221; custom_margin=&#8221;|0px||0px|false|false&#8221; custom_padding=&#8221;|150px|6px|150px|false|true&#8221;][\/et_pb_divider][\/et_pb_column][\/et_pb_row][et_pb_row column_structure=&#8221;2_5,3_5&#8243; admin_label=&#8221;Wiersz&#8221; _builder_version=&#8221;4.9.7&#8243; _module_preset=&#8221;default&#8221;][et_pb_column type=&#8221;2_5&#8243; _builder_version=&#8221;4.9.4&#8243; _module_preset=&#8221;default&#8221;][et_pb_image src=&#8221;https:\/\/varia.swieteniemcy.pl\/wp-content\/uploads\/2021\/07\/Aska-vA-cut.jpg&#8221; title_text=&#8221;Aska vA cut&#8221; _builder_version=&#8221;4.9.10&#8243; _module_preset=&#8221;default&#8221; width=&#8221;60%&#8221; module_alignment=&#8221;center&#8221; custom_margin=&#8221;|||1px||&#8221; custom_padding=&#8221;|||26px||&#8221; border_radii=&#8221;on|20px|20px|20px|20px&#8221; box_shadow_style=&#8221;preset2&#8243;][\/et_pb_image][\/et_pb_column][et_pb_column type=&#8221;3_5&#8243; _builder_version=&#8221;4.9.4&#8243; _module_preset=&#8221;default&#8221;][et_pb_text _builder_version=&#8221;4.9.10&#8243; _module_preset=&#8221;default&#8221;]<\/p>\n<p><strong>Joanna Proszak<br \/><\/strong><\/p>\n<p>absolwentka \u0142\u00f3dzkiego ASP, kierunek grafika. Uznana ilustratorka, fotografka, graficzka. Sw\u00f3j talent wykorzystuje tak\u017ce przy pracy z m\u0142odzie\u017c\u0105, jako wieloletnia nauczycielka przedmiot\u00f3w artystycznych. W wolnych chwilach lubi poznawa\u0107 nowe miejsca, ludzi i inne kultury.<\/p>\n<p>Kontakt: joanna.proszak@deip.pl<\/p>\n<p>[\/et_pb_text][\/et_pb_column][\/et_pb_row][et_pb_row _builder_version=&#8221;4.9.10&#8243; _module_preset=&#8221;default&#8221;][et_pb_column type=&#8221;4_4&#8243; _builder_version=&#8221;4.9.10&#8243; _module_preset=&#8221;default&#8221;][\/et_pb_column][\/et_pb_row][\/et_pb_section]<\/p>\n","protected":false},"excerpt":{"rendered":"<p>\u015awi\u0119te NiemcyAutorzyKonrad Witkowski Zwyk\u0142y, szary cz\u0142owiek. Taki sam jak ka\u017cdy inny. Nie zauwa\u017cycie go na ulicy, imprezie czy u znajomych, bo najcz\u0119\u015bciej go tam nie b\u0119dzie. Jak du\u017ca cz\u0119\u015b\u0107 Polak\u00f3w pracuje po trzysta i wi\u0119cej godzin w miesi\u0105cu, aby zapewni\u0107 swojej rodzinie w miar\u0119 godziwy byt. Kontakt: konrad.witkowski@deip.plJanusz Gra\u017cy\u0144ski Przeci\u0119tny obywatel, Polak w wieku \u015brednim, [&hellip;]<\/p>\n","protected":false},"author":2,"featured_media":0,"parent":0,"menu_order":0,"comment_status":"closed","ping_status":"closed","template":"","meta":{"_et_pb_use_builder":"on","_et_pb_old_content":"","_et_gb_content_width":"","footnotes":""},"class_list":["post-304","page","type-page","status-publish","hentry"],"yoast_head":"<!-- This site is optimized with the Yoast SEO plugin v27.4 - https:\/\/yoast.com\/product\/yoast-seo-wordpress\/ -->\n<title>Autorzy - \u015awi\u0119te Niemcy<\/title>\n<meta name=\"robots\" content=\"index, follow, max-snippet:-1, max-image-preview:large, max-video-preview:-1\" \/>\n<link rel=\"canonical\" href=\"https:\/\/varia.swieteniemcy.pl\/index.php\/autorzy\/\" \/>\n<meta property=\"og:locale\" content=\"pl_PL\" \/>\n<meta property=\"og:type\" content=\"article\" \/>\n<meta property=\"og:title\" content=\"Autorzy - \u015awi\u0119te Niemcy\" \/>\n<meta property=\"og:description\" content=\"\u015awi\u0119te NiemcyAutorzyKonrad Witkowski Zwyk\u0142y, szary cz\u0142owiek. Taki sam jak ka\u017cdy inny. Nie zauwa\u017cycie go na ulicy, imprezie czy u znajomych, bo najcz\u0119\u015bciej go tam nie b\u0119dzie. Jak du\u017ca cz\u0119\u015b\u0107 Polak\u00f3w pracuje po trzysta i wi\u0119cej godzin w miesi\u0105cu, aby zapewni\u0107 swojej rodzinie w miar\u0119 godziwy byt. Kontakt: konrad.witkowski@deip.plJanusz Gra\u017cy\u0144ski Przeci\u0119tny obywatel, Polak w wieku \u015brednim, [&hellip;]\" \/>\n<meta property=\"og:url\" content=\"https:\/\/varia.swieteniemcy.pl\/index.php\/autorzy\/\" \/>\n<meta property=\"og:site_name\" content=\"\u015awi\u0119te Niemcy\" \/>\n<meta property=\"article:modified_time\" content=\"2021-09-21T14:13:02+00:00\" \/>\n<meta name=\"twitter:card\" content=\"summary_large_image\" \/>\n<meta name=\"twitter:label1\" content=\"Szacowany czas czytania\" \/>\n\t<meta name=\"twitter:data1\" content=\"1 minuta\" \/>\n<script type=\"application\/ld+json\" class=\"yoast-schema-graph\">{\"@context\":\"https:\\\/\\\/schema.org\",\"@graph\":[{\"@type\":\"WebPage\",\"@id\":\"https:\\\/\\\/varia.swieteniemcy.pl\\\/index.php\\\/autorzy\\\/\",\"url\":\"https:\\\/\\\/varia.swieteniemcy.pl\\\/index.php\\\/autorzy\\\/\",\"name\":\"Autorzy - \u015awi\u0119te Niemcy\",\"isPartOf\":{\"@id\":\"https:\\\/\\\/varia.swieteniemcy.pl\\\/#website\"},\"datePublished\":\"2021-06-05T15:45:36+00:00\",\"dateModified\":\"2021-09-21T14:13:02+00:00\",\"breadcrumb\":{\"@id\":\"https:\\\/\\\/varia.swieteniemcy.pl\\\/index.php\\\/autorzy\\\/#breadcrumb\"},\"inLanguage\":\"pl-PL\",\"potentialAction\":[{\"@type\":\"ReadAction\",\"target\":[\"https:\\\/\\\/varia.swieteniemcy.pl\\\/index.php\\\/autorzy\\\/\"]}]},{\"@type\":\"BreadcrumbList\",\"@id\":\"https:\\\/\\\/varia.swieteniemcy.pl\\\/index.php\\\/autorzy\\\/#breadcrumb\",\"itemListElement\":[{\"@type\":\"ListItem\",\"position\":1,\"name\":\"Strona g\u0142\u00f3wna\",\"item\":\"https:\\\/\\\/varia.swieteniemcy.pl\\\/\"},{\"@type\":\"ListItem\",\"position\":2,\"name\":\"Autorzy\"}]},{\"@type\":\"WebSite\",\"@id\":\"https:\\\/\\\/varia.swieteniemcy.pl\\\/#website\",\"url\":\"https:\\\/\\\/varia.swieteniemcy.pl\\\/\",\"name\":\"\u015awi\u0119te Niemcy\",\"description\":\"\u015awi\u0119te Niemcy - powie\u015b\u0107 o IV Rzeszy, kt\u00f3rej terytoria zajmuj\u0105 tak\u017ce obszar dawnej Polski, obecnie zwanej Lechistanem\",\"potentialAction\":[{\"@type\":\"SearchAction\",\"target\":{\"@type\":\"EntryPoint\",\"urlTemplate\":\"https:\\\/\\\/varia.swieteniemcy.pl\\\/?s={search_term_string}\"},\"query-input\":{\"@type\":\"PropertyValueSpecification\",\"valueRequired\":true,\"valueName\":\"search_term_string\"}}],\"inLanguage\":\"pl-PL\"}]}<\/script>\n<!-- \/ Yoast SEO plugin. -->","yoast_head_json":{"title":"Autorzy - \u015awi\u0119te Niemcy","robots":{"index":"index","follow":"follow","max-snippet":"max-snippet:-1","max-image-preview":"max-image-preview:large","max-video-preview":"max-video-preview:-1"},"canonical":"https:\/\/varia.swieteniemcy.pl\/index.php\/autorzy\/","og_locale":"pl_PL","og_type":"article","og_title":"Autorzy - \u015awi\u0119te Niemcy","og_description":"\u015awi\u0119te NiemcyAutorzyKonrad Witkowski Zwyk\u0142y, szary cz\u0142owiek. Taki sam jak ka\u017cdy inny. Nie zauwa\u017cycie go na ulicy, imprezie czy u znajomych, bo najcz\u0119\u015bciej go tam nie b\u0119dzie. Jak du\u017ca cz\u0119\u015b\u0107 Polak\u00f3w pracuje po trzysta i wi\u0119cej godzin w miesi\u0105cu, aby zapewni\u0107 swojej rodzinie w miar\u0119 godziwy byt. Kontakt: konrad.witkowski@deip.plJanusz Gra\u017cy\u0144ski Przeci\u0119tny obywatel, Polak w wieku \u015brednim, [&hellip;]","og_url":"https:\/\/varia.swieteniemcy.pl\/index.php\/autorzy\/","og_site_name":"\u015awi\u0119te Niemcy","article_modified_time":"2021-09-21T14:13:02+00:00","twitter_card":"summary_large_image","twitter_misc":{"Szacowany czas czytania":"1 minuta"},"schema":{"@context":"https:\/\/schema.org","@graph":[{"@type":"WebPage","@id":"https:\/\/varia.swieteniemcy.pl\/index.php\/autorzy\/","url":"https:\/\/varia.swieteniemcy.pl\/index.php\/autorzy\/","name":"Autorzy - \u015awi\u0119te Niemcy","isPartOf":{"@id":"https:\/\/varia.swieteniemcy.pl\/#website"},"datePublished":"2021-06-05T15:45:36+00:00","dateModified":"2021-09-21T14:13:02+00:00","breadcrumb":{"@id":"https:\/\/varia.swieteniemcy.pl\/index.php\/autorzy\/#breadcrumb"},"inLanguage":"pl-PL","potentialAction":[{"@type":"ReadAction","target":["https:\/\/varia.swieteniemcy.pl\/index.php\/autorzy\/"]}]},{"@type":"BreadcrumbList","@id":"https:\/\/varia.swieteniemcy.pl\/index.php\/autorzy\/#breadcrumb","itemListElement":[{"@type":"ListItem","position":1,"name":"Strona g\u0142\u00f3wna","item":"https:\/\/varia.swieteniemcy.pl\/"},{"@type":"ListItem","position":2,"name":"Autorzy"}]},{"@type":"WebSite","@id":"https:\/\/varia.swieteniemcy.pl\/#website","url":"https:\/\/varia.swieteniemcy.pl\/","name":"\u015awi\u0119te Niemcy","description":"\u015awi\u0119te Niemcy - powie\u015b\u0107 o IV Rzeszy, kt\u00f3rej terytoria zajmuj\u0105 tak\u017ce obszar dawnej Polski, obecnie zwanej Lechistanem","potentialAction":[{"@type":"SearchAction","target":{"@type":"EntryPoint","urlTemplate":"https:\/\/varia.swieteniemcy.pl\/?s={search_term_string}"},"query-input":{"@type":"PropertyValueSpecification","valueRequired":true,"valueName":"search_term_string"}}],"inLanguage":"pl-PL"}]}},"_links":{"self":[{"href":"https:\/\/varia.swieteniemcy.pl\/index.php\/wp-json\/wp\/v2\/pages\/304","targetHints":{"allow":["GET"]}}],"collection":[{"href":"https:\/\/varia.swieteniemcy.pl\/index.php\/wp-json\/wp\/v2\/pages"}],"about":[{"href":"https:\/\/varia.swieteniemcy.pl\/index.php\/wp-json\/wp\/v2\/types\/page"}],"author":[{"embeddable":true,"href":"https:\/\/varia.swieteniemcy.pl\/index.php\/wp-json\/wp\/v2\/users\/2"}],"replies":[{"embeddable":true,"href":"https:\/\/varia.swieteniemcy.pl\/index.php\/wp-json\/wp\/v2\/comments?post=304"}],"version-history":[{"count":20,"href":"https:\/\/varia.swieteniemcy.pl\/index.php\/wp-json\/wp\/v2\/pages\/304\/revisions"}],"predecessor-version":[{"id":819,"href":"https:\/\/varia.swieteniemcy.pl\/index.php\/wp-json\/wp\/v2\/pages\/304\/revisions\/819"}],"wp:attachment":[{"href":"https:\/\/varia.swieteniemcy.pl\/index.php\/wp-json\/wp\/v2\/media?parent=304"}],"curies":[{"name":"wp","href":"https:\/\/api.w.org\/{rel}","templated":true}]}}