{"id":1052,"date":"2021-11-13T17:52:16","date_gmt":"2021-11-13T17:52:16","guid":{"rendered":"https:\/\/swieteniemcy.pl\/?page_id=1052"},"modified":"2021-11-22T01:39:48","modified_gmt":"2021-11-22T01:39:48","slug":"polecenia","status":"publish","type":"page","link":"https:\/\/varia.swieteniemcy.pl\/index.php\/polecenia\/","title":{"rendered":"Polecenia"},"content":{"rendered":"<p>[et_pb_section fb_built=&#8221;1&#8243; _builder_version=&#8221;4.9.7&#8243; _module_preset=&#8221;default&#8221; use_background_color_gradient=&#8221;on&#8221; background_color_gradient_start=&#8221;rgba(255,255,255,0.84)&#8221; background_color_gradient_end=&#8221;rgba(0,0,0,0)&#8221; background_color_gradient_type=&#8221;radial&#8221; background_color_gradient_start_position=&#8221;85%&#8221; global_colors_info=&#8221;{}&#8221;][et_pb_row column_structure=&#8221;1_4,1_2,1_4&#8243; _builder_version=&#8221;4.9.4&#8243; _module_preset=&#8221;default&#8221; global_colors_info=&#8221;{}&#8221;][et_pb_column type=&#8221;1_4&#8243; _builder_version=&#8221;4.9.4&#8243; _module_preset=&#8221;default&#8221; global_colors_info=&#8221;{}&#8221;][et_pb_image src=&#8221;https:\/\/varia.swieteniemcy.pl\/wp-content\/uploads\/2021\/05\/Swiete-Niemcy-Godlo-w-herbie-biale.png&#8221; title_text=&#8221;Swiete Niemcy &#8211; Godlo w herbie &#8211; biale&#8221; _builder_version=&#8221;4.9.4&#8243; _module_preset=&#8221;default&#8221; width=&#8221;69.2%&#8221; global_colors_info=&#8221;{}&#8221;][\/et_pb_image][\/et_pb_column][et_pb_column type=&#8221;1_2&#8243; _builder_version=&#8221;4.9.4&#8243; _module_preset=&#8221;default&#8221; global_colors_info=&#8221;{}&#8221;][et_pb_text _builder_version=&#8221;4.9.7&#8243; _module_preset=&#8221;default&#8221; custom_padding=&#8221;||83px|||&#8221; global_colors_info=&#8221;{}&#8221;]<\/p>\n<h1 style=\"text-align: center;\">\u015awi\u0119te Niemcy<\/h1>\n<p>[\/et_pb_text][\/et_pb_column][et_pb_column type=&#8221;1_4&#8243; _builder_version=&#8221;4.9.4&#8243; _module_preset=&#8221;default&#8221; global_colors_info=&#8221;{}&#8221;][et_pb_image src=&#8221;https:\/\/varia.swieteniemcy.pl\/wp-content\/uploads\/2021\/05\/Swiete-Niemcy-Godlo-w-herbie-biale.png&#8221; title_text=&#8221;Swiete Niemcy &#8211; Godlo w herbie &#8211; biale&#8221; _builder_version=&#8221;4.9.4&#8243; _module_preset=&#8221;default&#8221; width=&#8221;69.2%&#8221; global_colors_info=&#8221;{}&#8221;][\/et_pb_image][\/et_pb_column][\/et_pb_row][et_pb_row column_structure=&#8221;1_4,1_2,1_4&#8243; _builder_version=&#8221;4.9.4&#8243; _module_preset=&#8221;default&#8221; global_colors_info=&#8221;{}&#8221;][et_pb_column type=&#8221;1_4&#8243; _builder_version=&#8221;4.9.4&#8243; _module_preset=&#8221;default&#8221; global_colors_info=&#8221;{}&#8221;][et_pb_image src=&#8221;https:\/\/varia.swieteniemcy.pl\/wp-content\/uploads\/2021\/11\/Polecamy_1.jpg&#8221; alt=&#8221;Komentarz&#8221; title_text=&#8221;Polecamy_1&#8243; _builder_version=&#8221;4.13.1&#8243; _module_preset=&#8221;default&#8221; width=&#8221;55.1%&#8221; global_colors_info=&#8221;{}&#8221;][\/et_pb_image][\/et_pb_column][et_pb_column type=&#8221;1_2&#8243; _builder_version=&#8221;4.9.4&#8243; _module_preset=&#8221;default&#8221; global_colors_info=&#8221;{}&#8221;][et_pb_text _builder_version=&#8221;4.13.1&#8243; _module_preset=&#8221;default&#8221; background_color=&#8221;rgba(0,0,0,0.05)&#8221; global_colors_info=&#8221;{}&#8221;]<\/p>\n<h1 style=\"box-sizing: border-box; margin: 0px; padding: 0px 0px 10px; border: 0px; outline: 0px; font-size: 26px; text-size-adjust: 100%; vertical-align: baseline; background: #ffffff; color: #333333; line-height: 1em; font-weight: bold; font-family: 'Open Sans', Arial, sans-serif; font-style: normal; font-variant-ligatures: normal; font-variant-caps: normal; letter-spacing: normal; orphans: 2; text-indent: 0px; text-transform: none; white-space: normal; widows: 2; word-spacing: 0px; -webkit-text-stroke-width: 0px; text-decoration-thickness: initial; text-decoration-style: initial; text-decoration-color: initial; text-align: center;\">Polecenia<\/h1>\n<p style=\"box-sizing: border-box; margin: 0px; padding: 0px 0px 1em; border: 0px; outline: 0px; font-size: 14px; text-size-adjust: 100%; vertical-align: baseline; background: #ffffff; color: #666666; font-family: 'Open Sans', Arial, sans-serif; font-style: normal; font-variant-ligatures: normal; font-variant-caps: normal; font-weight: 600; letter-spacing: normal; orphans: 2; text-indent: 0px; text-transform: none; white-space: normal; widows: 2; word-spacing: 0px; -webkit-text-stroke-width: 0px; text-decoration-thickness: initial; text-decoration-style: initial; text-decoration-color: initial; text-align: center;\">My ich, a oni nas.<\/p>\n<p style=\"box-sizing: border-box; margin: 0px; padding: 0px; border: 0px; outline: 0px; font-size: 14px; text-size-adjust: 100%; vertical-align: baseline; background: #ffffff; color: #666666; font-family: 'Open Sans', Arial, sans-serif; font-style: normal; font-variant-ligatures: normal; font-variant-caps: normal; font-weight: 600; letter-spacing: normal; orphans: 2; text-indent: 0px; text-transform: none; white-space: normal; widows: 2; word-spacing: 0px; -webkit-text-stroke-width: 0px; text-decoration-thickness: initial; text-decoration-style: initial; text-decoration-color: initial; text-align: center;\">Zapraszamy!<\/p>\n<p>[\/et_pb_text][\/et_pb_column][et_pb_column type=&#8221;1_4&#8243; _builder_version=&#8221;4.9.4&#8243; _module_preset=&#8221;default&#8221; global_colors_info=&#8221;{}&#8221;][et_pb_image src=&#8221;https:\/\/varia.swieteniemcy.pl\/wp-content\/uploads\/2021\/11\/Polecamy_1.jpg&#8221; alt=&#8221;Komentarz&#8221; title_text=&#8221;Polecamy_1&#8243; _builder_version=&#8221;4.13.1&#8243; _module_preset=&#8221;default&#8221; width=&#8221;55.1%&#8221; module_alignment=&#8221;right&#8221; global_colors_info=&#8221;{}&#8221;][\/et_pb_image][\/et_pb_column][\/et_pb_row][et_pb_row _builder_version=&#8221;4.9.4&#8243; _module_preset=&#8221;default&#8221; global_colors_info=&#8221;{}&#8221;][et_pb_column type=&#8221;4_4&#8243; _builder_version=&#8221;4.9.4&#8243; _module_preset=&#8221;default&#8221; global_colors_info=&#8221;{}&#8221;][et_pb_divider divider_style=&#8221;double&#8221; divider_position=&#8221;center&#8221; divider_weight=&#8221;10px&#8221; _builder_version=&#8221;4.13.1&#8243; _module_preset=&#8221;default&#8221; global_colors_info=&#8221;{}&#8221;][\/et_pb_divider][\/et_pb_column][\/et_pb_row][\/et_pb_section][et_pb_section fb_built=&#8221;1&#8243; admin_label=&#8221;Postacie lista&#8221; _builder_version=&#8221;4.9.4&#8243; _module_preset=&#8221;default&#8221; global_colors_info=&#8221;{}&#8221;][et_pb_row _builder_version=&#8221;4.9.10&#8243; _module_preset=&#8221;default&#8221; use_background_color_gradient=&#8221;on&#8221; background_color_gradient_start=&#8221;rgba(255,255,255,0.9)&#8221; background_color_gradient_end=&#8221;rgba(0,0,0,0)&#8221; background_color_gradient_type=&#8221;radial&#8221; background_color_gradient_start_position=&#8221;75%&#8221; background_color_gradient_end_position=&#8221;93%&#8221; global_colors_info=&#8221;{}&#8221;][et_pb_column type=&#8221;4_4&#8243; _builder_version=&#8221;4.9.10&#8243; _module_preset=&#8221;default&#8221; global_colors_info=&#8221;{}&#8221;][et_pb_divider divider_style=&#8221;double&#8221; divider_position=&#8221;center&#8221; divider_weight=&#8221;8px&#8221; _builder_version=&#8221;4.9.10&#8243; _module_preset=&#8221;default&#8221; module_alignment=&#8221;center&#8221; custom_margin=&#8221;|0px|7px|0px|false|false&#8221; custom_padding=&#8221;|150px||150px|false|true&#8221; global_colors_info=&#8221;{}&#8221;][\/et_pb_divider][\/et_pb_column][\/et_pb_row][et_pb_row column_structure=&#8221;2_5,3_5&#8243; admin_label=&#8221;Wiersz&#8221; _builder_version=&#8221;4.13.1&#8243; _module_preset=&#8221;default&#8221; use_background_color_gradient=&#8221;on&#8221; background_color_gradient_start=&#8221;rgba(255,255,255,0.9)&#8221; background_color_gradient_end=&#8221;rgba(0,0,0,0)&#8221; background_color_gradient_type=&#8221;radial&#8221; background_color_gradient_start_position=&#8221;80%&#8221; background_color_gradient_end_position=&#8221;95%&#8221; link_option_url=&#8221;https:\/\/wydawnictwopoligraf.pl\/&#8221; link_option_url_new_window=&#8221;on&#8221; global_colors_info=&#8221;{}&#8221;][et_pb_column type=&#8221;2_5&#8243; _builder_version=&#8221;4.9.4&#8243; _module_preset=&#8221;default&#8221; global_colors_info=&#8221;{}&#8221;][et_pb_image src=&#8221;https:\/\/varia.swieteniemcy.pl\/wp-content\/uploads\/2021\/11\/Poligraf_logo.png&#8221; title_text=&#8221;Poligraf_logo&#8221; align=&#8221;center&#8221; _builder_version=&#8221;4.13.1&#8243; _module_preset=&#8221;default&#8221; width=&#8221;60.4%&#8221; module_alignment=&#8221;center&#8221; custom_margin=&#8221;|||0px|false|false&#8221; custom_padding=&#8221;|||25px|false|false&#8221; border_radii=&#8221;on|20px|20px|20px|20px&#8221; box_shadow_style=&#8221;preset2&#8243; global_colors_info=&#8221;{}&#8221;][\/et_pb_image][\/et_pb_column][et_pb_column type=&#8221;3_5&#8243; _builder_version=&#8221;4.9.4&#8243; _module_preset=&#8221;default&#8221; global_colors_info=&#8221;{}&#8221;][et_pb_text _builder_version=&#8221;4.13.1&#8243; _module_preset=&#8221;default&#8221; custom_padding=&#8221;|25px|||false|false&#8221; global_colors_info=&#8221;{}&#8221;]<\/p>\n<p><strong><\/strong><strong>Poligraf<br \/><\/strong><\/p>\n<p>Wydawnictowo publikuj\u0105ce ksi\u0105\u017cki w systemie Fortunet. Bardzo profesjonalna obs\u0142uga, a jednocze\u015bnie potrafi\u0105ca obrazowo wyja\u015bni\u0107 kolejne zawi\u0142o\u015bci procesu wydawniczego. Redakcja i korekta na poziomie zgodnym z reklamami (co nie zawsze jest to\u017csame z rzeczywisto\u015bci\u0105). Potrafi\u0105 zaspokoi\u0107 wiele niestandardowych potrzeb pocz\u0105tkuj\u0105cych autor\u00f3w. Bardzo elastyczni, s\u0105 w stanie dostosowa\u0107 si\u0119 do potkni\u0119\u0107 tw\u00f3rcy &#8211; zw\u0142aszcza je\u015bli chodzi o czas, natomiast sami utrzymuj\u0105 tempo, nie zwalniaj\u0105.<\/p>\n<p>https:\/\/wydawnictwopoligraf.pl\/<\/p>\n<p>Reasumuj\u0105c &#8211; je\u015bli chcesz wyda\u0107 ksi\u0105\u017ck\u0119, wydaj z Poligrafem!<\/p>\n<p>[\/et_pb_text][\/et_pb_column][\/et_pb_row][et_pb_row _builder_version=&#8221;4.9.10&#8243; _module_preset=&#8221;default&#8221; use_background_color_gradient=&#8221;on&#8221; background_color_gradient_start=&#8221;rgba(255,255,255,0.9)&#8221; background_color_gradient_end=&#8221;rgba(0,0,0,0)&#8221; background_color_gradient_type=&#8221;radial&#8221; background_color_gradient_start_position=&#8221;75%&#8221; background_color_gradient_end_position=&#8221;93%&#8221; global_colors_info=&#8221;{}&#8221;][et_pb_column type=&#8221;4_4&#8243; _builder_version=&#8221;4.9.10&#8243; _module_preset=&#8221;default&#8221; global_colors_info=&#8221;{}&#8221;][et_pb_divider divider_style=&#8221;double&#8221; divider_position=&#8221;center&#8221; divider_weight=&#8221;8px&#8221; _builder_version=&#8221;4.9.10&#8243; _module_preset=&#8221;default&#8221; module_alignment=&#8221;center&#8221; custom_margin=&#8221;|0px|7px|0px|false|false&#8221; custom_padding=&#8221;|150px||150px|false|true&#8221; global_colors_info=&#8221;{}&#8221;][\/et_pb_divider][\/et_pb_column][\/et_pb_row][et_pb_row column_structure=&#8221;2_5,3_5&#8243; admin_label=&#8221;Wiersz&#8221; _builder_version=&#8221;4.13.1&#8243; _module_preset=&#8221;default&#8221; use_background_color_gradient=&#8221;on&#8221; background_color_gradient_start=&#8221;rgba(255,255,255,0.9)&#8221; background_color_gradient_end=&#8221;rgba(0,0,0,0)&#8221; background_color_gradient_type=&#8221;radial&#8221; background_color_gradient_start_position=&#8221;80%&#8221; background_color_gradient_end_position=&#8221;95%&#8221; link_option_url=&#8221;https:\/\/tlumaczymy.org\/&#8221; link_option_url_new_window=&#8221;on&#8221; global_colors_info=&#8221;{}&#8221;][et_pb_column type=&#8221;2_5&#8243; _builder_version=&#8221;4.9.4&#8243; _module_preset=&#8221;default&#8221; global_colors_info=&#8221;{}&#8221;][et_pb_image src=&#8221;https:\/\/varia.swieteniemcy.pl\/wp-content\/uploads\/2021\/11\/ILS-logo.png&#8221; title_text=&#8221;ILS logo&#8221; align=&#8221;center&#8221; _builder_version=&#8221;4.13.1&#8243; _module_preset=&#8221;default&#8221; width=&#8221;60.4%&#8221; module_alignment=&#8221;center&#8221; custom_margin=&#8221;|||0px|false|false&#8221; custom_padding=&#8221;|||25px|false|false&#8221; border_radii=&#8221;on|20px|20px|20px|20px&#8221; box_shadow_style=&#8221;preset2&#8243; global_colors_info=&#8221;{}&#8221;][\/et_pb_image][\/et_pb_column][et_pb_column type=&#8221;3_5&#8243; _builder_version=&#8221;4.9.4&#8243; _module_preset=&#8221;default&#8221; global_colors_info=&#8221;{}&#8221;][et_pb_text _builder_version=&#8221;4.13.1&#8243; _module_preset=&#8221;default&#8221; custom_padding=&#8221;|25px|||false|false&#8221; global_colors_info=&#8221;{}&#8221;]<\/p>\n<p><strong>ILS Biuro T\u0142umacze\u0144<\/strong><strong><br \/><\/strong><\/p>\n<p>Niezwykle profesjonalne t\u0142umaczenia. Wnie\u015bli istotny wk\u0142ad w aspekcie poprawno\u015bci zwrot\u00f3w obcoj\u0119zycznych u\u017cywanych w ksi\u0105\u017cce. Komunikatywni i elastyczni. Mimo, jak sami okre\u015blili, atypowo\u015bci przedsi\u0119wzi\u0119cia dobrze wywi\u0105zali si\u0119 z powierzonych im zada\u0144.<\/p>\n<p>https:\/\/tlumaczymy.org\/<\/p>\n<p>Polecamy!<\/p>\n<p>[\/et_pb_text][\/et_pb_column][\/et_pb_row][et_pb_row _builder_version=&#8221;4.9.10&#8243; _module_preset=&#8221;default&#8221; use_background_color_gradient=&#8221;on&#8221; background_color_gradient_start=&#8221;rgba(255,255,255,0.9)&#8221; background_color_gradient_end=&#8221;rgba(0,0,0,0)&#8221; background_color_gradient_type=&#8221;radial&#8221; background_color_gradient_start_position=&#8221;75%&#8221; background_color_gradient_end_position=&#8221;93%&#8221; global_colors_info=&#8221;{}&#8221;][et_pb_column type=&#8221;4_4&#8243; _builder_version=&#8221;4.9.10&#8243; _module_preset=&#8221;default&#8221; global_colors_info=&#8221;{}&#8221;][et_pb_divider divider_style=&#8221;double&#8221; divider_position=&#8221;center&#8221; divider_weight=&#8221;8px&#8221; _builder_version=&#8221;4.9.10&#8243; _module_preset=&#8221;default&#8221; module_alignment=&#8221;center&#8221; custom_margin=&#8221;|0px|7px|0px|false|false&#8221; custom_padding=&#8221;|150px||150px|false|true&#8221; global_colors_info=&#8221;{}&#8221;][\/et_pb_divider][\/et_pb_column][\/et_pb_row][et_pb_row column_structure=&#8221;2_5,3_5&#8243; admin_label=&#8221;Wiersz&#8221; _builder_version=&#8221;4.13.1&#8243; _module_preset=&#8221;default&#8221; use_background_color_gradient=&#8221;on&#8221; background_color_gradient_start=&#8221;rgba(255,255,255,0.9)&#8221; background_color_gradient_end=&#8221;rgba(0,0,0,0)&#8221; background_color_gradient_type=&#8221;radial&#8221; background_color_gradient_start_position=&#8221;80%&#8221; background_color_gradient_end_position=&#8221;95%&#8221; link_option_url=&#8221;https:\/\/tlumaczymy.org\/&#8221; link_option_url_new_window=&#8221;on&#8221; global_colors_info=&#8221;{}&#8221;][et_pb_column type=&#8221;2_5&#8243; _builder_version=&#8221;4.13.1&#8243; _module_preset=&#8221;default&#8221; link_option_url=&#8221;https:\/\/agatojednakwypada.pl\/category\/o-zyciu\/&#8221; link_option_url_new_window=&#8221;on&#8221; global_colors_info=&#8221;{}&#8221;][et_pb_image src=&#8221;https:\/\/varia.swieteniemcy.pl\/wp-content\/uploads\/2021\/11\/AGA-TO-JEDNAK-WYPADA-logo.jpg&#8221; title_text=&#8221;AGA-TO-JEDNAK-WYPADA &#8211; logo&#8221; align=&#8221;center&#8221; _builder_version=&#8221;4.13.1&#8243; _module_preset=&#8221;default&#8221; width=&#8221;60.4%&#8221; module_alignment=&#8221;center&#8221; custom_margin=&#8221;|||0px|false|false&#8221; custom_padding=&#8221;|||25px|false|false&#8221; border_radii=&#8221;on|20px|20px|20px|20px&#8221; box_shadow_style=&#8221;preset2&#8243; global_colors_info=&#8221;{}&#8221;][\/et_pb_image][\/et_pb_column][et_pb_column type=&#8221;3_5&#8243; admin_label=&#8221;Aga to nie wypada&#8221; _builder_version=&#8221;4.13.1&#8243; _module_preset=&#8221;default&#8221; link_option_url=&#8221;https:\/\/agatojednakwypada.pl\/category\/o-zyciu\/&#8221; link_option_url_new_window=&#8221;on&#8221; global_colors_info=&#8221;{}&#8221;][et_pb_text _builder_version=&#8221;4.13.1&#8243; _module_preset=&#8221;default&#8221; custom_padding=&#8221;|25px|||false|false&#8221; global_colors_info=&#8221;{}&#8221;]<\/p>\n<p><strong>Aga to jednak wypada<\/strong><strong><br \/><\/strong><\/p>\n<p>Blog niezwyk\u0142ej osoby, kt\u00f3ra walczy &#8211; i odnosi sukcesy &#8211; mimo przeciwno\u015bci losu. Nie tylko dla siebie. Cho\u0107, poznaj\u0105c j\u0105 troch\u0119 &#8211; w tym przez wydane e-booki, mo\u017cna by odnie\u015b\u0107 wra\u017cenie, \u017ce powinna bi\u0107 si\u0119 tylko o swoje, Agnieszka stara si\u0119 dawa\u0107 nadzieje innym&#8230;<\/p>\n<p>Swoj\u0105 drog\u0105, je\u015bli chcesz wiedzie\u0107, jak mimo \u017cycia w pa\u0144stwie europejskim XX\/XXI wieku, po\u0142o\u017cenie, bez udzia\u0142u Twojej winy, mo\u017ce by\u0107 skrajnie niekorzystne &#8211; poczytaj jej wpisy. To nie science-fiction, a rzeczywisto\u015b\u0107. A jednak, na przek\u00f3r wszystkiemu&#8230;\u00a0<\/p>\n<p>https:\/\/agatojednakwypada.pl\/category\/o-zyciu\/<\/p>\n<p>Polecamy!<\/p>\n<p>[\/et_pb_text][\/et_pb_column][\/et_pb_row][et_pb_row _builder_version=&#8221;4.9.10&#8243; _module_preset=&#8221;default&#8221; use_background_color_gradient=&#8221;on&#8221; background_color_gradient_start=&#8221;rgba(255,255,255,0.9)&#8221; background_color_gradient_end=&#8221;rgba(0,0,0,0)&#8221; background_color_gradient_type=&#8221;radial&#8221; background_color_gradient_start_position=&#8221;75%&#8221; background_color_gradient_end_position=&#8221;93%&#8221; global_colors_info=&#8221;{}&#8221;][et_pb_column type=&#8221;4_4&#8243; _builder_version=&#8221;4.9.10&#8243; _module_preset=&#8221;default&#8221; global_colors_info=&#8221;{}&#8221;][et_pb_divider divider_style=&#8221;double&#8221; divider_position=&#8221;center&#8221; divider_weight=&#8221;8px&#8221; _builder_version=&#8221;4.9.10&#8243; _module_preset=&#8221;default&#8221; module_alignment=&#8221;center&#8221; custom_margin=&#8221;|0px|7px|0px|false|false&#8221; custom_padding=&#8221;|150px||150px|false|true&#8221; global_colors_info=&#8221;{}&#8221;][\/et_pb_divider][\/et_pb_column][\/et_pb_row][et_pb_row column_structure=&#8221;2_5,3_5&#8243; admin_label=&#8221;Wiersz&#8221; _builder_version=&#8221;4.9.10&#8243; _module_preset=&#8221;default&#8221; use_background_color_gradient=&#8221;on&#8221; background_color_gradient_start=&#8221;rgba(255,255,255,0.9)&#8221; background_color_gradient_end=&#8221;rgba(0,0,0,0)&#8221; background_color_gradient_type=&#8221;radial&#8221; background_color_gradient_start_position=&#8221;80%&#8221; background_color_gradient_end_position=&#8221;95%&#8221; global_colors_info=&#8221;{}&#8221;][et_pb_column type=&#8221;2_5&#8243; _builder_version=&#8221;4.9.4&#8243; _module_preset=&#8221;default&#8221; global_colors_info=&#8221;{}&#8221;][et_pb_image src=&#8221;https:\/\/varia.swieteniemcy.pl\/wp-content\/uploads\/2021\/07\/Autorzy-cut.jpg&#8221; title_text=&#8221;Autorzy cut&#8221; align=&#8221;center&#8221; _builder_version=&#8221;4.9.11&#8243; _module_preset=&#8221;default&#8221; width=&#8221;60.4%&#8221; module_alignment=&#8221;center&#8221; custom_margin=&#8221;|||0px|false|false&#8221; custom_padding=&#8221;|||25px|false|false&#8221; border_radii=&#8221;on|20px|20px|20px|20px&#8221; box_shadow_style=&#8221;preset2&#8243; global_colors_info=&#8221;{}&#8221;][\/et_pb_image][\/et_pb_column][et_pb_column type=&#8221;3_5&#8243; _builder_version=&#8221;4.9.4&#8243; _module_preset=&#8221;default&#8221; global_colors_info=&#8221;{}&#8221;][et_pb_text _builder_version=&#8221;4.13.1&#8243; _module_preset=&#8221;default&#8221; custom_padding=&#8221;|25px|||false|false&#8221; global_colors_info=&#8221;{}&#8221;]<\/p>\n<p><strong>&#8230; i wiele wiele innych<\/strong><strong><br \/><\/strong><\/p>\n<p>&nbsp;<\/p>\n<p>Wszystko zale\u017cy od Waszego zainteresowania i zaanga\u017cowania.<\/p>\n<p>&nbsp;<\/p>\n<p>[\/et_pb_text][\/et_pb_column][\/et_pb_row][et_pb_row _builder_version=&#8221;4.9.10&#8243; _module_preset=&#8221;default&#8221; use_background_color_gradient=&#8221;on&#8221; background_color_gradient_start=&#8221;rgba(255,255,255,0.9)&#8221; background_color_gradient_end=&#8221;rgba(0,0,0,0)&#8221; background_color_gradient_type=&#8221;radial&#8221; background_color_gradient_start_position=&#8221;75%&#8221; background_color_gradient_end_position=&#8221;93%&#8221; global_colors_info=&#8221;{}&#8221;][et_pb_column type=&#8221;4_4&#8243; _builder_version=&#8221;4.9.10&#8243; _module_preset=&#8221;default&#8221; global_colors_info=&#8221;{}&#8221;][et_pb_divider divider_style=&#8221;double&#8221; divider_position=&#8221;center&#8221; divider_weight=&#8221;8px&#8221; _builder_version=&#8221;4.9.10&#8243; _module_preset=&#8221;default&#8221; module_alignment=&#8221;center&#8221; custom_margin=&#8221;|0px|7px|0px|false|false&#8221; custom_padding=&#8221;|150px||150px|false|true&#8221; global_colors_info=&#8221;{}&#8221;][\/et_pb_divider][\/et_pb_column][\/et_pb_row][\/et_pb_section]<\/p>\n","protected":false},"excerpt":{"rendered":"<p>\u015awi\u0119te NiemcyPolecenia My ich, a oni nas. Zapraszamy!Poligraf Wydawnictowo publikuj\u0105ce ksi\u0105\u017cki w systemie Fortunet. Bardzo profesjonalna obs\u0142uga, a jednocze\u015bnie potrafi\u0105ca obrazowo wyja\u015bni\u0107 kolejne zawi\u0142o\u015bci procesu wydawniczego. Redakcja i korekta na poziomie zgodnym z reklamami (co nie zawsze jest to\u017csame z rzeczywisto\u015bci\u0105). Potrafi\u0105 zaspokoi\u0107 wiele niestandardowych potrzeb pocz\u0105tkuj\u0105cych autor\u00f3w. Bardzo elastyczni, s\u0105 w stanie dostosowa\u0107 si\u0119 [&hellip;]<\/p>\n","protected":false},"author":2,"featured_media":0,"parent":0,"menu_order":0,"comment_status":"closed","ping_status":"closed","template":"","meta":{"_et_pb_use_builder":"on","_et_pb_old_content":"","_et_gb_content_width":"","footnotes":""},"class_list":["post-1052","page","type-page","status-publish","hentry"],"yoast_head":"<!-- This site is optimized with the Yoast SEO plugin v27.4 - https:\/\/yoast.com\/product\/yoast-seo-wordpress\/ -->\n<title>Polecenia - \u015awi\u0119te Niemcy<\/title>\n<meta name=\"robots\" content=\"index, follow, max-snippet:-1, max-image-preview:large, max-video-preview:-1\" \/>\n<link rel=\"canonical\" href=\"https:\/\/varia.swieteniemcy.pl\/index.php\/polecenia\/\" \/>\n<meta property=\"og:locale\" content=\"pl_PL\" \/>\n<meta property=\"og:type\" content=\"article\" \/>\n<meta property=\"og:title\" content=\"Polecenia - \u015awi\u0119te Niemcy\" \/>\n<meta property=\"og:description\" content=\"\u015awi\u0119te NiemcyPolecenia My ich, a oni nas. Zapraszamy!Poligraf Wydawnictowo publikuj\u0105ce ksi\u0105\u017cki w systemie Fortunet. Bardzo profesjonalna obs\u0142uga, a jednocze\u015bnie potrafi\u0105ca obrazowo wyja\u015bni\u0107 kolejne zawi\u0142o\u015bci procesu wydawniczego. Redakcja i korekta na poziomie zgodnym z reklamami (co nie zawsze jest to\u017csame z rzeczywisto\u015bci\u0105). Potrafi\u0105 zaspokoi\u0107 wiele niestandardowych potrzeb pocz\u0105tkuj\u0105cych autor\u00f3w. Bardzo elastyczni, s\u0105 w stanie dostosowa\u0107 si\u0119 [&hellip;]\" \/>\n<meta property=\"og:url\" content=\"https:\/\/varia.swieteniemcy.pl\/index.php\/polecenia\/\" \/>\n<meta property=\"og:site_name\" content=\"\u015awi\u0119te Niemcy\" \/>\n<meta property=\"article:modified_time\" content=\"2021-11-22T01:39:48+00:00\" \/>\n<meta name=\"twitter:card\" content=\"summary_large_image\" \/>\n<meta name=\"twitter:label1\" content=\"Szacowany czas czytania\" \/>\n\t<meta name=\"twitter:data1\" content=\"3 minuty\" \/>\n<script type=\"application\/ld+json\" class=\"yoast-schema-graph\">{\"@context\":\"https:\\\/\\\/schema.org\",\"@graph\":[{\"@type\":\"WebPage\",\"@id\":\"https:\\\/\\\/varia.swieteniemcy.pl\\\/index.php\\\/polecenia\\\/\",\"url\":\"https:\\\/\\\/varia.swieteniemcy.pl\\\/index.php\\\/polecenia\\\/\",\"name\":\"Polecenia - \u015awi\u0119te Niemcy\",\"isPartOf\":{\"@id\":\"https:\\\/\\\/varia.swieteniemcy.pl\\\/#website\"},\"datePublished\":\"2021-11-13T17:52:16+00:00\",\"dateModified\":\"2021-11-22T01:39:48+00:00\",\"breadcrumb\":{\"@id\":\"https:\\\/\\\/varia.swieteniemcy.pl\\\/index.php\\\/polecenia\\\/#breadcrumb\"},\"inLanguage\":\"pl-PL\",\"potentialAction\":[{\"@type\":\"ReadAction\",\"target\":[\"https:\\\/\\\/varia.swieteniemcy.pl\\\/index.php\\\/polecenia\\\/\"]}]},{\"@type\":\"BreadcrumbList\",\"@id\":\"https:\\\/\\\/varia.swieteniemcy.pl\\\/index.php\\\/polecenia\\\/#breadcrumb\",\"itemListElement\":[{\"@type\":\"ListItem\",\"position\":1,\"name\":\"Strona g\u0142\u00f3wna\",\"item\":\"https:\\\/\\\/varia.swieteniemcy.pl\\\/\"},{\"@type\":\"ListItem\",\"position\":2,\"name\":\"Polecenia\"}]},{\"@type\":\"WebSite\",\"@id\":\"https:\\\/\\\/varia.swieteniemcy.pl\\\/#website\",\"url\":\"https:\\\/\\\/varia.swieteniemcy.pl\\\/\",\"name\":\"\u015awi\u0119te Niemcy\",\"description\":\"\u015awi\u0119te Niemcy - powie\u015b\u0107 o IV Rzeszy, kt\u00f3rej terytoria zajmuj\u0105 tak\u017ce obszar dawnej Polski, obecnie zwanej Lechistanem\",\"potentialAction\":[{\"@type\":\"SearchAction\",\"target\":{\"@type\":\"EntryPoint\",\"urlTemplate\":\"https:\\\/\\\/varia.swieteniemcy.pl\\\/?s={search_term_string}\"},\"query-input\":{\"@type\":\"PropertyValueSpecification\",\"valueRequired\":true,\"valueName\":\"search_term_string\"}}],\"inLanguage\":\"pl-PL\"}]}<\/script>\n<!-- \/ Yoast SEO plugin. -->","yoast_head_json":{"title":"Polecenia - \u015awi\u0119te Niemcy","robots":{"index":"index","follow":"follow","max-snippet":"max-snippet:-1","max-image-preview":"max-image-preview:large","max-video-preview":"max-video-preview:-1"},"canonical":"https:\/\/varia.swieteniemcy.pl\/index.php\/polecenia\/","og_locale":"pl_PL","og_type":"article","og_title":"Polecenia - \u015awi\u0119te Niemcy","og_description":"\u015awi\u0119te NiemcyPolecenia My ich, a oni nas. Zapraszamy!Poligraf Wydawnictowo publikuj\u0105ce ksi\u0105\u017cki w systemie Fortunet. Bardzo profesjonalna obs\u0142uga, a jednocze\u015bnie potrafi\u0105ca obrazowo wyja\u015bni\u0107 kolejne zawi\u0142o\u015bci procesu wydawniczego. Redakcja i korekta na poziomie zgodnym z reklamami (co nie zawsze jest to\u017csame z rzeczywisto\u015bci\u0105). Potrafi\u0105 zaspokoi\u0107 wiele niestandardowych potrzeb pocz\u0105tkuj\u0105cych autor\u00f3w. Bardzo elastyczni, s\u0105 w stanie dostosowa\u0107 si\u0119 [&hellip;]","og_url":"https:\/\/varia.swieteniemcy.pl\/index.php\/polecenia\/","og_site_name":"\u015awi\u0119te Niemcy","article_modified_time":"2021-11-22T01:39:48+00:00","twitter_card":"summary_large_image","twitter_misc":{"Szacowany czas czytania":"3 minuty"},"schema":{"@context":"https:\/\/schema.org","@graph":[{"@type":"WebPage","@id":"https:\/\/varia.swieteniemcy.pl\/index.php\/polecenia\/","url":"https:\/\/varia.swieteniemcy.pl\/index.php\/polecenia\/","name":"Polecenia - \u015awi\u0119te Niemcy","isPartOf":{"@id":"https:\/\/varia.swieteniemcy.pl\/#website"},"datePublished":"2021-11-13T17:52:16+00:00","dateModified":"2021-11-22T01:39:48+00:00","breadcrumb":{"@id":"https:\/\/varia.swieteniemcy.pl\/index.php\/polecenia\/#breadcrumb"},"inLanguage":"pl-PL","potentialAction":[{"@type":"ReadAction","target":["https:\/\/varia.swieteniemcy.pl\/index.php\/polecenia\/"]}]},{"@type":"BreadcrumbList","@id":"https:\/\/varia.swieteniemcy.pl\/index.php\/polecenia\/#breadcrumb","itemListElement":[{"@type":"ListItem","position":1,"name":"Strona g\u0142\u00f3wna","item":"https:\/\/varia.swieteniemcy.pl\/"},{"@type":"ListItem","position":2,"name":"Polecenia"}]},{"@type":"WebSite","@id":"https:\/\/varia.swieteniemcy.pl\/#website","url":"https:\/\/varia.swieteniemcy.pl\/","name":"\u015awi\u0119te Niemcy","description":"\u015awi\u0119te Niemcy - powie\u015b\u0107 o IV Rzeszy, kt\u00f3rej terytoria zajmuj\u0105 tak\u017ce obszar dawnej Polski, obecnie zwanej Lechistanem","potentialAction":[{"@type":"SearchAction","target":{"@type":"EntryPoint","urlTemplate":"https:\/\/varia.swieteniemcy.pl\/?s={search_term_string}"},"query-input":{"@type":"PropertyValueSpecification","valueRequired":true,"valueName":"search_term_string"}}],"inLanguage":"pl-PL"}]}},"_links":{"self":[{"href":"https:\/\/varia.swieteniemcy.pl\/index.php\/wp-json\/wp\/v2\/pages\/1052","targetHints":{"allow":["GET"]}}],"collection":[{"href":"https:\/\/varia.swieteniemcy.pl\/index.php\/wp-json\/wp\/v2\/pages"}],"about":[{"href":"https:\/\/varia.swieteniemcy.pl\/index.php\/wp-json\/wp\/v2\/types\/page"}],"author":[{"embeddable":true,"href":"https:\/\/varia.swieteniemcy.pl\/index.php\/wp-json\/wp\/v2\/users\/2"}],"replies":[{"embeddable":true,"href":"https:\/\/varia.swieteniemcy.pl\/index.php\/wp-json\/wp\/v2\/comments?post=1052"}],"version-history":[{"count":13,"href":"https:\/\/varia.swieteniemcy.pl\/index.php\/wp-json\/wp\/v2\/pages\/1052\/revisions"}],"predecessor-version":[{"id":1260,"href":"https:\/\/varia.swieteniemcy.pl\/index.php\/wp-json\/wp\/v2\/pages\/1052\/revisions\/1260"}],"wp:attachment":[{"href":"https:\/\/varia.swieteniemcy.pl\/index.php\/wp-json\/wp\/v2\/media?parent=1052"}],"curies":[{"name":"wp","href":"https:\/\/api.w.org\/{rel}","templated":true}]}}