{"version":"1.0","provider_name":"\u015awi\u0119te Niemcy","provider_url":"https:\/\/varia.swieteniemcy.pl","title":"Fragment rozdzia\u0142u 33 - \"Powiew historii\" - \u015awi\u0119te Niemcy","type":"rich","width":600,"height":338,"html":"<blockquote class=\"wp-embedded-content\" data-secret=\"e2YCcx0ZL1\"><a href=\"https:\/\/varia.swieteniemcy.pl\/index.php\/2021\/05\/08\/fragment-2\/\">Fragment rozdzia\u0142u 33 &#8211; &#8222;Powiew historii&#8221;<\/a><\/blockquote><iframe sandbox=\"allow-scripts\" security=\"restricted\" src=\"https:\/\/varia.swieteniemcy.pl\/index.php\/2021\/05\/08\/fragment-2\/embed\/#?secret=e2YCcx0ZL1\" width=\"600\" height=\"338\" title=\"&#8222;Fragment rozdzia\u0142u 33 &#8211; &#8222;Powiew historii&#8221;&#8221; &#8212; \u015awi\u0119te Niemcy\" data-secret=\"e2YCcx0ZL1\" frameborder=\"0\" marginwidth=\"0\" marginheight=\"0\" scrolling=\"no\" class=\"wp-embedded-content\"><\/iframe><script type=\"text\/javascript\">\n\/* <![CDATA[ *\/\n\/*! This file is auto-generated *\/\n!function(d,l){\"use strict\";l.querySelector&&d.addEventListener&&\"undefined\"!=typeof URL&&(d.wp=d.wp||{},d.wp.receiveEmbedMessage||(d.wp.receiveEmbedMessage=function(e){var t=e.data;if((t||t.secret||t.message||t.value)&&!\/[^a-zA-Z0-9]\/.test(t.secret)){for(var s,r,n,a=l.querySelectorAll('iframe[data-secret=\"'+t.secret+'\"]'),o=l.querySelectorAll('blockquote[data-secret=\"'+t.secret+'\"]'),c=new RegExp(\"^https?:$\",\"i\"),i=0;i<o.length;i++)o[i].style.display=\"none\";for(i=0;i<a.length;i++)s=a[i],e.source===s.contentWindow&&(s.removeAttribute(\"style\"),\"height\"===t.message?(1e3<(r=parseInt(t.value,10))?r=1e3:~~r<200&&(r=200),s.height=r):\"link\"===t.message&&(r=new URL(s.getAttribute(\"src\")),n=new URL(t.value),c.test(n.protocol))&&n.host===r.host&&l.activeElement===s&&(d.top.location.href=t.value))}},d.addEventListener(\"message\",d.wp.receiveEmbedMessage,!1),l.addEventListener(\"DOMContentLoaded\",function(){for(var e,t,s=l.querySelectorAll(\"iframe.wp-embedded-content\"),r=0;r<s.length;r++)(t=(e=s[r]).getAttribute(\"data-secret\"))||(t=Math.random().toString(36).substring(2,12),e.src+=\"#?secret=\"+t,e.setAttribute(\"data-secret\",t)),e.contentWindow.postMessage({message:\"ready\",secret:t},\"*\")},!1)))}(window,document);\n\/\/# sourceURL=https:\/\/varia.swieteniemcy.pl\/wp-includes\/js\/wp-embed.min.js\n\/* ]]> *\/\n<\/script>\n","description":"fragment wybrany przez Jot.pe (&#8230;) Adam otworzy\u0142 oczy, zdj\u0105\u0142 os\u0142on\u0119. \u201eWidz\u0119 ciemno\u015b\u0107, ciemno\u015b\u0107 widz\u0119\u201d \u2013 pomy\u015bla\u0142. Mimo zamkni\u0119tych i zas\u0142oni\u0119tych oczu podczas temportacji wpad\u0142o tyle \u015bwiat\u0142a, \u017ce czu\u0142 si\u0119 jakby go o\u015blepi\u0142y reflektory drogowe. Zamkn\u0105\u0142 powieki. Po chwili otworzy\u0142 je ponownie. Nadal widzia\u0142 czarn\u0105 czelu\u015b\u0107. Teraz ju\u017c nie zamyka\u0142 oczu, lecz nadal nic nie widzia\u0142. [&hellip;]"}